{"id":2,"date":"2024-02-29T17:25:31","date_gmt":"2024-02-29T17:25:31","guid":{"rendered":"https:\/\/victoriaulriksen.no\/?page_id=2"},"modified":"2026-04-18T22:15:45","modified_gmt":"2026-04-18T22:15:45","slug":"sample-page","status":"publish","type":"page","link":"https:\/\/victoriaulriksen.no\/?page_id=2","title":{"rendered":"Calendar"},"content":{"rendered":"\n<blockquote class=\"wp-block-quote is-layout-flow wp-block-quote-is-layout-flow\">\n<div class=\"wp-block-group is-vertical is-content-justification-center is-layout-flex wp-container-core-group-is-layout-fa38c63a wp-block-group-is-layout-flex\">\n<h2 class=\"wp-block-heading has-text-align-center is-style-asterisk\">Calendar<\/h2>\n<\/div>\n\n\n\n<p class=\"has-text-align-center\"><em>Press each location for details<\/em><\/p>\n\n\n\n<details class=\"wp-block-details is-layout-flow wp-block-details-is-layout-flow\"><summary>01.05.26 Stadtkirche St. Wenzel (DE); <a href=\"https:\/\/hildebrandt-orgel.de\/jahresprogramm.html\" data-type=\"link\" data-id=\"https:\/\/hildebrandt-orgel.de\/jahresprogramm.html\">Junge Talente 2026<\/a><\/summary>\n<p>12 pm &#8211; Opening recital of the &laquo;<a href=\"https:\/\/hildebrandt-orgel.de\/jahresprogramm.html\" data-type=\"link\" data-id=\"https:\/\/hildebrandt-orgel.de\/jahresprogramm.html\">Junge Talente 2026<\/a>&raquo; Festival on the Hildebrandt Bach Organ (1746)<\/p>\n\n\n\n<figure class=\"wp-block-image\"><img decoding=\"async\" src=\"https:\/\/www.wfmt.com\/wp-content\/uploads\/2019\/04\/2.-NAUMBURG-Stadtkirche-St.-Wenzel-credit-Nathan-Laube-1.jpg\" alt=\"Germany \u2014 Retracing Bach's Footsteps | WFMT\"\/><\/figure>\n\n\n\n<figure class=\"wp-block-image\"><img decoding=\"async\" src=\"https:\/\/img.oastatic.com\/img\/75883766\/.jpg\" alt=\"St. Wenzel City Church with Hildebrandt organ Naumburg - Bach in Thuringia  - Urlaub, Reisen, Tagen\"\/><\/figure>\n<\/details>\n\n\n\n<details class=\"wp-block-details is-layout-flow wp-block-details-is-layout-flow\"><summary>03.05.26 Stadtkirche St. Wenzel (DE); <a href=\"https:\/\/hildebrandt-orgel.de\/jahresprogramm\/mittagskonzert-junge-talente-victoria-ulrikson-leipzig-oslo-2.html\" data-type=\"link\" data-id=\"https:\/\/hildebrandt-orgel.de\/jahresprogramm\/mittagskonzert-junge-talente-victoria-ulrikson-leipzig-oslo-2.html\">Junge Talente 2026<\/a><\/summary>\n<p>12 pm &#8211; Organ recital of the &laquo;<a href=\"https:\/\/hildebrandt-orgel.de\/jahresprogramm\/mittagskonzert-junge-talente-victoria-ulrikson-leipzig-oslo-2.html\" data-type=\"link\" data-id=\"https:\/\/hildebrandt-orgel.de\/jahresprogramm\/mittagskonzert-junge-talente-victoria-ulrikson-leipzig-oslo-2.html\">Junge Talente 2026<\/a>&raquo; Festival on the Hildebrandt Bach Organ (1746)<\/p>\n\n\n\n<figure class=\"wp-block-image\"><img decoding=\"async\" src=\"https:\/\/www.wfmt.com\/wp-content\/uploads\/2019\/04\/2.-NAUMBURG-Stadtkirche-St.-Wenzel-credit-Nathan-Laube-1.jpg\" alt=\"Germany \u2014 Retracing Bach's Footsteps | WFMT\"\/><\/figure>\n\n\n\n<figure class=\"wp-block-image\"><img decoding=\"async\" src=\"https:\/\/img.oastatic.com\/img\/75883766\/.jpg\" alt=\"St. Wenzel City Church with Hildebrandt organ Naumburg - Bach in Thuringia  - Urlaub, Reisen, Tagen\"\/><\/figure>\n<\/details>\n\n\n\n<details class=\"wp-block-details is-layout-flow wp-block-details-is-layout-flow\"><summary>05.06.26 Bergen Cathedral; <a href=\"https:\/\/www.fib.no\/program\/2026\/victoria-ulriksen\" data-type=\"link\" data-id=\"https:\/\/www.fib.no\/program\/2026\/victoria-ulriksen\">Bergen International Festival \/ Festspillene i Bergen<\/a> (NO)<\/summary>\n<p>8 pm &#8211; Organ recital during <a href=\"https:\/\/www.fib.no\/program\/2026\/victoria-ulriksen\" data-type=\"link\" data-id=\"https:\/\/www.fib.no\/program\/2026\/victoria-ulriksen\">Bergen International Festival \/ Festspillene i Bergen<\/a><\/p>\n\n\n\n<figure class=\"wp-block-image size-large\"><img loading=\"lazy\" decoding=\"async\" width=\"1024\" height=\"685\" src=\"https:\/\/victoriaulriksen.no\/wp-content\/uploads\/2025\/11\/standard_compressed_bergen-domkirke_1095-1024x685.jpg\" alt=\"\" class=\"wp-image-994\" srcset=\"https:\/\/victoriaulriksen.no\/wp-content\/uploads\/2025\/11\/standard_compressed_bergen-domkirke_1095-1024x685.jpg 1024w, https:\/\/victoriaulriksen.no\/wp-content\/uploads\/2025\/11\/standard_compressed_bergen-domkirke_1095-300x201.jpg 300w, https:\/\/victoriaulriksen.no\/wp-content\/uploads\/2025\/11\/standard_compressed_bergen-domkirke_1095-768x514.jpg 768w, https:\/\/victoriaulriksen.no\/wp-content\/uploads\/2025\/11\/standard_compressed_bergen-domkirke_1095.jpg 1200w\" sizes=\"auto, (max-width: 1024px) 100vw, 1024px\" \/><\/figure>\n\n\n\n<figure class=\"wp-block-image size-large\"><img loading=\"lazy\" decoding=\"async\" width=\"1024\" height=\"512\" src=\"https:\/\/victoriaulriksen.no\/wp-content\/uploads\/2025\/11\/www.visitbergen-1024x512.jpg\" alt=\"\" class=\"wp-image-995\" srcset=\"https:\/\/victoriaulriksen.no\/wp-content\/uploads\/2025\/11\/www.visitbergen-1024x512.jpg 1024w, https:\/\/victoriaulriksen.no\/wp-content\/uploads\/2025\/11\/www.visitbergen-300x150.jpg 300w, https:\/\/victoriaulriksen.no\/wp-content\/uploads\/2025\/11\/www.visitbergen-768x384.jpg 768w, https:\/\/victoriaulriksen.no\/wp-content\/uploads\/2025\/11\/www.visitbergen-1536x768.jpg 1536w, https:\/\/victoriaulriksen.no\/wp-content\/uploads\/2025\/11\/www.visitbergen.jpg 2000w\" sizes=\"auto, (max-width: 1024px) 100vw, 1024px\" \/><\/figure>\n<\/details>\n\n\n\n<details class=\"wp-block-details is-layout-flow wp-block-details-is-layout-flow\"><summary>17.06.26 Jevnaker Church (NO)<\/summary>\n<p>6 pm &#8211; Opening of the summer recital series<\/p>\n\n\n\n<figure class=\"wp-block-image size-full\"><img loading=\"lazy\" decoding=\"async\" width=\"700\" height=\"467\" src=\"https:\/\/victoriaulriksen.no\/wp-content\/uploads\/2024\/10\/970A25EE42F13C56786B555481CC503D.jpg\" alt=\"\" class=\"wp-image-514\" srcset=\"https:\/\/victoriaulriksen.no\/wp-content\/uploads\/2024\/10\/970A25EE42F13C56786B555481CC503D.jpg 700w, https:\/\/victoriaulriksen.no\/wp-content\/uploads\/2024\/10\/970A25EE42F13C56786B555481CC503D-300x200.jpg 300w\" sizes=\"auto, (max-width: 700px) 100vw, 700px\" \/><\/figure>\n<\/details>\n\n\n\n<details class=\"wp-block-details is-layout-flow wp-block-details-is-layout-flow\"><summary>21.06.26 Abbatiale Saint-Ouen, Rouen (FR)<\/summary>\n<p>5 pm &#8211; Organ recital on the Cavaill\u00e9-Coll (1890)<\/p>\n\n\n\n<figure class=\"wp-block-image size-large\"><img loading=\"lazy\" decoding=\"async\" width=\"624\" height=\"1024\" src=\"https:\/\/victoriaulriksen.no\/wp-content\/uploads\/2025\/09\/DSC_2219-624x1024.webp\" alt=\"\" class=\"wp-image-927\" srcset=\"https:\/\/victoriaulriksen.no\/wp-content\/uploads\/2025\/09\/DSC_2219-624x1024.webp 624w, https:\/\/victoriaulriksen.no\/wp-content\/uploads\/2025\/09\/DSC_2219-183x300.webp 183w, https:\/\/victoriaulriksen.no\/wp-content\/uploads\/2025\/09\/DSC_2219-768x1260.webp 768w, https:\/\/victoriaulriksen.no\/wp-content\/uploads\/2025\/09\/DSC_2219-936x1536.webp 936w, https:\/\/victoriaulriksen.no\/wp-content\/uploads\/2025\/09\/DSC_2219-1249x2048.webp 1249w, https:\/\/victoriaulriksen.no\/wp-content\/uploads\/2025\/09\/DSC_2219-scaled.webp 1561w\" sizes=\"auto, (max-width: 624px) 100vw, 624px\" \/><\/figure>\n\n\n\n<figure class=\"wp-block-image size-full\"><img loading=\"lazy\" decoding=\"async\" width=\"600\" height=\"400\" src=\"https:\/\/victoriaulriksen.no\/wp-content\/uploads\/2025\/09\/view-saint-ouen-abbey-church-600nw-2319483827.webp\" alt=\"\" class=\"wp-image-929\" srcset=\"https:\/\/victoriaulriksen.no\/wp-content\/uploads\/2025\/09\/view-saint-ouen-abbey-church-600nw-2319483827.webp 600w, https:\/\/victoriaulriksen.no\/wp-content\/uploads\/2025\/09\/view-saint-ouen-abbey-church-600nw-2319483827-300x200.webp 300w\" sizes=\"auto, (max-width: 600px) 100vw, 600px\" \/><\/figure>\n<\/details>\n\n\n\n<details class=\"wp-block-details is-layout-flow wp-block-details-is-layout-flow\"><summary>23.06.26 Lichfield Cathedral (UK)<\/summary>\n<p>7:30 pm &#8211; <a href=\"https:\/\/www.lichfield-cathedral.org\/what-s-on\/2026-organ-recitals\" data-type=\"link\" data-id=\"https:\/\/www.lichfield-cathedral.org\/what-s-on\/2026-organ-recitals\">Evening recital<\/a><\/p>\n\n\n\n<figure class=\"wp-block-image\"><img decoding=\"async\" src=\"https:\/\/cwfcathedrals-1f835.kxcdn.com\/wp-content\/uploads\/2025\/07\/LichfieldCathedral-external.jpg\" alt=\"Lichfield Cathedral | Cathedrals' Workshop Fellowship\"\/><\/figure>\n\n\n\n<figure class=\"wp-block-image\"><img decoding=\"async\" src=\"https:\/\/upload.wikimedia.org\/wikipedia\/commons\/thumb\/5\/50\/Orgel_Kathedrale_Lichfield.jpg\/960px-Orgel_Kathedrale_Lichfield.jpg?20120901115132\" alt=\"File:Orgel Kathedrale Lichfield.jpg\"\/><\/figure>\n<\/details>\n\n\n\n<details class=\"wp-block-details is-layout-flow wp-block-details-is-layout-flow\"><summary>01.07.26 Innsbruck Cathedral (AT)<\/summary>\n<p>12:15 pm &#8211; Organ recital<\/p>\n\n\n\n<p>Johann Gottfried Walther (1684-1748)<br>Concerto h-Moll del Signor Vivaldi<br>Allegro<br>Adagio<br>Allegro<\/p>\n\n\n\n<p>Edvard Grieg (1843\u20131907)<br>From the Peer Gynt Suite, Op. 46:<br><em>Morning Mood<\/em><br>Arr. Martin Schmeding (*1975) \/ Victoria Ulriksen (*2006)<\/p>\n\n\n\n<p>Max Reger (1873-1916)<br>Choralfantasie \u00fcber \u201cEin feste Burg ist unser Gott\u201d, Op. 27<\/p>\n\n\n\n<figure class=\"wp-block-image size-large\"><img loading=\"lazy\" decoding=\"async\" width=\"1024\" height=\"789\" src=\"https:\/\/victoriaulriksen.no\/wp-content\/uploads\/2025\/11\/1714e244-26d1-407f-8b91-a82097e1934c-1024x789.jpg\" alt=\"\" class=\"wp-image-976\" srcset=\"https:\/\/victoriaulriksen.no\/wp-content\/uploads\/2025\/11\/1714e244-26d1-407f-8b91-a82097e1934c-1024x789.jpg 1024w, https:\/\/victoriaulriksen.no\/wp-content\/uploads\/2025\/11\/1714e244-26d1-407f-8b91-a82097e1934c-300x231.jpg 300w, https:\/\/victoriaulriksen.no\/wp-content\/uploads\/2025\/11\/1714e244-26d1-407f-8b91-a82097e1934c-768x592.jpg 768w, https:\/\/victoriaulriksen.no\/wp-content\/uploads\/2025\/11\/1714e244-26d1-407f-8b91-a82097e1934c.jpg 1280w\" sizes=\"auto, (max-width: 1024px) 100vw, 1024px\" \/><\/figure>\n\n\n\n<figure class=\"wp-block-image size-full\"><img loading=\"lazy\" decoding=\"async\" width=\"1024\" height=\"768\" src=\"https:\/\/victoriaulriksen.no\/wp-content\/uploads\/2025\/11\/4201720_b951787155_o-1.jpg\" alt=\"\" class=\"wp-image-980\" srcset=\"https:\/\/victoriaulriksen.no\/wp-content\/uploads\/2025\/11\/4201720_b951787155_o-1.jpg 1024w, https:\/\/victoriaulriksen.no\/wp-content\/uploads\/2025\/11\/4201720_b951787155_o-1-300x225.jpg 300w, https:\/\/victoriaulriksen.no\/wp-content\/uploads\/2025\/11\/4201720_b951787155_o-1-768x576.jpg 768w\" sizes=\"auto, (max-width: 1024px) 100vw, 1024px\" \/><\/figure>\n<\/details>\n\n\n\n<details class=\"wp-block-details is-layout-flow wp-block-details-is-layout-flow\"><summary>05.07.26 Jesuitenkirche Mannheim (DE)<\/summary>\n<p>4:30 pm &#8211; Organ recital<\/p>\n\n\n\n<p>Richard Wagner (1813-1883)<br>Die Walk\u00fcre, WWV 86B: Ride of the Valkyries<br>Arr. Edwin H. Lemare<\/p>\n\n\n\n<p>J.S.Bach (1685-1750)<br>Concerto for 4 Harpsichords in A Minor, BWV 1065 after A. Vivaldi<br>Arranged by Martin Schmeding (*1975)<br>I. Allegro<br>II. Largo<br>III. Allegro<\/p>\n\n\n\n<p>Olivier Messiaen (1908-1992)<br>From La Nativit\u00e9 du Seigneur: Dieu parmi nous<\/p>\n\n\n\n<figure class=\"wp-block-image size-large\"><img loading=\"lazy\" decoding=\"async\" width=\"1024\" height=\"768\" src=\"https:\/\/victoriaulriksen.no\/wp-content\/uploads\/2025\/12\/mannheim_-jesuitenkirche_-c-stadtmarketing-mannheim-gmb-h_-achim-mende_96-1024x768.jpg\" alt=\"\" class=\"wp-image-1008\" srcset=\"https:\/\/victoriaulriksen.no\/wp-content\/uploads\/2025\/12\/mannheim_-jesuitenkirche_-c-stadtmarketing-mannheim-gmb-h_-achim-mende_96-1024x768.jpg 1024w, https:\/\/victoriaulriksen.no\/wp-content\/uploads\/2025\/12\/mannheim_-jesuitenkirche_-c-stadtmarketing-mannheim-gmb-h_-achim-mende_96-300x225.jpg 300w, https:\/\/victoriaulriksen.no\/wp-content\/uploads\/2025\/12\/mannheim_-jesuitenkirche_-c-stadtmarketing-mannheim-gmb-h_-achim-mende_96-768x576.jpg 768w, https:\/\/victoriaulriksen.no\/wp-content\/uploads\/2025\/12\/mannheim_-jesuitenkirche_-c-stadtmarketing-mannheim-gmb-h_-achim-mende_96-1536x1152.jpg 1536w, https:\/\/victoriaulriksen.no\/wp-content\/uploads\/2025\/12\/mannheim_-jesuitenkirche_-c-stadtmarketing-mannheim-gmb-h_-achim-mende_96.jpg 1600w\" sizes=\"auto, (max-width: 1024px) 100vw, 1024px\" \/><\/figure>\n\n\n\n<figure class=\"wp-block-image size-full is-resized\"><img loading=\"lazy\" decoding=\"async\" width=\"372\" height=\"238\" src=\"https:\/\/victoriaulriksen.no\/wp-content\/uploads\/2025\/12\/klais_orgel_front.jpg\" alt=\"\" class=\"wp-image-1010\" style=\"width:516px;height:auto\" srcset=\"https:\/\/victoriaulriksen.no\/wp-content\/uploads\/2025\/12\/klais_orgel_front.jpg 372w, https:\/\/victoriaulriksen.no\/wp-content\/uploads\/2025\/12\/klais_orgel_front-300x192.jpg 300w\" sizes=\"auto, (max-width: 372px) 100vw, 372px\" \/><\/figure>\n<\/details>\n\n\n\n<details class=\"wp-block-details is-layout-flow wp-block-details-is-layout-flow\"><summary>12.07.26 Stadtkirche Murr (DE)<\/summary>\n<p>7 pm &#8211; Recital at the &laquo;1. Murrer Orgelzyklus&raquo;<\/p>\n\n\n\n<figure class=\"wp-block-image size-large\"><img loading=\"lazy\" decoding=\"async\" width=\"1024\" height=\"651\" src=\"https:\/\/victoriaulriksen.no\/wp-content\/uploads\/2025\/10\/IMG_3689-1024x651.jpg\" alt=\"\" class=\"wp-image-943\" srcset=\"https:\/\/victoriaulriksen.no\/wp-content\/uploads\/2025\/10\/IMG_3689-1024x651.jpg 1024w, https:\/\/victoriaulriksen.no\/wp-content\/uploads\/2025\/10\/IMG_3689-300x191.jpg 300w, https:\/\/victoriaulriksen.no\/wp-content\/uploads\/2025\/10\/IMG_3689-768x488.jpg 768w, https:\/\/victoriaulriksen.no\/wp-content\/uploads\/2025\/10\/IMG_3689.jpg 1290w\" sizes=\"auto, (max-width: 1024px) 100vw, 1024px\" \/><\/figure>\n<\/details>\n\n\n\n<details class=\"wp-block-details is-layout-flow wp-block-details-is-layout-flow\"><summary>17.07.26 <a href=\"https:\/\/www.klosterkonzerte.de\/konzerte-und-karten#:::orgelkonzerte\" data-type=\"link\" data-id=\"https:\/\/www.klosterkonzerte.de\/konzerte-und-karten#:::orgelkonzerte\">Klosterkirche Maulbronn<\/a> (DE)<\/summary>\n<p>8 pm &#8211; Organ recital at the festival <a href=\"https:\/\/www.klosterkonzerte.de\/konzerte-und-karten#:::orgelkonzerte\" data-type=\"link\" data-id=\"https:\/\/www.klosterkonzerte.de\/konzerte-und-karten#:::orgelkonzerte\">Klosterkonzerte Maulbronn<\/a><\/p>\n\n\n\n<figure class=\"wp-block-image size-large\"><img loading=\"lazy\" decoding=\"async\" width=\"1024\" height=\"683\" src=\"https:\/\/victoriaulriksen.no\/wp-content\/uploads\/2025\/11\/27_Maulbronn_Orgel_Maulbronn_17_MG_2286_foto-ssg-dirk-altenkirch_presenter-1024x683.jpg\" alt=\"\" class=\"wp-image-997\" srcset=\"https:\/\/victoriaulriksen.no\/wp-content\/uploads\/2025\/11\/27_Maulbronn_Orgel_Maulbronn_17_MG_2286_foto-ssg-dirk-altenkirch_presenter-1024x683.jpg 1024w, https:\/\/victoriaulriksen.no\/wp-content\/uploads\/2025\/11\/27_Maulbronn_Orgel_Maulbronn_17_MG_2286_foto-ssg-dirk-altenkirch_presenter-300x200.jpg 300w, https:\/\/victoriaulriksen.no\/wp-content\/uploads\/2025\/11\/27_Maulbronn_Orgel_Maulbronn_17_MG_2286_foto-ssg-dirk-altenkirch_presenter-768x512.jpg 768w, https:\/\/victoriaulriksen.no\/wp-content\/uploads\/2025\/11\/27_Maulbronn_Orgel_Maulbronn_17_MG_2286_foto-ssg-dirk-altenkirch_presenter.jpg 1200w\" sizes=\"auto, (max-width: 1024px) 100vw, 1024px\" \/><\/figure>\n<\/details>\n\n\n\n<details class=\"wp-block-details is-layout-flow wp-block-details-is-layout-flow\"><summary>19.07.26 St. Nikolai (DE); <a href=\"https:\/\/kulturfeste.de\/feste\/internationaler-orgelsommer-potsdam\/\" data-type=\"link\" data-id=\"https:\/\/kulturfeste.de\/feste\/internationaler-orgelsommer-potsdam\/\">Internationaler Orgelsommer Potsdam 2026<\/a><\/summary>\n<p>6 pm &#8211; Recital &laquo;Finale&raquo; at the <a href=\"https:\/\/kulturfeste.de\/feste\/internationaler-orgelsommer-potsdam\/\" data-type=\"link\" data-id=\"https:\/\/kulturfeste.de\/feste\/internationaler-orgelsommer-potsdam\/\">Internationaler Orgelsommer Potsdam 2026<\/a><\/p>\n\n\n\n<figure class=\"wp-block-image\"><img decoding=\"async\" src=\"https:\/\/www.denkmalschutz.de\/fileadmin\/media\/Bilder\/Adventskalender_2024\/Fragebilder_Symbolbilder\/13-12_NikolaikirchePotsdam.jpg\" alt=\"Deutsche Stiftung Denkmalschutz - Nikolaikirche - Potsdam\"\/><\/figure>\n\n\n\n<figure class=\"wp-block-image\"><img decoding=\"async\" src=\"https:\/\/orgelbau-kreienbrink.de\/wp-content\/uploads\/2022\/04\/423-Der-Orgeleinbau-19.09.17.jpg\" alt=\"Potsdam | Sankt Nikolai, Gro\u00dfe Orgel, III\/55 - Kreienbrink Orgelmanufaktur\"\/><\/figure>\n<\/details>\n\n\n\n<details class=\"wp-block-details is-layout-flow wp-block-details-is-layout-flow\"><summary>29.07.26 TBA (NO)<\/summary>\n<p>Festival TBA (NO)<\/p>\n<\/details>\n\n\n\n<details class=\"wp-block-details is-layout-flow wp-block-details-is-layout-flow\"><summary>03.08.26 Jesus Church Copenhagen (DK); International Summer Recital Series<\/summary>\n<p>5 pm &#8211; Opening concert of the International Summer Recital Series at the historical Cavaill\u00e9-Coll (1890)<\/p>\n\n\n\n<p>Messiaen \/ Durufl\u00e9 \/ Saint-Sa\u00ebns \/ Grieg<\/p>\n\n\n\n<figure class=\"wp-block-image size-large\"><img loading=\"lazy\" decoding=\"async\" width=\"1024\" height=\"579\" src=\"https:\/\/victoriaulriksen.no\/wp-content\/uploads\/2024\/10\/image-1-1024x579.jpeg\" alt=\"\" class=\"wp-image-537\" srcset=\"https:\/\/victoriaulriksen.no\/wp-content\/uploads\/2024\/10\/image-1-1024x579.jpeg 1024w, https:\/\/victoriaulriksen.no\/wp-content\/uploads\/2024\/10\/image-1-300x170.jpeg 300w, https:\/\/victoriaulriksen.no\/wp-content\/uploads\/2024\/10\/image-1-768x434.jpeg 768w, https:\/\/victoriaulriksen.no\/wp-content\/uploads\/2024\/10\/image-1-1536x869.jpeg 1536w, https:\/\/victoriaulriksen.no\/wp-content\/uploads\/2024\/10\/image-1.jpeg 1920w\" sizes=\"auto, (max-width: 1024px) 100vw, 1024px\" \/><\/figure>\n\n\n\n<figure class=\"wp-block-image size-large\"><img loading=\"lazy\" decoding=\"async\" width=\"1024\" height=\"682\" src=\"https:\/\/victoriaulriksen.no\/wp-content\/uploads\/2024\/10\/image-2-1024x682.jpeg\" alt=\"Jesuskirkens historie - Jesuskirken\" class=\"wp-image-538\" srcset=\"https:\/\/victoriaulriksen.no\/wp-content\/uploads\/2024\/10\/image-2-1024x682.jpeg 1024w, https:\/\/victoriaulriksen.no\/wp-content\/uploads\/2024\/10\/image-2-300x200.jpeg 300w, https:\/\/victoriaulriksen.no\/wp-content\/uploads\/2024\/10\/image-2-768x512.jpeg 768w, https:\/\/victoriaulriksen.no\/wp-content\/uploads\/2024\/10\/image-2.jpeg 1536w\" sizes=\"auto, (max-width: 1024px) 100vw, 1024px\" \/><\/figure>\n<\/details>\n\n\n\n<details class=\"wp-block-details is-layout-flow wp-block-details-is-layout-flow\"><summary>06.08.26 Sandefjord Church (NO); <a href=\"https:\/\/vestorgelfest.no\/\" data-type=\"link\" data-id=\"https:\/\/vestorgelfest.no\/\">Vestfold Organ Festival<\/a><\/summary>\n<p>Opening recital of <a href=\"https:\/\/vestorgelfest.no\/\" data-type=\"link\" data-id=\"https:\/\/vestorgelfest.no\/\">Vestfold Organ Festival<\/a> (NO)<\/p>\n<\/details>\n\n\n\n<details class=\"wp-block-details is-layout-flow wp-block-details-is-layout-flow\"><summary>09.08.26 Klosterkirche Riddagshausen (DE); <a href=\"https:\/\/hdkarras.simdif.com\/orgelsommer_2025.html\" data-type=\"link\" data-id=\"https:\/\/hdkarras.simdif.com\/orgelsommer_2025.html\">Internationaler Riddagsh\u00e4user Orgelsommer 2026<\/a><\/summary>\n<p>5 pm &#8211; Closing recital at the <a href=\"https:\/\/hdkarras.simdif.com\/orgelsommer_2025.html\" data-type=\"link\" data-id=\"https:\/\/hdkarras.simdif.com\/orgelsommer_2025.html\">Internationaler Riddagsh\u00e4user Orgelsommer 2026<\/a><\/p>\n\n\n\n<figure class=\"wp-block-image size-full\"><img loading=\"lazy\" decoding=\"async\" width=\"1024\" height=\"885\" src=\"https:\/\/victoriaulriksen.no\/wp-content\/uploads\/2025\/01\/Klosterkirche-angepasst_blau-3-1024x885-1.jpg\" alt=\"\" class=\"wp-image-652\" srcset=\"https:\/\/victoriaulriksen.no\/wp-content\/uploads\/2025\/01\/Klosterkirche-angepasst_blau-3-1024x885-1.jpg 1024w, https:\/\/victoriaulriksen.no\/wp-content\/uploads\/2025\/01\/Klosterkirche-angepasst_blau-3-1024x885-1-300x259.jpg 300w, https:\/\/victoriaulriksen.no\/wp-content\/uploads\/2025\/01\/Klosterkirche-angepasst_blau-3-1024x885-1-768x664.jpg 768w\" sizes=\"auto, (max-width: 1024px) 100vw, 1024px\" \/><\/figure>\n\n\n\n<figure class=\"wp-block-image size-full is-resized\"><img loading=\"lazy\" decoding=\"async\" width=\"387\" height=\"581\" src=\"https:\/\/victoriaulriksen.no\/wp-content\/uploads\/2025\/01\/DSC_6227gfd.png\" alt=\"\" class=\"wp-image-653\" style=\"width:516px;height:auto\" srcset=\"https:\/\/victoriaulriksen.no\/wp-content\/uploads\/2025\/01\/DSC_6227gfd.png 387w, https:\/\/victoriaulriksen.no\/wp-content\/uploads\/2025\/01\/DSC_6227gfd-200x300.png 200w\" sizes=\"auto, (max-width: 387px) 100vw, 387px\" \/><\/figure>\n<\/details>\n\n\n\n<details class=\"wp-block-details is-layout-flow wp-block-details-is-layout-flow\"><summary>13.08.26 Fraum\u00fcnster Z\u00fcrich (CH); &laquo;Musik am Mittag&raquo;<\/summary>\n<p>12:15 pm &#8211; &laquo;Musik am Mittag&raquo; International recital series<\/p>\n\n\n\n<figure class=\"wp-block-image size-large\"><img loading=\"lazy\" decoding=\"async\" width=\"1024\" height=\"583\" src=\"https:\/\/victoriaulriksen.no\/wp-content\/uploads\/2024\/10\/375de577ce82125191ea8e52b7e150fd-1024x583.jpg\" alt=\"\" class=\"wp-image-515\" srcset=\"https:\/\/victoriaulriksen.no\/wp-content\/uploads\/2024\/10\/375de577ce82125191ea8e52b7e150fd-1024x583.jpg 1024w, https:\/\/victoriaulriksen.no\/wp-content\/uploads\/2024\/10\/375de577ce82125191ea8e52b7e150fd-300x171.jpg 300w, https:\/\/victoriaulriksen.no\/wp-content\/uploads\/2024\/10\/375de577ce82125191ea8e52b7e150fd-768x437.jpg 768w, https:\/\/victoriaulriksen.no\/wp-content\/uploads\/2024\/10\/375de577ce82125191ea8e52b7e150fd-1536x874.jpg 1536w, https:\/\/victoriaulriksen.no\/wp-content\/uploads\/2024\/10\/375de577ce82125191ea8e52b7e150fd-2048x1165.jpg 2048w\" sizes=\"auto, (max-width: 1024px) 100vw, 1024px\" \/><\/figure>\n<\/details>\n\n\n\n<details class=\"wp-block-details is-layout-flow wp-block-details-is-layout-flow\"><summary>16.08.26 St Paul&#8217;s Cathedral, London (UK)<\/summary>\n<p>4:30 pm &#8211; Sunday Grand Organ Recital Series<\/p>\n\n\n\n<figure class=\"wp-block-image size-large\"><img loading=\"lazy\" decoding=\"async\" width=\"1024\" height=\"683\" src=\"https:\/\/victoriaulriksen.no\/wp-content\/uploads\/2025\/04\/0a_GBR_St_Pauls_JPEG_Hero_GBR_St_Pauls-1-1024x683.avif\" alt=\"\" class=\"wp-image-818\" srcset=\"https:\/\/victoriaulriksen.no\/wp-content\/uploads\/2025\/04\/0a_GBR_St_Pauls_JPEG_Hero_GBR_St_Pauls-1-1024x683.avif 1024w, https:\/\/victoriaulriksen.no\/wp-content\/uploads\/2025\/04\/0a_GBR_St_Pauls_JPEG_Hero_GBR_St_Pauls-1-300x200.avif 300w, https:\/\/victoriaulriksen.no\/wp-content\/uploads\/2025\/04\/0a_GBR_St_Pauls_JPEG_Hero_GBR_St_Pauls-1-768x512.avif 768w, https:\/\/victoriaulriksen.no\/wp-content\/uploads\/2025\/04\/0a_GBR_St_Pauls_JPEG_Hero_GBR_St_Pauls-1-1536x1024.avif 1536w, https:\/\/victoriaulriksen.no\/wp-content\/uploads\/2025\/04\/0a_GBR_St_Pauls_JPEG_Hero_GBR_St_Pauls-1.avif 1800w\" sizes=\"auto, (max-width: 1024px) 100vw, 1024px\" \/><\/figure>\n<\/details>\n\n\n\n<details class=\"wp-block-details is-layout-flow wp-block-details-is-layout-flow\"><summary>19.08.26 Carlisle Cathedral (UK)<\/summary>\n<p>2 pm &#8211; Organ recital<\/p>\n\n\n\n<figure class=\"wp-block-image size-large is-resized\"><img loading=\"lazy\" decoding=\"async\" width=\"1024\" height=\"445\" src=\"https:\/\/victoriaulriksen.no\/wp-content\/uploads\/2024\/10\/Screenshot-2023-03-06-at-13.35.40-1024x445.jpg\" alt=\"\" class=\"wp-image-524\" style=\"width:537px;height:auto\" srcset=\"https:\/\/victoriaulriksen.no\/wp-content\/uploads\/2024\/10\/Screenshot-2023-03-06-at-13.35.40-1024x445.jpg 1024w, https:\/\/victoriaulriksen.no\/wp-content\/uploads\/2024\/10\/Screenshot-2023-03-06-at-13.35.40-300x130.jpg 300w, https:\/\/victoriaulriksen.no\/wp-content\/uploads\/2024\/10\/Screenshot-2023-03-06-at-13.35.40-768x334.jpg 768w, https:\/\/victoriaulriksen.no\/wp-content\/uploads\/2024\/10\/Screenshot-2023-03-06-at-13.35.40-1536x667.jpg 1536w, https:\/\/victoriaulriksen.no\/wp-content\/uploads\/2024\/10\/Screenshot-2023-03-06-at-13.35.40.jpg 1956w\" sizes=\"auto, (max-width: 1024px) 100vw, 1024px\" \/><\/figure>\n<\/details>\n\n\n\n<details class=\"wp-block-details is-layout-flow wp-block-details-is-layout-flow\"><summary>20.08.26 Trinity Methodist Church, Barnard Castle (UK)<\/summary>\n<p>Evening recital<\/p>\n\n\n\n<figure class=\"wp-block-image is-resized\"><img decoding=\"async\" src=\"https:\/\/s0.geograph.org.uk\/geophotos\/02\/49\/94\/2499497_89d6173b.jpg\" alt=\"Trinity Methodist Church, Barnard Castle | Co-Curate\" style=\"width:516px;height:auto\"\/><\/figure>\n\n\n<\/details>\n\n\n\n<details class=\"wp-block-details is-layout-flow wp-block-details-is-layout-flow\"><summary>21.08.26 Howden Minster (UK)<\/summary>\n<p>7 pm &#8211; Evening recital<\/p>\n\n\n\n<figure class=\"wp-block-image size-full\"><img loading=\"lazy\" decoding=\"async\" width=\"719\" height=\"719\" src=\"https:\/\/victoriaulriksen.no\/wp-content\/uploads\/2025\/10\/339662753_1248776335751905_4642116126362576962_n.jpg\" alt=\"\" class=\"wp-image-939\" srcset=\"https:\/\/victoriaulriksen.no\/wp-content\/uploads\/2025\/10\/339662753_1248776335751905_4642116126362576962_n.jpg 719w, https:\/\/victoriaulriksen.no\/wp-content\/uploads\/2025\/10\/339662753_1248776335751905_4642116126362576962_n-300x300.jpg 300w, https:\/\/victoriaulriksen.no\/wp-content\/uploads\/2025\/10\/339662753_1248776335751905_4642116126362576962_n-150x150.jpg 150w\" sizes=\"auto, (max-width: 719px) 100vw, 719px\" \/><\/figure>\n<\/details>\n\n\n\n<details class=\"wp-block-details is-layout-flow wp-block-details-is-layout-flow\"><summary>23.08.26 Westminster Abbey (UK)<\/summary>\n<p>5 pm &#8211; Organ recital<\/p>\n\n\n\n<figure class=\"wp-block-image size-full is-resized\"><img loading=\"lazy\" decoding=\"async\" width=\"400\" height=\"400\" src=\"https:\/\/victoriaulriksen.no\/wp-content\/uploads\/2024\/11\/tdcZNWGb_400x400.jpg\" alt=\"\" class=\"wp-image-620\" style=\"width:516px;height:auto\" srcset=\"https:\/\/victoriaulriksen.no\/wp-content\/uploads\/2024\/11\/tdcZNWGb_400x400.jpg 400w, https:\/\/victoriaulriksen.no\/wp-content\/uploads\/2024\/11\/tdcZNWGb_400x400-300x300.jpg 300w, https:\/\/victoriaulriksen.no\/wp-content\/uploads\/2024\/11\/tdcZNWGb_400x400-150x150.jpg 150w\" sizes=\"auto, (max-width: 400px) 100vw, 400px\" \/><\/figure>\n\n\n\n<figure class=\"wp-block-image size-full\"><img loading=\"lazy\" decoding=\"async\" width=\"1024\" height=\"512\" src=\"https:\/\/victoriaulriksen.no\/wp-content\/uploads\/2024\/11\/westminster-abbey-summer-organ-festival-2018.jpg\" alt=\"\" class=\"wp-image-621\" srcset=\"https:\/\/victoriaulriksen.no\/wp-content\/uploads\/2024\/11\/westminster-abbey-summer-organ-festival-2018.jpg 1024w, https:\/\/victoriaulriksen.no\/wp-content\/uploads\/2024\/11\/westminster-abbey-summer-organ-festival-2018-300x150.jpg 300w, https:\/\/victoriaulriksen.no\/wp-content\/uploads\/2024\/11\/westminster-abbey-summer-organ-festival-2018-768x384.jpg 768w\" sizes=\"auto, (max-width: 1024px) 100vw, 1024px\" \/><\/figure>\n<\/details>\n\n\n\n<details class=\"wp-block-details is-layout-flow wp-block-details-is-layout-flow\"><summary>24.08.26 Coventry Cathedral (UK)<\/summary>\n<p>12:30 pm &#8211; Lunchtime recital<\/p>\n\n\n\n<p>Richard Wagner (1813 \u2013 1883)<\/p>\n\n\n\n<p>Die Walk\u00fcre, WWV 86B: Ride of the Valkyries<\/p>\n\n\n\n<p>Arr. Edwin H. Lemare<\/p>\n\n\n\n<p>J.S.Bach (1685-1750)<\/p>\n\n\n\n<p>Concerto for 4 Harpsichords in A Minor, BWV 1065 after A. Vivaldi<\/p>\n\n\n\n<p>Arr. Martin Schmeding (*1975)<\/p>\n\n\n\n<p>I. Allegro<\/p>\n\n\n\n<p>II. Largo<\/p>\n\n\n\n<p>III. Allegro<\/p>\n\n\n\n<p>Edvard Grieg (1843\u20131907)<\/p>\n\n\n\n<p>Rotneims-Knut (Norwegian Fiddle Tune)<\/p>\n\n\n\n<p>Arr. K\u00e5re Nordstoga (*1954)<\/p>\n\n\n\n<p>Maurice Durufl\u00e9 (1902 \u2013 1986)<\/p>\n\n\n\n<p>Toccata from Suite, Op. 5<\/p>\n\n\n\n<figure class=\"wp-block-image size-large\"><img loading=\"lazy\" decoding=\"async\" width=\"1024\" height=\"663\" src=\"https:\/\/victoriaulriksen.no\/wp-content\/uploads\/2024\/10\/Tapestry-organ-Joseph-Witcombe-Coventry-Cathedral-7-of-25-1024x663.jpg\" alt=\"\" class=\"wp-image-522\" srcset=\"https:\/\/victoriaulriksen.no\/wp-content\/uploads\/2024\/10\/Tapestry-organ-Joseph-Witcombe-Coventry-Cathedral-7-of-25-1024x663.jpg 1024w, https:\/\/victoriaulriksen.no\/wp-content\/uploads\/2024\/10\/Tapestry-organ-Joseph-Witcombe-Coventry-Cathedral-7-of-25-300x194.jpg 300w, https:\/\/victoriaulriksen.no\/wp-content\/uploads\/2024\/10\/Tapestry-organ-Joseph-Witcombe-Coventry-Cathedral-7-of-25-768x497.jpg 768w, https:\/\/victoriaulriksen.no\/wp-content\/uploads\/2024\/10\/Tapestry-organ-Joseph-Witcombe-Coventry-Cathedral-7-of-25.jpg 1200w\" sizes=\"auto, (max-width: 1024px) 100vw, 1024px\" \/><\/figure>\n\n\n\n<figure class=\"wp-block-image size-full\"><img loading=\"lazy\" decoding=\"async\" width=\"800\" height=\"598\" src=\"https:\/\/victoriaulriksen.no\/wp-content\/uploads\/2024\/10\/Coventry_Cathedral_2018.jpg\" alt=\"\" class=\"wp-image-523\" srcset=\"https:\/\/victoriaulriksen.no\/wp-content\/uploads\/2024\/10\/Coventry_Cathedral_2018.jpg 800w, https:\/\/victoriaulriksen.no\/wp-content\/uploads\/2024\/10\/Coventry_Cathedral_2018-300x224.jpg 300w, https:\/\/victoriaulriksen.no\/wp-content\/uploads\/2024\/10\/Coventry_Cathedral_2018-768x574.jpg 768w\" sizes=\"auto, (max-width: 800px) 100vw, 800px\" \/><\/figure>\n<\/details>\n\n\n\n<details class=\"wp-block-details is-layout-flow wp-block-details-is-layout-flow\"><summary>25.08.26 Bath Abbey (UK)<\/summary>\n<p>1 pm &#8211; Organ recital<\/p>\n\n\n\n<figure class=\"wp-block-image size-full\"><img loading=\"lazy\" decoding=\"async\" width=\"1000\" height=\"591\" src=\"https:\/\/victoriaulriksen.no\/wp-content\/uploads\/2025\/10\/shutterstock_569625958.jpg\" alt=\"\" class=\"wp-image-935\" srcset=\"https:\/\/victoriaulriksen.no\/wp-content\/uploads\/2025\/10\/shutterstock_569625958.jpg 1000w, https:\/\/victoriaulriksen.no\/wp-content\/uploads\/2025\/10\/shutterstock_569625958-300x177.jpg 300w, https:\/\/victoriaulriksen.no\/wp-content\/uploads\/2025\/10\/shutterstock_569625958-768x454.jpg 768w\" sizes=\"auto, (max-width: 1000px) 100vw, 1000px\" \/><\/figure>\n\n\n\n<figure class=\"wp-block-image size-full is-resized\"><img loading=\"lazy\" decoding=\"async\" width=\"427\" height=\"640\" src=\"https:\/\/victoriaulriksen.no\/wp-content\/uploads\/2025\/10\/8528255067_be8c0c4f96_z.jpg\" alt=\"\" class=\"wp-image-936\" style=\"width:516px;height:auto\" srcset=\"https:\/\/victoriaulriksen.no\/wp-content\/uploads\/2025\/10\/8528255067_be8c0c4f96_z.jpg 427w, https:\/\/victoriaulriksen.no\/wp-content\/uploads\/2025\/10\/8528255067_be8c0c4f96_z-200x300.jpg 200w\" sizes=\"auto, (max-width: 427px) 100vw, 427px\" \/><\/figure>\n<\/details>\n\n\n\n<details class=\"wp-block-details is-layout-flow wp-block-details-is-layout-flow\"><summary>28.08.26 St. Lorenz, N\u00fcrnberg (DE); <a href=\"https:\/\/lorenzkirche.de\/lorenzmusik\/orgelsommer\/\" data-type=\"link\" data-id=\"https:\/\/lorenzkirche.de\/lorenzmusik\/orgelsommer\/\">2. Internationaler Orgelsommer N\u00fcrnberg<\/a><\/summary>\n<p>7 pm &#8211; <a href=\"https:\/\/lorenzkirche.de\/lorenzmusik\/orgelsommer\/\" data-type=\"link\" data-id=\"https:\/\/lorenzkirche.de\/lorenzmusik\/orgelsommer\/\">2. Internationaler Orgelsommer N\u00fcrnberg<\/a> at the 3rd largest organ in Europe<\/p>\n\n\n\n<figure class=\"wp-block-image\"><img decoding=\"async\" src=\"https:\/\/www.kirchentag.de\/fileadmin\/allgemein\/service\/wilma_aktuelles\/230404_lorenz_1080_1920.jpg\" alt=\"Kirchentag N\u00fcrnberg | St. Lorenz \u2013 Mehr als eine Kirche\"\/><\/figure>\n\n\n\n<figure class=\"wp-block-image\"><img decoding=\"async\" src=\"https:\/\/fromplacetoplace.travel\/wp-content\/uploads\/sites\/2\/2019\/03\/lorenzkirche_shutterstock_235569769.jpg\" alt=\"The Lorenzkirche - an impressive tour of the church\"\/><\/figure>\n<\/details>\n\n\n\n<details class=\"wp-block-details is-layout-flow wp-block-details-is-layout-flow\"><summary>30.08.26 Himmerod Abbey (DE); <a href=\"https:\/\/www.abteihimmerod.de\/veranstaltungen\/orgel\/\" data-type=\"link\" data-id=\"https:\/\/www.abteihimmerod.de\/veranstaltungen\/orgel\/\">Himmeroder Orgelsommer 2026<\/a> <\/summary>\n<p>3 pm &#8211; <a href=\"https:\/\/www.abteihimmerod.de\/veranstaltungen\/orgel\/\" data-type=\"link\" data-id=\"https:\/\/www.abteihimmerod.de\/veranstaltungen\/orgel\/\">Himmeroder Orgelsommer 2026<\/a><\/p>\n\n\n\n<figure class=\"wp-block-image\"><img decoding=\"async\" src=\"https:\/\/static.dw.com\/image\/17872324_906.jpg\" alt=\"Ancient German monastery to close its doors\"\/><\/figure>\n\n\n\n<figure class=\"wp-block-image\"><img decoding=\"async\" src=\"https:\/\/www.abteihimmerod.de\/wp-content\/uploads\/2016\/03\/Orgelneu-1500x630.jpg\" alt=\"Sommer, Sonne, Orgel \u2013 und dazu wahrhaft k\u00f6nigliche Musik \u2013 Abtei Himmerod\"\/><\/figure>\n<\/details>\n\n\n\n<details class=\"wp-block-details is-layout-flow wp-block-details-is-layout-flow\"><summary>06.09.26 St. Georgs-Kirche, Hattingen (DE): <a href=\"https:\/\/www.orgelfestival.ruhr\/\" data-type=\"link\" data-id=\"https:\/\/www.orgelfestival.ruhr\/\">Orgelfestival.Ruhr<\/a><\/summary>\n<p>6 pm &#8211; Recital <em>Tradition und Ehre<\/em> at the international <a href=\"https:\/\/www.orgelfestival.ruhr\/\" data-type=\"link\" data-id=\"https:\/\/www.orgelfestival.ruhr\/\">Orgelfestival.Ruhr 2026<\/a><\/p>\n\n\n\n<p>Johann Sebastian Bach (1685\u20131750)<\/p>\n\n\n\n<p>Aus Kantate: Wir danken dir, Gott, wir danken dir, BWV 29<\/p>\n\n\n\n<ol class=\"wp-block-list\">\n<li>Sinfonia, arr. Marcel Dupr\u00e9 (1886-1971)<\/li>\n<\/ol>\n\n\n\n<p>Concerto for 4 Harpsichords in A-minor, BWV 1065 after Vivaldi<\/p>\n\n\n\n<ul class=\"wp-block-list\">\n<li>I. Allegro<\/li>\n\n\n\n<li>II. Largo<\/li>\n\n\n\n<li>III: Allegro<\/li>\n<\/ul>\n\n\n\n<p>Arr. Martin Schmeding (*1975)<\/p>\n\n\n\n<p>Wolfgang Amadeus Mozart (1756-1791)<\/p>\n\n\n\n<p>Adagio\/Allegro\/Adagio in F minor, K. 594<\/p>\n\n\n\n<p>Arr. Martin Haselb\u00f6ck (*1954)<\/p>\n\n\n\n<p>Rotneims-Knut aus Norwegische Bauernt\u00e4nze Op. 72<\/p>\n\n\n\n<p>Arr. K\u00e5re Nordstoga (*1954)<\/p>\n\n\n\n<p>K\u00e5re Nordstoga (*1954)<\/p>\n\n\n\n<p>Sharing (2025)<\/p>\n\n\n\n<p>Max Reger (1873-1916)<\/p>\n\n\n\n<p>Choralfantasie \u00fcber \u201cEin feste Burg ist unser Gott\u201d, Op. 27<\/p>\n\n\n\n<figure class=\"wp-block-image size-full is-resized\"><img loading=\"lazy\" decoding=\"async\" width=\"1138\" height=\"419\" src=\"https:\/\/victoriaulriksen.no\/wp-content\/uploads\/2025\/08\/Sternenhimmelschmal.webp\" alt=\"\" class=\"wp-image-889\" style=\"width:516px;height:auto\" srcset=\"https:\/\/victoriaulriksen.no\/wp-content\/uploads\/2025\/08\/Sternenhimmelschmal.webp 1138w, https:\/\/victoriaulriksen.no\/wp-content\/uploads\/2025\/08\/Sternenhimmelschmal-300x110.webp 300w, https:\/\/victoriaulriksen.no\/wp-content\/uploads\/2025\/08\/Sternenhimmelschmal-1024x377.webp 1024w, https:\/\/victoriaulriksen.no\/wp-content\/uploads\/2025\/08\/Sternenhimmelschmal-768x283.webp 768w\" sizes=\"auto, (max-width: 1138px) 100vw, 1138px\" \/><\/figure>\n\n\n\n<figure class=\"wp-block-image size-large\"><img loading=\"lazy\" decoding=\"async\" width=\"1024\" height=\"683\" src=\"https:\/\/victoriaulriksen.no\/wp-content\/uploads\/2025\/08\/st-george-hattingen-1024x683.jpg\" alt=\"\" class=\"wp-image-890\" srcset=\"https:\/\/victoriaulriksen.no\/wp-content\/uploads\/2025\/08\/st-george-hattingen-1024x683.jpg 1024w, https:\/\/victoriaulriksen.no\/wp-content\/uploads\/2025\/08\/st-george-hattingen-300x200.jpg 300w, https:\/\/victoriaulriksen.no\/wp-content\/uploads\/2025\/08\/st-george-hattingen-768x512.jpg 768w, https:\/\/victoriaulriksen.no\/wp-content\/uploads\/2025\/08\/st-george-hattingen.jpg 1500w\" sizes=\"auto, (max-width: 1024px) 100vw, 1024px\" \/><\/figure>\n<\/details>\n\n\n\n<details class=\"wp-block-details is-layout-flow wp-block-details-is-layout-flow\"><summary>13.09.26 Borgund Church (NO)<\/summary>\n<p>7 pm &#8211; Recital on the Marcussen organ<\/p>\n\n\n\n<figure class=\"wp-block-image size-large\"><img loading=\"lazy\" decoding=\"async\" width=\"1024\" height=\"920\" src=\"https:\/\/victoriaulriksen.no\/wp-content\/uploads\/2025\/07\/IMG_8217-1024x920.jpg\" alt=\"\" class=\"wp-image-873\" srcset=\"https:\/\/victoriaulriksen.no\/wp-content\/uploads\/2025\/07\/IMG_8217-1024x920.jpg 1024w, https:\/\/victoriaulriksen.no\/wp-content\/uploads\/2025\/07\/IMG_8217-300x270.jpg 300w, https:\/\/victoriaulriksen.no\/wp-content\/uploads\/2025\/07\/IMG_8217-768x690.jpg 768w, https:\/\/victoriaulriksen.no\/wp-content\/uploads\/2025\/07\/IMG_8217.jpg 1114w\" sizes=\"auto, (max-width: 1024px) 100vw, 1024px\" \/><\/figure>\n<\/details>\n\n\n\n<details class=\"wp-block-details is-layout-flow wp-block-details-is-layout-flow\"><summary>18.09.26 St John&#8217;s Church, Bergen (NO); <a href=\"https:\/\/autunnale.no\/\" data-type=\"link\" data-id=\"https:\/\/autunnale.no\/\">Bergen Kirkeautunnale<\/a><\/summary>\n<p>Organ recital during <a href=\"https:\/\/autunnale.no\/\" data-type=\"link\" data-id=\"https:\/\/autunnale.no\/\">Bergen Kirkeautunnale<\/a><\/p>\n\n\n\n<figure class=\"wp-block-image\"><img decoding=\"async\" src=\"https:\/\/upload.wikimedia.org\/wikipedia\/commons\/f\/f6\/Johanneskirken%2C_Bergen%2C_Noruega%2C_2019-09-08%2C_DD_71.jpg\" alt=\"St John's Church, Bergen - Wikipedia\"\/><\/figure>\n\n\n\n<figure class=\"wp-block-image\"><img decoding=\"async\" src=\"https:\/\/www.kirken.no\/globalassets\/fellesrad\/bergen\/menigheter\/bergen-domkirke-menighet\/kirkene\/orgel.jpg\" alt=\"Orgelet Johanneskirken - Bergen domkirke menighet\"\/><\/figure>\n<\/details>\n\n\n\n<details class=\"wp-block-details is-layout-flow wp-block-details-is-layout-flow\"><summary>19.09.26 Bergen Cathedral (NO); <a href=\"https:\/\/www.fib.no\/program\/2026\/victoria-ulriksen\" data-type=\"link\" data-id=\"https:\/\/www.fib.no\/program\/2026\/victoria-ulriksen\"><\/a><a href=\"https:\/\/autunnale.no\/\" data-type=\"link\" data-id=\"https:\/\/autunnale.no\/\">Bergen Kirkeautunnale<\/a><\/summary>\n<p>3 pm &#8211; Organ recital during <a href=\"https:\/\/www.fib.no\/program\/2026\/victoria-ulriksen\" data-type=\"link\" data-id=\"https:\/\/www.fib.no\/program\/2026\/victoria-ulriksen\"><\/a><a href=\"https:\/\/autunnale.no\/\" data-type=\"link\" data-id=\"https:\/\/autunnale.no\/\">Bergen Kirkeautunnale<\/a><\/p>\n\n\n\n<figure class=\"wp-block-image size-large\"><img loading=\"lazy\" decoding=\"async\" width=\"1024\" height=\"685\" src=\"https:\/\/victoriaulriksen.no\/wp-content\/uploads\/2025\/11\/standard_compressed_bergen-domkirke_1095-1024x685.jpg\" alt=\"\" class=\"wp-image-994\" srcset=\"https:\/\/victoriaulriksen.no\/wp-content\/uploads\/2025\/11\/standard_compressed_bergen-domkirke_1095-1024x685.jpg 1024w, https:\/\/victoriaulriksen.no\/wp-content\/uploads\/2025\/11\/standard_compressed_bergen-domkirke_1095-300x201.jpg 300w, https:\/\/victoriaulriksen.no\/wp-content\/uploads\/2025\/11\/standard_compressed_bergen-domkirke_1095-768x514.jpg 768w, https:\/\/victoriaulriksen.no\/wp-content\/uploads\/2025\/11\/standard_compressed_bergen-domkirke_1095.jpg 1200w\" sizes=\"auto, (max-width: 1024px) 100vw, 1024px\" \/><\/figure>\n\n\n\n<figure class=\"wp-block-image size-large\"><img loading=\"lazy\" decoding=\"async\" width=\"1024\" height=\"512\" src=\"https:\/\/victoriaulriksen.no\/wp-content\/uploads\/2025\/11\/www.visitbergen-1024x512.jpg\" alt=\"\" class=\"wp-image-995\" srcset=\"https:\/\/victoriaulriksen.no\/wp-content\/uploads\/2025\/11\/www.visitbergen-1024x512.jpg 1024w, https:\/\/victoriaulriksen.no\/wp-content\/uploads\/2025\/11\/www.visitbergen-300x150.jpg 300w, https:\/\/victoriaulriksen.no\/wp-content\/uploads\/2025\/11\/www.visitbergen-768x384.jpg 768w, https:\/\/victoriaulriksen.no\/wp-content\/uploads\/2025\/11\/www.visitbergen-1536x768.jpg 1536w, https:\/\/victoriaulriksen.no\/wp-content\/uploads\/2025\/11\/www.visitbergen.jpg 2000w\" sizes=\"auto, (max-width: 1024px) 100vw, 1024px\" \/><\/figure>\n<\/details>\n\n\n\n<details class=\"wp-block-details is-layout-flow wp-block-details-is-layout-flow\"><summary>20.09 St. Mary&#8217;s Church, Bergen (NO); <a href=\"https:\/\/autunnale.no\/\" data-type=\"link\" data-id=\"https:\/\/autunnale.no\/\">Bergen Kirkeautunnale<\/a> <\/summary>\n<p>3 pm &#8211; Shared recital during <a href=\"https:\/\/autunnale.no\/\" data-type=\"link\" data-id=\"https:\/\/autunnale.no\/\">Bergen Kirkeautunnale<\/a><\/p>\n\n\n\n<figure class=\"wp-block-image\"><img decoding=\"async\" src=\"https:\/\/en.visitbergen.com\/imageresizer\/?image=%2Fdmsimgs%2FMariakirken_Espen_Bakketun_1394111348.jpg&amp;action=ProductDetailExtraLargeNew\" alt=\"St. Mary's Church - visitBergen.com\"\/><\/figure>\n\n\n\n<figure class=\"wp-block-image\"><img decoding=\"async\" src=\"https:\/\/www.kirken.no\/globalassets\/fellesrad\/bergen\/menigheter\/bergen-domkirke-menighet\/kirkene\/orgel_maria_hoyoppl.jpg\" alt=\"Mariakirkens orgel - 5 \u00e5r - Bergen domkirke menighet\"\/><\/figure>\n<\/details>\n\n\n\n<details class=\"wp-block-details is-layout-flow wp-block-details-is-layout-flow\"><summary>22.09.26 Grote of St.-Bavokerk Haarlem (NL)<\/summary>\n<p>8 pm &#8211; Recital at the M\u00fcller organ<\/p>\n\n\n\n<figure class=\"wp-block-image size-full is-resized\"><img loading=\"lazy\" decoding=\"async\" width=\"960\" height=\"1386\" src=\"https:\/\/victoriaulriksen.no\/wp-content\/uploads\/2025\/12\/Hoofdorgel_van_de_Grote_of_Sint-Bavokerk_in_Haarlem.jpg\" alt=\"\" class=\"wp-image-1018\" style=\"width:516px;height:auto\" srcset=\"https:\/\/victoriaulriksen.no\/wp-content\/uploads\/2025\/12\/Hoofdorgel_van_de_Grote_of_Sint-Bavokerk_in_Haarlem.jpg 960w, https:\/\/victoriaulriksen.no\/wp-content\/uploads\/2025\/12\/Hoofdorgel_van_de_Grote_of_Sint-Bavokerk_in_Haarlem-208x300.jpg 208w, https:\/\/victoriaulriksen.no\/wp-content\/uploads\/2025\/12\/Hoofdorgel_van_de_Grote_of_Sint-Bavokerk_in_Haarlem-709x1024.jpg 709w, https:\/\/victoriaulriksen.no\/wp-content\/uploads\/2025\/12\/Hoofdorgel_van_de_Grote_of_Sint-Bavokerk_in_Haarlem-768x1109.jpg 768w\" sizes=\"auto, (max-width: 960px) 100vw, 960px\" \/><\/figure>\n\n\n\n<figure class=\"wp-block-image size-large\"><img loading=\"lazy\" decoding=\"async\" width=\"1024\" height=\"576\" src=\"https:\/\/victoriaulriksen.no\/wp-content\/uploads\/2025\/12\/img_1639060510_1639060525__groteofst-1024x576.jpg\" alt=\"\" class=\"wp-image-1019\" srcset=\"https:\/\/victoriaulriksen.no\/wp-content\/uploads\/2025\/12\/img_1639060510_1639060525__groteofst-1024x576.jpg 1024w, https:\/\/victoriaulriksen.no\/wp-content\/uploads\/2025\/12\/img_1639060510_1639060525__groteofst-300x169.jpg 300w, https:\/\/victoriaulriksen.no\/wp-content\/uploads\/2025\/12\/img_1639060510_1639060525__groteofst-768x432.jpg 768w, https:\/\/victoriaulriksen.no\/wp-content\/uploads\/2025\/12\/img_1639060510_1639060525__groteofst-1536x864.jpg 1536w, https:\/\/victoriaulriksen.no\/wp-content\/uploads\/2025\/12\/img_1639060510_1639060525__groteofst.jpg 1920w\" sizes=\"auto, (max-width: 1024px) 100vw, 1024px\" \/><\/figure>\n<\/details>\n\n\n\n<details class=\"wp-block-details is-layout-flow wp-block-details-is-layout-flow\"><summary>26.09.26 Reformierte Kirche K\u00fcsnacht (CH)<\/summary>\n<p>7 pm &#8211; Recital on the Kuhn<\/p>\n\n\n\n<p>Wagner,&nbsp;Mendelssohn, Nordstoga<\/p>\n\n\n\n<figure class=\"wp-block-image size-large\"><img loading=\"lazy\" decoding=\"async\" width=\"1024\" height=\"683\" src=\"https:\/\/victoriaulriksen.no\/wp-content\/uploads\/2025\/09\/07_bild_ma_05645_hell_0.jpg-1024x683.webp\" alt=\"\" class=\"wp-image-902\" srcset=\"https:\/\/victoriaulriksen.no\/wp-content\/uploads\/2025\/09\/07_bild_ma_05645_hell_0.jpg-1024x683.webp 1024w, https:\/\/victoriaulriksen.no\/wp-content\/uploads\/2025\/09\/07_bild_ma_05645_hell_0.jpg-300x200.webp 300w, https:\/\/victoriaulriksen.no\/wp-content\/uploads\/2025\/09\/07_bild_ma_05645_hell_0.jpg-768x512.webp 768w, https:\/\/victoriaulriksen.no\/wp-content\/uploads\/2025\/09\/07_bild_ma_05645_hell_0.jpg.webp 1350w\" sizes=\"auto, (max-width: 1024px) 100vw, 1024px\" \/><\/figure>\n\n\n\n<figure class=\"wp-block-image size-full\"><img loading=\"lazy\" decoding=\"async\" width=\"900\" height=\"675\" src=\"https:\/\/victoriaulriksen.no\/wp-content\/uploads\/2025\/09\/P7100030kirche-s.jpg\" alt=\"\" class=\"wp-image-903\" srcset=\"https:\/\/victoriaulriksen.no\/wp-content\/uploads\/2025\/09\/P7100030kirche-s.jpg 900w, https:\/\/victoriaulriksen.no\/wp-content\/uploads\/2025\/09\/P7100030kirche-s-300x225.jpg 300w, https:\/\/victoriaulriksen.no\/wp-content\/uploads\/2025\/09\/P7100030kirche-s-768x576.jpg 768w\" sizes=\"auto, (max-width: 900px) 100vw, 900px\" \/><\/figure>\n<\/details>\n\n\n\n<details class=\"wp-block-details is-layout-flow wp-block-details-is-layout-flow\"><summary>10.10.26 Akershus Castle Church (NO)<\/summary>\n<p>Recital during Oslo Organ Festival<\/p>\n\n\n\n<figure class=\"wp-block-image\"><img decoding=\"async\" src=\"https:\/\/tellusdmsmedia.newmindmedia.com\/wsimgs\/Akershus-festning_kveld__c_VisitOSLO_Thomas-Johannessen_880943739_74708145.jpg[ListImageLarge]\" alt=\"Akershus festning\"\/><\/figure>\n\n\n\n<figure class=\"wp-block-image\"><img decoding=\"async\" src=\"https:\/\/images.squarespace-cdn.com\/content\/v1\/552cfb87e4b099037ab92712\/e66a580d-b295-4fc5-855c-968f28675c05\/20240730th-3.jpg\" alt=\"Slottskirkens orgelfest \u2014 KARPEDAMMEN SCENE\"\/><\/figure>\n<\/details>\n\n\n\n<details class=\"wp-block-details is-layout-flow wp-block-details-is-layout-flow\"><summary>22.10.26 Slemmestad Church (NO)<\/summary>\n<p>Organ Recital TBA<\/p>\n<\/details>\n\n\n\n<details class=\"wp-block-details is-layout-flow wp-block-details-is-layout-flow\"><summary>25.10.26 Kristiansand Cathedral (NO)<\/summary>\n<p>7 pm &#8211; Recital on the Klais organ during Church Music Festival<\/p>\n\n\n\n<figure class=\"wp-block-image size-large\"><img loading=\"lazy\" decoding=\"async\" width=\"1024\" height=\"683\" src=\"https:\/\/victoriaulriksen.no\/wp-content\/uploads\/2025\/07\/standard_NTB_UzX8QZamUas-1024x683.jpg\" alt=\"\" class=\"wp-image-871\" srcset=\"https:\/\/victoriaulriksen.no\/wp-content\/uploads\/2025\/07\/standard_NTB_UzX8QZamUas-1024x683.jpg 1024w, https:\/\/victoriaulriksen.no\/wp-content\/uploads\/2025\/07\/standard_NTB_UzX8QZamUas-300x200.jpg 300w, https:\/\/victoriaulriksen.no\/wp-content\/uploads\/2025\/07\/standard_NTB_UzX8QZamUas-768x512.jpg 768w, https:\/\/victoriaulriksen.no\/wp-content\/uploads\/2025\/07\/standard_NTB_UzX8QZamUas.jpg 1200w\" sizes=\"auto, (max-width: 1024px) 100vw, 1024px\" \/><figcaption class=\"wp-element-caption\">Kristiansand  20180821.\nFra torvet i Kristiansand med domkirken.\nFoto: Tor Erik Schr\u00f8der \/ NTB<\/figcaption><\/figure>\n\n\n\n<figure class=\"wp-block-image size-large\"><img loading=\"lazy\" decoding=\"async\" width=\"1024\" height=\"768\" src=\"https:\/\/victoriaulriksen.no\/wp-content\/uploads\/2025\/07\/Kristiansand-DK-043-1024x768.jpg\" alt=\"\" class=\"wp-image-872\" srcset=\"https:\/\/victoriaulriksen.no\/wp-content\/uploads\/2025\/07\/Kristiansand-DK-043-1024x768.jpg 1024w, https:\/\/victoriaulriksen.no\/wp-content\/uploads\/2025\/07\/Kristiansand-DK-043-300x225.jpg 300w, https:\/\/victoriaulriksen.no\/wp-content\/uploads\/2025\/07\/Kristiansand-DK-043-768x576.jpg 768w, https:\/\/victoriaulriksen.no\/wp-content\/uploads\/2025\/07\/Kristiansand-DK-043.jpg 1195w\" sizes=\"auto, (max-width: 1024px) 100vw, 1024px\" \/><\/figure>\n<\/details>\n\n\n\n<details class=\"wp-block-details is-layout-flow wp-block-details-is-layout-flow\"><summary>11.11.26 Bauernkirche Iserlohn&nbsp;(DE); <a href=\"https:\/\/www.orgelglanzlichter.de\/\" data-type=\"link\" data-id=\"https:\/\/www.orgelglanzlichter.de\/\" target=\"_blank\" rel=\"noreferrer noopener\">OrgelGlanzLichter<\/a><\/summary>\n<p>7:30 pm &#8211; Shared concert with Dariia Lytvishko during the festival <a href=\"https:\/\/www.orgelglanzlichter.de\/\" data-type=\"link\" data-id=\"https:\/\/www.orgelglanzlichter.de\/\" target=\"_blank\" rel=\"noreferrer noopener\">OrgelGlanzLichter<\/a><\/p>\n\n\n\n<figure class=\"wp-block-image size-full\"><img loading=\"lazy\" decoding=\"async\" width=\"492\" height=\"512\" src=\"https:\/\/victoriaulriksen.no\/wp-content\/uploads\/2024\/10\/unnamed.jpg\" alt=\"\" class=\"wp-image-594\" srcset=\"https:\/\/victoriaulriksen.no\/wp-content\/uploads\/2024\/10\/unnamed.jpg 492w, https:\/\/victoriaulriksen.no\/wp-content\/uploads\/2024\/10\/unnamed-288x300.jpg 288w\" sizes=\"auto, (max-width: 492px) 100vw, 492px\" \/><\/figure>\n<\/details>\n\n\n\n<details class=\"wp-block-details is-layout-flow wp-block-details-is-layout-flow\"><summary>17.02.27 T\u00f8nsberg Cathedral (NO)<\/summary>\n<p>12 pm &#8211; Lunchtime recital<\/p>\n\n\n\n<figure class=\"wp-block-image size-full\"><img loading=\"lazy\" decoding=\"async\" width=\"800\" height=\"448\" src=\"https:\/\/victoriaulriksen.no\/wp-content\/uploads\/2025\/03\/domkirken_orgel.web_.jpg\" alt=\"\" class=\"wp-image-756\" srcset=\"https:\/\/victoriaulriksen.no\/wp-content\/uploads\/2025\/03\/domkirken_orgel.web_.jpg 800w, https:\/\/victoriaulriksen.no\/wp-content\/uploads\/2025\/03\/domkirken_orgel.web_-300x168.jpg 300w, https:\/\/victoriaulriksen.no\/wp-content\/uploads\/2025\/03\/domkirken_orgel.web_-768x430.jpg 768w\" sizes=\"auto, (max-width: 800px) 100vw, 800px\" \/><\/figure>\n<\/details>\n\n\n\n<details class=\"wp-block-details is-layout-flow wp-block-details-is-layout-flow\"><summary>28.02.27 St. Mary&#8217;s Church, Sigtuna (SE) <\/summary>\n<p>4 pm &#8211; Organ recital<\/p>\n\n\n\n<figure class=\"wp-block-image\"><img decoding=\"async\" src=\"https:\/\/mindtrip.ai\/attractions\/44c9\/ec82\/f0e7\/7d51\/8005\/5b33\/89f3\/954f\" alt=\"Mariakyrkan in Sigtuna | What to Know Before You Go\"\/><\/figure>\n\n\n\n<figure class=\"wp-block-image\"><img decoding=\"async\" src=\"https:\/\/upload.wikimedia.org\/wikipedia\/commons\/f\/f9\/Mariakyrkan_September_2013_01.jpg\" alt=\"Marienkirche (Sigtuna) \u2013 Wikipedia\"\/><\/figure>\n<\/details>\n\n\n\n<details class=\"wp-block-details is-layout-flow wp-block-details-is-layout-flow\"><summary>08.05.27 Ringsaker Church (NO)<\/summary>\n<figure class=\"wp-block-image size-large\"><img loading=\"lazy\" decoding=\"async\" width=\"1024\" height=\"629\" src=\"https:\/\/victoriaulriksen.no\/wp-content\/uploads\/2024\/10\/386782271_647779234154010_8074508402570949871_n-1024x629.jpg\" alt=\"\" class=\"wp-image-531\" srcset=\"https:\/\/victoriaulriksen.no\/wp-content\/uploads\/2024\/10\/386782271_647779234154010_8074508402570949871_n-1024x629.jpg 1024w, https:\/\/victoriaulriksen.no\/wp-content\/uploads\/2024\/10\/386782271_647779234154010_8074508402570949871_n-300x184.jpg 300w, https:\/\/victoriaulriksen.no\/wp-content\/uploads\/2024\/10\/386782271_647779234154010_8074508402570949871_n-768x472.jpg 768w, https:\/\/victoriaulriksen.no\/wp-content\/uploads\/2024\/10\/386782271_647779234154010_8074508402570949871_n-1536x944.jpg 1536w, https:\/\/victoriaulriksen.no\/wp-content\/uploads\/2024\/10\/386782271_647779234154010_8074508402570949871_n.jpg 2048w\" sizes=\"auto, (max-width: 1024px) 100vw, 1024px\" \/><\/figure>\n\n\n\n<p>Recital at the new Rensch organ<\/p>\n<\/details>\n\n\n\n<details class=\"wp-block-details is-layout-flow wp-block-details-is-layout-flow\"><summary>06.06.27 St Giles&#8217; Cathedral, Edinburgh (SCT)<\/summary>\n<p>6 pm &#8211; St Giles&#8217; at Six: Organ recital at the Rieger<\/p>\n\n\n\n<figure class=\"wp-block-image\"><img decoding=\"async\" src=\"https:\/\/static1.squarespace.com\/static\/627bb98b7503e23c3b14b190\/634441cf0a1f2e2bc406a59e\/68591fa3d1169727bb2d7508\/1750672905645\/New+ceiling+organ+6.jpg?format=1500w\" alt=\"Celebrity Organ Recital: James McVinnie \u2014 St Giles Cathedral\"\/><\/figure>\n\n\n\n<figure class=\"wp-block-image\"><img decoding=\"async\" src=\"https:\/\/cityexplorerstours.com\/images\/city-guide\/st-giles-2.jpg\" alt=\"St Giles' Cathedral: Edinburgh's most important church\"\/><\/figure>\n<\/details>\n\n\n\n<details class=\"wp-block-details is-layout-flow wp-block-details-is-layout-flow\"><summary>14.06.27 Christ Church Cathedral, Dublin (IRL)<\/summary>\n<p>6 pm &#8211; Organ Recital Series 2027 in Christ Church Cathedral<\/p>\n\n\n\n<figure class=\"wp-block-image size-full\"><img loading=\"lazy\" decoding=\"async\" width=\"1010\" height=\"520\" src=\"https:\/\/victoriaulriksen.no\/wp-content\/uploads\/2026\/01\/christchurch-cathedral.jpg\" alt=\"\" class=\"wp-image-1035\" srcset=\"https:\/\/victoriaulriksen.no\/wp-content\/uploads\/2026\/01\/christchurch-cathedral.jpg 1010w, https:\/\/victoriaulriksen.no\/wp-content\/uploads\/2026\/01\/christchurch-cathedral-300x154.jpg 300w, https:\/\/victoriaulriksen.no\/wp-content\/uploads\/2026\/01\/christchurch-cathedral-768x395.jpg 768w\" sizes=\"auto, (max-width: 1010px) 100vw, 1010px\" \/><\/figure>\n\n\n\n<figure class=\"wp-block-image size-large\"><img loading=\"lazy\" decoding=\"async\" width=\"1024\" height=\"683\" src=\"https:\/\/victoriaulriksen.no\/wp-content\/uploads\/2026\/01\/Christ-Church-Cathedral_April_Graded_81-scaled-1-1024x683.jpg\" alt=\"\" class=\"wp-image-1037\" srcset=\"https:\/\/victoriaulriksen.no\/wp-content\/uploads\/2026\/01\/Christ-Church-Cathedral_April_Graded_81-scaled-1-1024x683.jpg 1024w, https:\/\/victoriaulriksen.no\/wp-content\/uploads\/2026\/01\/Christ-Church-Cathedral_April_Graded_81-scaled-1-300x200.jpg 300w, https:\/\/victoriaulriksen.no\/wp-content\/uploads\/2026\/01\/Christ-Church-Cathedral_April_Graded_81-scaled-1-768x512.jpg 768w, https:\/\/victoriaulriksen.no\/wp-content\/uploads\/2026\/01\/Christ-Church-Cathedral_April_Graded_81-scaled-1-1536x1024.jpg 1536w, https:\/\/victoriaulriksen.no\/wp-content\/uploads\/2026\/01\/Christ-Church-Cathedral_April_Graded_81-scaled-1-2048x1366.jpg 2048w\" sizes=\"auto, (max-width: 1024px) 100vw, 1024px\" \/><\/figure>\n<\/details>\n\n\n\n<details class=\"wp-block-details is-layout-flow wp-block-details-is-layout-flow\"><summary>22.08.27 Hallgr\u00edmskirkja, Reykjav\u00edk (IS)<\/summary>\n<p>Organ Summer Hallgr\u00edmskirkja 2027<\/p>\n\n\n\n<figure class=\"wp-block-image\"><img decoding=\"async\" src=\"https:\/\/www.tripsavvy.com\/thmb\/jx-fMGdJpIDm7tTih3mwt9LeWqg=\/1500x0\/filters:no_upscale():max_bytes(150000):strip_icc()\/image001WEB-4dc7ad7f838d455fa7ee5ab00e617759.jpg\" alt=\"Hallgrimskirkja: Planning Your Visit\"\/><\/figure>\n\n\n\n<figure class=\"wp-block-image\"><img decoding=\"async\" src=\"https:\/\/casambi.com\/wp-content\/uploads\/2023\/01\/6820c817-5de9-498a-81ef-042bf232e976-casambi-awards-project-picture-2-hallgrimskirkja-02-2000x1335.jpeg\" alt=\"Hallgr\u00edmskirkja - Casambi\"\/><\/figure>\n\n\n\n<figure class=\"wp-block-image\"><img decoding=\"async\" src=\"https:\/\/lp-cms-production.imgix.net\/2019-06\/45788078c1e268be15b41c87422dbd70-hallgrimskirkja.jpg?auto=format,compress&amp;q=72&amp;w=1095&amp;h=821&amp;fit=crop&amp;crop=faces,edges\" alt=\"Hallgr\u00edmskirkja | Attractions - Lonely Planet\"\/><\/figure>\n<\/details>\n\n\n\n<details class=\"wp-block-details is-layout-flow wp-block-details-is-layout-flow\"><summary>22-23.09.28 Nordic Church Music Symposium \/ Bergen Kirkeautunnale (NO)<\/summary>\n<p>2 recitals during the 24th Nordic Church Music Symposium in Bergen \/ Bergen Kirkeautunnale (Festival for Church Music)<\/p>\n\n\n\n<figure class=\"wp-block-image size-large\"><img loading=\"lazy\" decoding=\"async\" width=\"1024\" height=\"685\" src=\"https:\/\/victoriaulriksen.no\/wp-content\/uploads\/2025\/03\/standard_compressed_bergen-domkirke_1095-1024x685.jpg\" alt=\"\" class=\"wp-image-785\" srcset=\"https:\/\/victoriaulriksen.no\/wp-content\/uploads\/2025\/03\/standard_compressed_bergen-domkirke_1095-1024x685.jpg 1024w, https:\/\/victoriaulriksen.no\/wp-content\/uploads\/2025\/03\/standard_compressed_bergen-domkirke_1095-300x201.jpg 300w, https:\/\/victoriaulriksen.no\/wp-content\/uploads\/2025\/03\/standard_compressed_bergen-domkirke_1095-768x514.jpg 768w, https:\/\/victoriaulriksen.no\/wp-content\/uploads\/2025\/03\/standard_compressed_bergen-domkirke_1095.jpg 1200w\" sizes=\"auto, (max-width: 1024px) 100vw, 1024px\" \/><\/figure>\n<\/details>\n\n\n\n<details class=\"wp-block-details is-layout-flow wp-block-details-is-layout-flow\"><summary>12.08.29 Notre-Dame de Paris (FR)<\/summary>\n<p>4 pm &#8211; Organ recital <\/p>\n\n\n\n<figure class=\"wp-block-image\"><img decoding=\"async\" src=\"https:\/\/www.paristoversailles.com\/wp-content\/uploads\/WhatsApp-Image-2025-01-09-at-15.18.41.jpeg\" alt=\"Notre Dame Cathedral Tour: unique experience with a private guide\"\/><\/figure>\n\n\n\n<figure class=\"wp-block-image\"><img decoding=\"async\" src=\"https:\/\/pipeorganmap.com\/static\/images\/paris-cath%C3%A9drale-notre-dame-de-paris\/Great_organ_of_Notre-Dame_de_Paris_2024_6.jpg\" alt=\"Paris, Cath\u00e9drale Notre Dame de Paris | Pipe Organ Map\"\/><\/figure>\n<\/details>\n<\/blockquote>\n\n\n\n<blockquote class=\"wp-block-quote is-style-default is-layout-flow wp-block-quote-is-layout-flow\">\n<p class=\"has-text-align-center\"><strong>PAST SOLO ORGAN CONCERTS<\/strong><\/p>\n\n\n\n<p class=\"has-text-align-center\"><em>Press each location for details<\/em><\/p>\n\n\n\n<details class=\"wp-block-details is-layout-flow wp-block-details-is-layout-flow\"><summary>18.04.26 Trinity Church, Arendal (NO)<\/summary>\n<p>1 pm &#8211; Recital on Norways 4th largest organ<\/p>\n\n\n\n<p>Organized by &laquo;Musikkens Venner Arendal&raquo;<\/p>\n\n\n\n<p>Richard Wagner (1813 &#8211; 1883)<br>Die Walk\u00fcre, WWV 86B: Ride of the Valkyries<br>Arr. Edwin H. Lemare<\/p>\n\n\n\n<p><br>Edvard Grieg (1843-1907)<br>Morgenstemning from Peer Gynt Suite, Op. 46<br>Arr. Martin Schmeding<\/p>\n\n\n\n<p><br>K\u00e5re Nordstoga (1954*)<br>Sharing (composed for Victoria Ulriksen)<br><br>Camille Saint-Sa\u00ebns (1835 &#8211; 1921)<br>Danse Macabre, op. 40, arr. Edwin Lemare<br><br>Maurice Durufl\u00e9 (1902 &#8211; 1986)<br>Suite, Op. 5<br>Pr\u00e9lude<br>Sicilienne<br>Toccata<\/p>\n\n\n\n<figure class=\"wp-block-image size-large\"><img loading=\"lazy\" decoding=\"async\" width=\"1024\" height=\"768\" src=\"https:\/\/victoriaulriksen.no\/wp-content\/uploads\/2025\/05\/Arendal-Trefoldighet-029-1024x768.jpg\" alt=\"\" class=\"wp-image-822\" srcset=\"https:\/\/victoriaulriksen.no\/wp-content\/uploads\/2025\/05\/Arendal-Trefoldighet-029-1024x768.jpg 1024w, https:\/\/victoriaulriksen.no\/wp-content\/uploads\/2025\/05\/Arendal-Trefoldighet-029-300x225.jpg 300w, https:\/\/victoriaulriksen.no\/wp-content\/uploads\/2025\/05\/Arendal-Trefoldighet-029-768x576.jpg 768w, https:\/\/victoriaulriksen.no\/wp-content\/uploads\/2025\/05\/Arendal-Trefoldighet-029.jpg 1195w\" sizes=\"auto, (max-width: 1024px) 100vw, 1024px\" \/><\/figure>\n<\/details>\n\n\n\n<details class=\"wp-block-details is-layout-flow wp-block-details-is-layout-flow\"><summary>16.04.26 Larvik Church (NO)<\/summary>\n<p>12 pm &#8211; Lunchtime recital<\/p>\n\n\n\n<p>Richard Wagner (1813 \u2013 1883)<br>Die Walk\u00fcre, WWV 86B: Ride of the Valkyries<br>Arr. Edwin H. Lemare<\/p>\n\n\n\n<p>Edvard Grieg (1843-1907)<br>Morgenstemning from Peer Gynt Suite, Op. 46<br>Arr. Martin Schmeding<\/p>\n\n\n\n<p>K\u00e5re Nordstoga (1954*)<br>Sharing (composed for Victoria Ulriksen)<\/p>\n\n\n\n<p>Maurice Durufl\u00e9 (1902 \u2013 1986)<br>Toccata fra Suite, Op. 5<\/p>\n\n\n\n<figure class=\"wp-block-image size-large\"><img loading=\"lazy\" decoding=\"async\" width=\"1024\" height=\"688\" src=\"https:\/\/victoriaulriksen.no\/wp-content\/uploads\/2025\/08\/standard_Larvik.06-1024x688.png\" alt=\"\" class=\"wp-image-891\" srcset=\"https:\/\/victoriaulriksen.no\/wp-content\/uploads\/2025\/08\/standard_Larvik.06-1024x688.png 1024w, https:\/\/victoriaulriksen.no\/wp-content\/uploads\/2025\/08\/standard_Larvik.06-300x202.png 300w, https:\/\/victoriaulriksen.no\/wp-content\/uploads\/2025\/08\/standard_Larvik.06-768x516.png 768w, https:\/\/victoriaulriksen.no\/wp-content\/uploads\/2025\/08\/standard_Larvik.06.png 1200w\" sizes=\"auto, (max-width: 1024px) 100vw, 1024px\" \/><\/figure>\n\n\n\n<figure class=\"wp-block-image size-full\"><img loading=\"lazy\" decoding=\"async\" width=\"732\" height=\"448\" src=\"https:\/\/victoriaulriksen.no\/wp-content\/uploads\/2025\/08\/larvik-menighet-2.jpg\" alt=\"\" class=\"wp-image-892\" srcset=\"https:\/\/victoriaulriksen.no\/wp-content\/uploads\/2025\/08\/larvik-menighet-2.jpg 732w, https:\/\/victoriaulriksen.no\/wp-content\/uploads\/2025\/08\/larvik-menighet-2-300x184.jpg 300w\" sizes=\"auto, (max-width: 732px) 100vw, 732px\" \/><\/figure>\n<\/details>\n\n\n\n<details class=\"wp-block-details is-layout-flow wp-block-details-is-layout-flow\"><summary>15.04.26 Rykkinn, B\u00e6rum (NO)<\/summary>\n<p>12 pm &#8211; Private Piano Recital<\/p>\n<\/details>\n\n\n\n<details class=\"wp-block-details is-layout-flow wp-block-details-is-layout-flow\"><summary>05.04.26 Brumunddal Church (NO)<\/summary>\n<p>7 pm &#8211; Organ recital<\/p>\n\n\n\n<p>Walther \/ Bach \/ Grieg<\/p>\n\n\n\n<figure class=\"wp-block-image\"><img decoding=\"async\" src=\"https:\/\/media.snl.no\/media\/253915\/standard_compressed_Brumunddal-kirke.07.png\" alt=\"Brumunddal kirke \u2013 Store norske leksikon\"\/><\/figure>\n<\/details>\n\n\n\n<details class=\"wp-block-details is-layout-flow wp-block-details-is-layout-flow\"><summary>12.03.26 Truro Cathedral (UK)<\/summary>\n<p>1:10 pm &#8211; Opening of the <a href=\"https:\/\/www.youtube.com\/watch?v=PCKJN9gbqR8\" data-type=\"link\" data-id=\"https:\/\/www.youtube.com\/watch?v=PCKJN9gbqR8\">Live-streamed lunchtime recital series<\/a><\/p>\n\n\n\n<figure class=\"wp-block-image size-full\"><img loading=\"lazy\" decoding=\"async\" width=\"1000\" height=\"900\" src=\"https:\/\/victoriaulriksen.no\/wp-content\/uploads\/2025\/04\/truro-cathedral.webp\" alt=\"\" class=\"wp-image-790\" srcset=\"https:\/\/victoriaulriksen.no\/wp-content\/uploads\/2025\/04\/truro-cathedral.webp 1000w, https:\/\/victoriaulriksen.no\/wp-content\/uploads\/2025\/04\/truro-cathedral-300x270.webp 300w, https:\/\/victoriaulriksen.no\/wp-content\/uploads\/2025\/04\/truro-cathedral-768x691.webp 768w\" sizes=\"auto, (max-width: 1000px) 100vw, 1000px\" \/><\/figure>\n<\/details>\n\n\n\n<details class=\"wp-block-details is-layout-flow wp-block-details-is-layout-flow\"><summary>10.03.26 Bristol Cathedral (UK)<\/summary>\n<p>1:15 pm &#8211; Piano recital<\/p>\n\n\n\n<figure class=\"wp-block-image size-full\"><img loading=\"lazy\" decoding=\"async\" width=\"900\" height=\"500\" src=\"https:\/\/victoriaulriksen.no\/wp-content\/uploads\/2025\/09\/west-end-of-bristol-cathedral.jpg\" alt=\"\" class=\"wp-image-910\" srcset=\"https:\/\/victoriaulriksen.no\/wp-content\/uploads\/2025\/09\/west-end-of-bristol-cathedral.jpg 900w, https:\/\/victoriaulriksen.no\/wp-content\/uploads\/2025\/09\/west-end-of-bristol-cathedral-300x167.jpg 300w, https:\/\/victoriaulriksen.no\/wp-content\/uploads\/2025\/09\/west-end-of-bristol-cathedral-768x427.jpg 768w\" sizes=\"auto, (max-width: 900px) 100vw, 900px\" \/><\/figure>\n\n\n\n<figure class=\"wp-block-image size-full\"><img loading=\"lazy\" decoding=\"async\" width=\"1024\" height=\"682\" src=\"https:\/\/victoriaulriksen.no\/wp-content\/uploads\/2025\/09\/Music-and-services.-1024x682-1.jpg\" alt=\"\" class=\"wp-image-911\" srcset=\"https:\/\/victoriaulriksen.no\/wp-content\/uploads\/2025\/09\/Music-and-services.-1024x682-1.jpg 1024w, https:\/\/victoriaulriksen.no\/wp-content\/uploads\/2025\/09\/Music-and-services.-1024x682-1-300x200.jpg 300w, https:\/\/victoriaulriksen.no\/wp-content\/uploads\/2025\/09\/Music-and-services.-1024x682-1-768x512.jpg 768w\" sizes=\"auto, (max-width: 1024px) 100vw, 1024px\" \/><\/figure>\n<\/details>\n\n\n\n<details class=\"wp-block-details is-layout-flow wp-block-details-is-layout-flow\"><summary>09.03.26 Southwark Cathedral (UK)<\/summary>\n<p>1:20 pm &#8211; Lunchtime recital<\/p>\n\n\n\n<figure class=\"wp-block-image size-full\"><img loading=\"lazy\" decoding=\"async\" width=\"520\" height=\"390\" src=\"https:\/\/victoriaulriksen.no\/wp-content\/uploads\/2024\/10\/Northwest_View_of_Southwark_Cathedral_01.jpg\" alt=\"\" class=\"wp-image-507\" srcset=\"https:\/\/victoriaulriksen.no\/wp-content\/uploads\/2024\/10\/Northwest_View_of_Southwark_Cathedral_01.jpg 520w, https:\/\/victoriaulriksen.no\/wp-content\/uploads\/2024\/10\/Northwest_View_of_Southwark_Cathedral_01-300x225.jpg 300w\" sizes=\"auto, (max-width: 520px) 100vw, 520px\" \/><\/figure>\n<\/details>\n\n\n\n<details class=\"wp-block-details is-layout-flow wp-block-details-is-layout-flow\"><summary>05.03.26 Christchurch Priory, Dorset (UK)<\/summary>\n<p>12:30 pm &#8211; Lunchtime recital<\/p>\n\n\n\n<p>Richard Wagner (1813 \u2013 1883)<br>Die Walk\u00fcre, WWV 86B: Ride of the Valkyries<br>Arr. Edwin H. Lemare<\/p>\n\n\n\n<p>Edvard Grieg (1843\u20131907)<br>From the Peer Gynt Suite, Op. 46: <\/p>\n\n\n\n<p><em>Morning&nbsp;Mood<\/em><br>Arr. Martin Schmeding (*1975) \/ Victoria Ulriksen (*2006)<\/p>\n\n\n\n<p>Maurice Durufl\u00e9 (1902-1986)<br>Suite, Op. 5<br>Pr\u00e9lude<br>Sicilienne<br>Toccata<\/p>\n\n\n\n<figure class=\"wp-block-image size-full\"><img loading=\"lazy\" decoding=\"async\" width=\"756\" height=\"1000\" src=\"https:\/\/victoriaulriksen.no\/wp-content\/uploads\/2025\/02\/u85-Christchurch-Priory-South-Transept-Case.jpg\" alt=\"\" class=\"wp-image-725\" srcset=\"https:\/\/victoriaulriksen.no\/wp-content\/uploads\/2025\/02\/u85-Christchurch-Priory-South-Transept-Case.jpg 756w, https:\/\/victoriaulriksen.no\/wp-content\/uploads\/2025\/02\/u85-Christchurch-Priory-South-Transept-Case-227x300.jpg 227w\" sizes=\"auto, (max-width: 756px) 100vw, 756px\" \/><\/figure>\n\n\n\n<figure class=\"wp-block-image size-full\"><img loading=\"lazy\" decoding=\"async\" width=\"910\" height=\"705\" src=\"https:\/\/victoriaulriksen.no\/wp-content\/uploads\/2025\/02\/675ab67857e38c30a9ef39cb_Christchurch-Priory-1.jpg\" alt=\"\" class=\"wp-image-726\" srcset=\"https:\/\/victoriaulriksen.no\/wp-content\/uploads\/2025\/02\/675ab67857e38c30a9ef39cb_Christchurch-Priory-1.jpg 910w, https:\/\/victoriaulriksen.no\/wp-content\/uploads\/2025\/02\/675ab67857e38c30a9ef39cb_Christchurch-Priory-1-300x232.jpg 300w, https:\/\/victoriaulriksen.no\/wp-content\/uploads\/2025\/02\/675ab67857e38c30a9ef39cb_Christchurch-Priory-1-768x595.jpg 768w\" sizes=\"auto, (max-width: 910px) 100vw, 910px\" \/><\/figure>\n<\/details>\n\n\n\n<details class=\"wp-block-details is-layout-flow wp-block-details-is-layout-flow\"><summary>03.03.26 Wakefield Cathedral (UK)<\/summary>\n<p>1 pm &#8211; Organ recital <\/p>\n\n\n\n<p>Richard Wagner (1813 \u2013 1883)<br>Die Walk\u00fcre, WWV 86B: Ride of the Valkyries<br>Arr. Edwin H. Lemare<\/p>\n\n\n\n<p>Edvard Grieg (1843\u20131907)<br>From the Peer Gynt Suite, Op. 46:<\/p>\n\n\n\n<p><em>Morning&nbsp;Mood<\/em><br>Arr. Martin Schmeding (*1975) \/ Victoria Ulriksen (*2006)<\/p>\n\n\n\n<p>Maurice Durufl\u00e9 (1902-1986)<br>Suite, Op. 5<br>Pr\u00e9lude<br>Sicilienne<br>Toccata<\/p>\n\n\n\n<figure class=\"wp-block-image size-large\"><img loading=\"lazy\" decoding=\"async\" width=\"1024\" height=\"683\" src=\"https:\/\/victoriaulriksen.no\/wp-content\/uploads\/2025\/02\/MAF-128-1024x683.jpg\" alt=\"\" class=\"wp-image-735\" srcset=\"https:\/\/victoriaulriksen.no\/wp-content\/uploads\/2025\/02\/MAF-128-1024x683.jpg 1024w, https:\/\/victoriaulriksen.no\/wp-content\/uploads\/2025\/02\/MAF-128-300x200.jpg 300w, https:\/\/victoriaulriksen.no\/wp-content\/uploads\/2025\/02\/MAF-128-768x512.jpg 768w, https:\/\/victoriaulriksen.no\/wp-content\/uploads\/2025\/02\/MAF-128-1536x1024.jpg 1536w, https:\/\/victoriaulriksen.no\/wp-content\/uploads\/2025\/02\/MAF-128.jpg 1600w\" sizes=\"auto, (max-width: 1024px) 100vw, 1024px\" \/><\/figure>\n\n\n\n<figure class=\"wp-block-image size-full is-resized\"><img loading=\"lazy\" decoding=\"async\" width=\"1600\" height=\"1067\" src=\"https:\/\/victoriaulriksen.no\/wp-content\/uploads\/2025\/02\/MAF-16.jpg\" alt=\"\" class=\"wp-image-737\" style=\"width:519px;height:auto\" srcset=\"https:\/\/victoriaulriksen.no\/wp-content\/uploads\/2025\/02\/MAF-16.jpg 1600w, https:\/\/victoriaulriksen.no\/wp-content\/uploads\/2025\/02\/MAF-16-300x200.jpg 300w, https:\/\/victoriaulriksen.no\/wp-content\/uploads\/2025\/02\/MAF-16-1024x683.jpg 1024w, https:\/\/victoriaulriksen.no\/wp-content\/uploads\/2025\/02\/MAF-16-768x512.jpg 768w, https:\/\/victoriaulriksen.no\/wp-content\/uploads\/2025\/02\/MAF-16-1536x1024.jpg 1536w\" sizes=\"auto, (max-width: 1600px) 100vw, 1600px\" \/><\/figure>\n<\/details>\n\n\n\n<details class=\"wp-block-details is-layout-flow wp-block-details-is-layout-flow\"><summary>25.02.26 T\u00f8nsberg Cathedral (NO)<\/summary>\n<p>12 pm &#8211; Lunchtime recital<\/p>\n\n\n\n<p>Wagner &amp; Durufl\u00e9<\/p>\n\n\n\n<figure class=\"wp-block-image size-full\"><img loading=\"lazy\" decoding=\"async\" width=\"800\" height=\"448\" src=\"https:\/\/victoriaulriksen.no\/wp-content\/uploads\/2025\/03\/domkirken_orgel.web_.jpg\" alt=\"\" class=\"wp-image-756\" srcset=\"https:\/\/victoriaulriksen.no\/wp-content\/uploads\/2025\/03\/domkirken_orgel.web_.jpg 800w, https:\/\/victoriaulriksen.no\/wp-content\/uploads\/2025\/03\/domkirken_orgel.web_-300x168.jpg 300w, https:\/\/victoriaulriksen.no\/wp-content\/uploads\/2025\/03\/domkirken_orgel.web_-768x430.jpg 768w\" sizes=\"auto, (max-width: 800px) 100vw, 800px\" \/><\/figure>\n<\/details>\n\n\n\n<details class=\"wp-block-details is-layout-flow wp-block-details-is-layout-flow\"><summary>16.02.26 Ullern Church (NO)<\/summary>\n<p>12 pm &#8211; Recital on the \u00c5kerman &amp; Lund (1987)<\/p>\n\n\n\n<p>Messiaen \/ Durufl\u00e9 Suite \/ Grieg<\/p>\n\n\n\n<figure class=\"wp-block-image size-large\"><img loading=\"lazy\" decoding=\"async\" width=\"1024\" height=\"767\" src=\"https:\/\/victoriaulriksen.no\/wp-content\/uploads\/2024\/11\/2017_ullern-kirke_drone_rasmusba-kopi-1-1024x767.webp\" alt=\"\" class=\"wp-image-626\" srcset=\"https:\/\/victoriaulriksen.no\/wp-content\/uploads\/2024\/11\/2017_ullern-kirke_drone_rasmusba-kopi-1-1024x767.webp 1024w, https:\/\/victoriaulriksen.no\/wp-content\/uploads\/2024\/11\/2017_ullern-kirke_drone_rasmusba-kopi-1-300x225.webp 300w, https:\/\/victoriaulriksen.no\/wp-content\/uploads\/2024\/11\/2017_ullern-kirke_drone_rasmusba-kopi-1-768x576.webp 768w, https:\/\/victoriaulriksen.no\/wp-content\/uploads\/2024\/11\/2017_ullern-kirke_drone_rasmusba-kopi-1-1536x1151.webp 1536w, https:\/\/victoriaulriksen.no\/wp-content\/uploads\/2024\/11\/2017_ullern-kirke_drone_rasmusba-kopi-1-2048x1535.webp 2048w\" sizes=\"auto, (max-width: 1024px) 100vw, 1024px\" \/><\/figure>\n<\/details>\n\n\n\n<details class=\"wp-block-details is-layout-flow wp-block-details-is-layout-flow\"><summary>29.01.26 Peterskirche, Leipzig (DE)<\/summary>\n<p>12 pm &#8211; Orgel-Punkt-Zw\u00f6lf<\/p>\n\n\n\n<figure class=\"wp-block-image size-large\"><img loading=\"lazy\" decoding=\"async\" width=\"726\" height=\"1024\" src=\"https:\/\/victoriaulriksen.no\/wp-content\/uploads\/2025\/03\/Peterskirche_Leipzig_-_Schaeffer-726x1024.jpg\" alt=\"\" class=\"wp-image-761\" srcset=\"https:\/\/victoriaulriksen.no\/wp-content\/uploads\/2025\/03\/Peterskirche_Leipzig_-_Schaeffer-726x1024.jpg 726w, https:\/\/victoriaulriksen.no\/wp-content\/uploads\/2025\/03\/Peterskirche_Leipzig_-_Schaeffer-213x300.jpg 213w, https:\/\/victoriaulriksen.no\/wp-content\/uploads\/2025\/03\/Peterskirche_Leipzig_-_Schaeffer-768x1083.jpg 768w, https:\/\/victoriaulriksen.no\/wp-content\/uploads\/2025\/03\/Peterskirche_Leipzig_-_Schaeffer-1089x1536.jpg 1089w, https:\/\/victoriaulriksen.no\/wp-content\/uploads\/2025\/03\/Peterskirche_Leipzig_-_Schaeffer.jpg 1200w\" sizes=\"auto, (max-width: 726px) 100vw, 726px\" \/><\/figure>\n<\/details>\n\n\n\n<details class=\"wp-block-details is-layout-flow wp-block-details-is-layout-flow\"><summary>03.01.26 Ringsaker Church (NO)<\/summary>\n<figure class=\"wp-block-image size-large\"><img loading=\"lazy\" decoding=\"async\" width=\"1024\" height=\"629\" src=\"https:\/\/victoriaulriksen.no\/wp-content\/uploads\/2024\/10\/386782271_647779234154010_8074508402570949871_n-1024x629.jpg\" alt=\"\" class=\"wp-image-531\" srcset=\"https:\/\/victoriaulriksen.no\/wp-content\/uploads\/2024\/10\/386782271_647779234154010_8074508402570949871_n-1024x629.jpg 1024w, https:\/\/victoriaulriksen.no\/wp-content\/uploads\/2024\/10\/386782271_647779234154010_8074508402570949871_n-300x184.jpg 300w, https:\/\/victoriaulriksen.no\/wp-content\/uploads\/2024\/10\/386782271_647779234154010_8074508402570949871_n-768x472.jpg 768w, https:\/\/victoriaulriksen.no\/wp-content\/uploads\/2024\/10\/386782271_647779234154010_8074508402570949871_n-1536x944.jpg 1536w, https:\/\/victoriaulriksen.no\/wp-content\/uploads\/2024\/10\/386782271_647779234154010_8074508402570949871_n.jpg 2048w\" sizes=\"auto, (max-width: 1024px) 100vw, 1024px\" \/><\/figure>\n\n\n\n<p>3 pm &#8211; Recital at the opening festival of the new Rensch organ<\/p>\n<\/details>\n\n\n\n<details class=\"wp-block-details is-layout-flow wp-block-details-is-layout-flow\"><summary>01.01.26 Stockholm City Hall (SE); <a href=\"https:\/\/stadshuset.stockholm\/aktuellt\/kalendarium\/2026\/01\/nyarskonsert\/\" data-type=\"link\" data-id=\"https:\/\/stadshuset.stockholm\/aktuellt\/kalendarium\/2026\/01\/nyarskonsert\/\">Traditional New Years Recitals<\/a><\/summary>\n<p>4 pm &#8211; <a href=\"https:\/\/stadshuset.stockholm\/aktuellt\/kalendarium\/2026\/01\/nyarskonsert\/\" data-type=\"link\" data-id=\"https:\/\/stadshuset.stockholm\/aktuellt\/kalendarium\/2026\/01\/nyarskonsert\/\">Traditional New Years Recitals<\/a><\/p>\n\n\n\n<figure class=\"wp-block-image size-full\"><img loading=\"lazy\" decoding=\"async\" width=\"900\" height=\"643\" src=\"https:\/\/victoriaulriksen.no\/wp-content\/uploads\/2025\/07\/Stockholm-City-Hall-1-of-1.jpg\" alt=\"\" class=\"wp-image-857\" srcset=\"https:\/\/victoriaulriksen.no\/wp-content\/uploads\/2025\/07\/Stockholm-City-Hall-1-of-1.jpg 900w, https:\/\/victoriaulriksen.no\/wp-content\/uploads\/2025\/07\/Stockholm-City-Hall-1-of-1-300x214.jpg 300w, https:\/\/victoriaulriksen.no\/wp-content\/uploads\/2025\/07\/Stockholm-City-Hall-1-of-1-768x549.jpg 768w\" sizes=\"auto, (max-width: 900px) 100vw, 900px\" \/><\/figure>\n\n\n\n<figure class=\"wp-block-image size-full\"><img loading=\"lazy\" decoding=\"async\" width=\"730\" height=\"547\" src=\"https:\/\/victoriaulriksen.no\/wp-content\/uploads\/2025\/07\/organspace_800x600_organs_stadshuset.webp\" alt=\"\" class=\"wp-image-858\" srcset=\"https:\/\/victoriaulriksen.no\/wp-content\/uploads\/2025\/07\/organspace_800x600_organs_stadshuset.webp 730w, https:\/\/victoriaulriksen.no\/wp-content\/uploads\/2025\/07\/organspace_800x600_organs_stadshuset-300x225.webp 300w\" sizes=\"auto, (max-width: 730px) 100vw, 730px\" \/><\/figure>\n<\/details>\n\n\n\n<details class=\"wp-block-details is-layout-flow wp-block-details-is-layout-flow\"><summary>01.01.26 Stockholm City Hall (SE); <a href=\"https:\/\/stadshuset.stockholm\/aktuellt\/kalendarium\/2026\/01\/nyarskonsert\/\" data-type=\"link\" data-id=\"https:\/\/stadshuset.stockholm\/aktuellt\/kalendarium\/2026\/01\/nyarskonsert\/\">Traditional New Years Recitals<\/a><\/summary>\n<p>1:30 pm &#8211; <a href=\"https:\/\/stadshuset.stockholm\/aktuellt\/kalendarium\/2026\/01\/nyarskonsert\/\" data-type=\"link\" data-id=\"https:\/\/stadshuset.stockholm\/aktuellt\/kalendarium\/2026\/01\/nyarskonsert\/\">Traditional New Years Recitals<\/a><\/p>\n\n\n\n<figure class=\"wp-block-image size-full\"><img loading=\"lazy\" decoding=\"async\" width=\"900\" height=\"643\" src=\"https:\/\/victoriaulriksen.no\/wp-content\/uploads\/2025\/07\/Stockholm-City-Hall-1-of-1.jpg\" alt=\"\" class=\"wp-image-857\" srcset=\"https:\/\/victoriaulriksen.no\/wp-content\/uploads\/2025\/07\/Stockholm-City-Hall-1-of-1.jpg 900w, https:\/\/victoriaulriksen.no\/wp-content\/uploads\/2025\/07\/Stockholm-City-Hall-1-of-1-300x214.jpg 300w, https:\/\/victoriaulriksen.no\/wp-content\/uploads\/2025\/07\/Stockholm-City-Hall-1-of-1-768x549.jpg 768w\" sizes=\"auto, (max-width: 900px) 100vw, 900px\" \/><\/figure>\n\n\n\n<figure class=\"wp-block-image size-full\"><img loading=\"lazy\" decoding=\"async\" width=\"730\" height=\"547\" src=\"https:\/\/victoriaulriksen.no\/wp-content\/uploads\/2025\/07\/organspace_800x600_organs_stadshuset.webp\" alt=\"\" class=\"wp-image-858\" srcset=\"https:\/\/victoriaulriksen.no\/wp-content\/uploads\/2025\/07\/organspace_800x600_organs_stadshuset.webp 730w, https:\/\/victoriaulriksen.no\/wp-content\/uploads\/2025\/07\/organspace_800x600_organs_stadshuset-300x225.webp 300w\" sizes=\"auto, (max-width: 730px) 100vw, 730px\" \/><\/figure>\n<\/details>\n\n\n\n<details class=\"wp-block-details is-layout-flow wp-block-details-is-layout-flow\"><summary>23.11.26 Igreja de Nossa Senhora da Maia (PT); <a href=\"https:\/\/fioms.pt\/\" data-type=\"link\" data-id=\"https:\/\/fioms.pt\/\">Internacional de \u00d3rg\u00e3o e M\u00fasica Sacra<\/a><\/summary>\n<p>9:30 pm &#8211; <a href=\"https:\/\/fioms.pt\/\" data-type=\"link\" data-id=\"https:\/\/fioms.pt\/\">Internacional de \u00d3rg\u00e3o e M\u00fasica Sacra<\/a><\/p>\n\n\n\n<p>Saint-Sa\u00ebns Organ Symphony with Banda Sinf\u00f3nica Portuguesa under Maestro Jos\u00e9 Rafael Pascoal Vilaplana<\/p>\n\n\n\n<p>Maurice Durufl\u00e9: Suite Op. 5<\/p>\n\n\n\n<figure class=\"wp-block-image size-full\"><img loading=\"lazy\" decoding=\"async\" width=\"600\" height=\"400\" src=\"https:\/\/victoriaulriksen.no\/wp-content\/uploads\/2025\/10\/CCF_5322-600x400-1.webp\" alt=\"\" class=\"wp-image-956\" srcset=\"https:\/\/victoriaulriksen.no\/wp-content\/uploads\/2025\/10\/CCF_5322-600x400-1.webp 600w, https:\/\/victoriaulriksen.no\/wp-content\/uploads\/2025\/10\/CCF_5322-600x400-1-300x200.webp 300w\" sizes=\"auto, (max-width: 600px) 100vw, 600px\" \/><\/figure>\n\n\n\n<figure class=\"wp-block-image size-large\"><img loading=\"lazy\" decoding=\"async\" width=\"1024\" height=\"562\" src=\"https:\/\/victoriaulriksen.no\/wp-content\/uploads\/2025\/10\/CCF_5276-2048x1123-1-1024x562.webp\" alt=\"\" class=\"wp-image-957\" srcset=\"https:\/\/victoriaulriksen.no\/wp-content\/uploads\/2025\/10\/CCF_5276-2048x1123-1-1024x562.webp 1024w, https:\/\/victoriaulriksen.no\/wp-content\/uploads\/2025\/10\/CCF_5276-2048x1123-1-300x165.webp 300w, https:\/\/victoriaulriksen.no\/wp-content\/uploads\/2025\/10\/CCF_5276-2048x1123-1-768x421.webp 768w, https:\/\/victoriaulriksen.no\/wp-content\/uploads\/2025\/10\/CCF_5276-2048x1123-1-1536x842.webp 1536w, https:\/\/victoriaulriksen.no\/wp-content\/uploads\/2025\/10\/CCF_5276-2048x1123-1.webp 2048w\" sizes=\"auto, (max-width: 1024px) 100vw, 1024px\" \/><\/figure>\n<\/details>\n\n\n\n<details class=\"wp-block-details is-layout-flow wp-block-details-is-layout-flow\"><summary>22.11.26 Lapa Church, Porto (PT); <a href=\"https:\/\/fioms.pt\/\" data-type=\"link\" data-id=\"https:\/\/fioms.pt\/\">Internacional de \u00d3rg\u00e3o e M\u00fasica Sacra<\/a><\/summary>\n<p>9:30 pm &#8211; <a href=\"https:\/\/fioms.pt\/\" data-type=\"link\" data-id=\"https:\/\/fioms.pt\/\">Internacional de \u00d3rg\u00e3o e M\u00fasica Sacra<\/a><\/p>\n\n\n\n<p>Concerto de Santa Cec\u00edlia; Saint-Sa\u00ebns Organ Symphony with Banda Sinf\u00f3nica Portuguesa under Maestro Jos\u00e9 Rafael Pascoal Vilaplana<\/p>\n\n\n\n<p>Maurice Durufl\u00e9: Suite Op. 5<\/p>\n\n\n\n<figure class=\"wp-block-image size-full\"><img loading=\"lazy\" decoding=\"async\" width=\"928\" height=\"592\" src=\"https:\/\/victoriaulriksen.no\/wp-content\/uploads\/2025\/10\/1768606.jpg\" alt=\"\" class=\"wp-image-954\" srcset=\"https:\/\/victoriaulriksen.no\/wp-content\/uploads\/2025\/10\/1768606.jpg 928w, https:\/\/victoriaulriksen.no\/wp-content\/uploads\/2025\/10\/1768606-300x191.jpg 300w, https:\/\/victoriaulriksen.no\/wp-content\/uploads\/2025\/10\/1768606-768x490.jpg 768w\" sizes=\"auto, (max-width: 928px) 100vw, 928px\" \/><\/figure>\n\n\n\n<figure class=\"wp-block-image size-full\"><img loading=\"lazy\" decoding=\"async\" width=\"1024\" height=\"535\" src=\"https:\/\/victoriaulriksen.no\/wp-content\/uploads\/2025\/10\/igreja-da-lapa-porto.jpg\" alt=\"\" class=\"wp-image-955\" srcset=\"https:\/\/victoriaulriksen.no\/wp-content\/uploads\/2025\/10\/igreja-da-lapa-porto.jpg 1024w, https:\/\/victoriaulriksen.no\/wp-content\/uploads\/2025\/10\/igreja-da-lapa-porto-300x157.jpg 300w, https:\/\/victoriaulriksen.no\/wp-content\/uploads\/2025\/10\/igreja-da-lapa-porto-768x401.jpg 768w\" sizes=\"auto, (max-width: 1024px) 100vw, 1024px\" \/><\/figure>\n<\/details>\n\n\n\n<details class=\"wp-block-details is-layout-flow wp-block-details-is-layout-flow\"><summary>16.11.25 Fet Church (NO)<\/summary>\n<p>6 pm &#8211; Recital on the new Frobenius organ<\/p>\n\n\n\n<figure class=\"wp-block-image size-full\"><img loading=\"lazy\" decoding=\"async\" width=\"840\" height=\"678\" src=\"https:\/\/victoriaulriksen.no\/wp-content\/uploads\/2025\/02\/Fet-kirke-1.webp\" alt=\"\" class=\"wp-image-741\" srcset=\"https:\/\/victoriaulriksen.no\/wp-content\/uploads\/2025\/02\/Fet-kirke-1.webp 840w, https:\/\/victoriaulriksen.no\/wp-content\/uploads\/2025\/02\/Fet-kirke-1-300x242.webp 300w, https:\/\/victoriaulriksen.no\/wp-content\/uploads\/2025\/02\/Fet-kirke-1-768x620.webp 768w\" sizes=\"auto, (max-width: 840px) 100vw, 840px\" \/><\/figure>\n<\/details>\n\n\n\n<details class=\"wp-block-details is-layout-flow wp-block-details-is-layout-flow\"><summary>15.11.25 Oslo Cathedral (NO)<\/summary>\n<p>12 pm &#8211; Shared recital at the Ryde &amp; Berg; Collaboration project between the Cathedral and NMH<\/p>\n\n\n\n<figure class=\"wp-block-image size-full\"><img loading=\"lazy\" decoding=\"async\" width=\"640\" height=\"480\" src=\"https:\/\/victoriaulriksen.no\/wp-content\/uploads\/2025\/02\/Oslo_Domkirke_orgel.jpg\" alt=\"\" class=\"wp-image-702\" srcset=\"https:\/\/victoriaulriksen.no\/wp-content\/uploads\/2025\/02\/Oslo_Domkirke_orgel.jpg 640w, https:\/\/victoriaulriksen.no\/wp-content\/uploads\/2025\/02\/Oslo_Domkirke_orgel-300x225.jpg 300w\" sizes=\"auto, (max-width: 640px) 100vw, 640px\" \/><\/figure>\n<\/details>\n\n\n\n<details class=\"wp-block-details is-layout-flow wp-block-details-is-layout-flow\"><summary>14.11.25 Eidsberg Church (NO)<\/summary>\n<p>6 pm &#8211; Recital during the 25-year anniversary of the Ryde &amp; Berg organ<\/p>\n\n\n\n<figure class=\"wp-block-image size-full\"><img loading=\"lazy\" decoding=\"async\" width=\"550\" height=\"413\" src=\"https:\/\/victoriaulriksen.no\/wp-content\/uploads\/2025\/02\/slitu.jpg\" alt=\"\" class=\"wp-image-742\" srcset=\"https:\/\/victoriaulriksen.no\/wp-content\/uploads\/2025\/02\/slitu.jpg 550w, https:\/\/victoriaulriksen.no\/wp-content\/uploads\/2025\/02\/slitu-300x225.jpg 300w\" sizes=\"auto, (max-width: 550px) 100vw, 550px\" \/><\/figure>\n\n\n\n<figure class=\"wp-block-image size-full is-resized\"><img loading=\"lazy\" decoding=\"async\" width=\"399\" height=\"600\" src=\"https:\/\/victoriaulriksen.no\/wp-content\/uploads\/2025\/02\/DSC_1964-kopi.jpg\" alt=\"\" class=\"wp-image-743\" style=\"width:516px;height:auto\" srcset=\"https:\/\/victoriaulriksen.no\/wp-content\/uploads\/2025\/02\/DSC_1964-kopi.jpg 399w, https:\/\/victoriaulriksen.no\/wp-content\/uploads\/2025\/02\/DSC_1964-kopi-200x300.jpg 200w\" sizes=\"auto, (max-width: 399px) 100vw, 399px\" \/><\/figure>\n<\/details>\n\n\n\n<details class=\"wp-block-details is-layout-flow wp-block-details-is-layout-flow\"><summary>07.11.2025 St. Mari\u00e4 Himmelfahrt, D\u00fcsseldorf-Unterbach (DE)<\/summary>\n<p>&laquo;FreitagsMusik&raquo; on the Romanus Seifert &amp; Sohn organ<\/p>\n\n\n\n<figure class=\"wp-block-image size-large\"><img loading=\"lazy\" decoding=\"async\" width=\"1024\" height=\"685\" src=\"https:\/\/victoriaulriksen.no\/wp-content\/uploads\/2024\/11\/St._Mariae_Himmelfahrt_in_Duesseldorf-Unterbach_von_Norden-1024x685.jpg\" alt=\"\" class=\"wp-image-636\" srcset=\"https:\/\/victoriaulriksen.no\/wp-content\/uploads\/2024\/11\/St._Mariae_Himmelfahrt_in_Duesseldorf-Unterbach_von_Norden-1024x685.jpg 1024w, https:\/\/victoriaulriksen.no\/wp-content\/uploads\/2024\/11\/St._Mariae_Himmelfahrt_in_Duesseldorf-Unterbach_von_Norden-300x201.jpg 300w, https:\/\/victoriaulriksen.no\/wp-content\/uploads\/2024\/11\/St._Mariae_Himmelfahrt_in_Duesseldorf-Unterbach_von_Norden-768x514.jpg 768w, https:\/\/victoriaulriksen.no\/wp-content\/uploads\/2024\/11\/St._Mariae_Himmelfahrt_in_Duesseldorf-Unterbach_von_Norden-1536x1028.jpg 1536w, https:\/\/victoriaulriksen.no\/wp-content\/uploads\/2024\/11\/St._Mariae_Himmelfahrt_in_Duesseldorf-Unterbach_von_Norden.jpg 1600w\" sizes=\"auto, (max-width: 1024px) 100vw, 1024px\" \/><\/figure>\n<\/details>\n\n\n\n<details class=\"wp-block-details is-layout-flow wp-block-details-is-layout-flow\"><summary>25.10.25 Elandstraatkerk Den Haag&nbsp;(NL)<\/summary>\n<p>3 pm &#8211; Organ recital at the symphonic Franssen<\/p>\n\n\n\n<p>M. Durufl\u00e9: Suite, Op. 5<\/p>\n\n\n\n<figure class=\"wp-block-image size-full is-resized\"><img loading=\"lazy\" decoding=\"async\" width=\"525\" height=\"463\" src=\"https:\/\/victoriaulriksen.no\/wp-content\/uploads\/2025\/02\/Elandstr-krk_afb2.jpg\" alt=\"\" class=\"wp-image-712\" style=\"width:526px;height:auto\" srcset=\"https:\/\/victoriaulriksen.no\/wp-content\/uploads\/2025\/02\/Elandstr-krk_afb2.jpg 525w, https:\/\/victoriaulriksen.no\/wp-content\/uploads\/2025\/02\/Elandstr-krk_afb2-300x265.jpg 300w\" sizes=\"auto, (max-width: 525px) 100vw, 525px\" \/><\/figure>\n\n\n\n<figure class=\"wp-block-image size-full\"><img loading=\"lazy\" decoding=\"async\" width=\"777\" height=\"600\" src=\"https:\/\/victoriaulriksen.no\/wp-content\/uploads\/2025\/02\/Den_Haag_Elandstraatkerk_Innen_Orgel.jpg\" alt=\"\" class=\"wp-image-711\" srcset=\"https:\/\/victoriaulriksen.no\/wp-content\/uploads\/2025\/02\/Den_Haag_Elandstraatkerk_Innen_Orgel.jpg 777w, https:\/\/victoriaulriksen.no\/wp-content\/uploads\/2025\/02\/Den_Haag_Elandstraatkerk_Innen_Orgel-300x232.jpg 300w, https:\/\/victoriaulriksen.no\/wp-content\/uploads\/2025\/02\/Den_Haag_Elandstraatkerk_Innen_Orgel-768x593.jpg 768w\" sizes=\"auto, (max-width: 777px) 100vw, 777px\" \/><\/figure>\n<\/details>\n\n\n\n<details class=\"wp-block-details is-layout-flow wp-block-details-is-layout-flow\"><summary>03.10.25 Beverley Minster (UK)<\/summary>\n<p>12:30 pm &#8211; Lunchtime recital<\/p>\n\n\n\n<figure class=\"wp-block-image size-full\"><img loading=\"lazy\" decoding=\"async\" width=\"740\" height=\"411\" src=\"https:\/\/victoriaulriksen.no\/wp-content\/uploads\/2024\/10\/topbeverley.avif\" alt=\"\" class=\"wp-image-529\" srcset=\"https:\/\/victoriaulriksen.no\/wp-content\/uploads\/2024\/10\/topbeverley.avif 740w, https:\/\/victoriaulriksen.no\/wp-content\/uploads\/2024\/10\/topbeverley-300x167.avif 300w\" sizes=\"auto, (max-width: 740px) 100vw, 740px\" \/><\/figure>\n\n\n\n<figure class=\"wp-block-image size-full\"><img loading=\"lazy\" decoding=\"async\" width=\"666\" height=\"1000\" src=\"https:\/\/victoriaulriksen.no\/wp-content\/uploads\/2024\/10\/wedding-ceremony-at-beverley-minster-east-yorkshire.webp\" alt=\"\" class=\"wp-image-530\" srcset=\"https:\/\/victoriaulriksen.no\/wp-content\/uploads\/2024\/10\/wedding-ceremony-at-beverley-minster-east-yorkshire.webp 666w, https:\/\/victoriaulriksen.no\/wp-content\/uploads\/2024\/10\/wedding-ceremony-at-beverley-minster-east-yorkshire-200x300.webp 200w\" sizes=\"auto, (max-width: 666px) 100vw, 666px\" \/><\/figure>\n<\/details>\n\n\n\n<details class=\"wp-block-details is-layout-flow wp-block-details-is-layout-flow\"><summary>02.10.25 Chester Cathedral (UK)<\/summary>\n<p>1:10 pm &#8211; Lunchtime recital<\/p>\n\n\n\n<figure class=\"wp-block-image size-large\"><img loading=\"lazy\" decoding=\"async\" width=\"1024\" height=\"726\" src=\"https:\/\/victoriaulriksen.no\/wp-content\/uploads\/2024\/10\/Chester-Cathedral-Organ-II-Postcard-105x148mm-CMYK-1024x726.webp\" alt=\"\" class=\"wp-image-527\" srcset=\"https:\/\/victoriaulriksen.no\/wp-content\/uploads\/2024\/10\/Chester-Cathedral-Organ-II-Postcard-105x148mm-CMYK-1024x726.webp 1024w, https:\/\/victoriaulriksen.no\/wp-content\/uploads\/2024\/10\/Chester-Cathedral-Organ-II-Postcard-105x148mm-CMYK-300x213.webp 300w, https:\/\/victoriaulriksen.no\/wp-content\/uploads\/2024\/10\/Chester-Cathedral-Organ-II-Postcard-105x148mm-CMYK-768x545.webp 768w, https:\/\/victoriaulriksen.no\/wp-content\/uploads\/2024\/10\/Chester-Cathedral-Organ-II-Postcard-105x148mm-CMYK-1536x1090.webp 1536w, https:\/\/victoriaulriksen.no\/wp-content\/uploads\/2024\/10\/Chester-Cathedral-Organ-II-Postcard-105x148mm-CMYK.webp 1748w\" sizes=\"auto, (max-width: 1024px) 100vw, 1024px\" \/><\/figure>\n\n\n\n<figure class=\"wp-block-image size-large\"><img loading=\"lazy\" decoding=\"async\" width=\"1024\" height=\"576\" src=\"https:\/\/victoriaulriksen.no\/wp-content\/uploads\/2024\/10\/162551-Chester-Cathedral-1024x576.avif\" alt=\"\" class=\"wp-image-528\" srcset=\"https:\/\/victoriaulriksen.no\/wp-content\/uploads\/2024\/10\/162551-Chester-Cathedral-1024x576.avif 1024w, https:\/\/victoriaulriksen.no\/wp-content\/uploads\/2024\/10\/162551-Chester-Cathedral-300x169.avif 300w, https:\/\/victoriaulriksen.no\/wp-content\/uploads\/2024\/10\/162551-Chester-Cathedral-768x432.avif 768w, https:\/\/victoriaulriksen.no\/wp-content\/uploads\/2024\/10\/162551-Chester-Cathedral-1536x864.avif 1536w, https:\/\/victoriaulriksen.no\/wp-content\/uploads\/2024\/10\/162551-Chester-Cathedral-2048x1152.avif 2048w\" sizes=\"auto, (max-width: 1024px) 100vw, 1024px\" \/><\/figure>\n<\/details>\n\n\n\n<details class=\"wp-block-details is-layout-flow wp-block-details-is-layout-flow\"><summary>01.10.25 Blackburn Cathedral (UK)<\/summary>\n<p>12:15 pm &#8211; Lunchtime recital<\/p>\n\n\n\n<p>Grieg \/ Mozart \/ Bunk \/ Saint-Sa\u00ebns \/ Durufl\u00e9<\/p>\n\n\n\n<figure class=\"wp-block-image size-full\"><img loading=\"lazy\" decoding=\"async\" width=\"800\" height=\"800\" src=\"https:\/\/victoriaulriksen.no\/wp-content\/uploads\/2024\/10\/blackburn-cathedral-organ-history.jpg\" alt=\"\" class=\"wp-image-526\" srcset=\"https:\/\/victoriaulriksen.no\/wp-content\/uploads\/2024\/10\/blackburn-cathedral-organ-history.jpg 800w, https:\/\/victoriaulriksen.no\/wp-content\/uploads\/2024\/10\/blackburn-cathedral-organ-history-300x300.jpg 300w, https:\/\/victoriaulriksen.no\/wp-content\/uploads\/2024\/10\/blackburn-cathedral-organ-history-150x150.jpg 150w, https:\/\/victoriaulriksen.no\/wp-content\/uploads\/2024\/10\/blackburn-cathedral-organ-history-768x768.jpg 768w\" sizes=\"auto, (max-width: 800px) 100vw, 800px\" \/><\/figure>\n<\/details>\n\n\n\n<details class=\"wp-block-details is-layout-flow wp-block-details-is-layout-flow\"><summary>29.09.25 Leeds Cathedral (UK)<\/summary>\n<p>1:15 pm &#8211; Leeds Lunchtime Organ Music series<\/p>\n\n\n\n<p>J.S.Bach (1685-1750)<\/p>\n\n\n\n<p>Italian Concerto in F, BWV 971<\/p>\n\n\n\n<p>I. &#8211; (unmarked)<\/p>\n\n\n\n<p>II. Andante<\/p>\n\n\n\n<p>III. Presto<\/p>\n\n\n\n<p>Edvard Grieg: Norwegian Dance: I<\/p>\n\n\n\n<p>Gerard Bunk (1888-1958)<\/p>\n\n\n\n<p>Legende in G Minor, Op. 29<\/p>\n\n\n\n<p>Maurice Durufl\u00e9 (1902-1986)<\/p>\n\n\n\n<p>Toccata from Suite, Op. 5<\/p>\n\n\n\n<figure class=\"wp-block-image size-full\"><img loading=\"lazy\" decoding=\"async\" width=\"720\" height=\"576\" src=\"https:\/\/victoriaulriksen.no\/wp-content\/uploads\/2025\/01\/CATHEDRAL-1.bmp\" alt=\"\" class=\"wp-image-650\"\/><\/figure>\n<\/details>\n\n\n\n<details class=\"wp-block-details is-layout-flow wp-block-details-is-layout-flow\"><summary>24.09.25 Carlisle Cathedral (UK)<\/summary>\n<p>2 pm &#8211; Organ recital<\/p>\n\n\n\n<figure class=\"wp-block-image size-large is-resized\"><img loading=\"lazy\" decoding=\"async\" width=\"1024\" height=\"445\" src=\"https:\/\/victoriaulriksen.no\/wp-content\/uploads\/2024\/10\/Screenshot-2023-03-06-at-13.35.40-1024x445.jpg\" alt=\"\" class=\"wp-image-524\" style=\"width:537px;height:auto\" srcset=\"https:\/\/victoriaulriksen.no\/wp-content\/uploads\/2024\/10\/Screenshot-2023-03-06-at-13.35.40-1024x445.jpg 1024w, https:\/\/victoriaulriksen.no\/wp-content\/uploads\/2024\/10\/Screenshot-2023-03-06-at-13.35.40-300x130.jpg 300w, https:\/\/victoriaulriksen.no\/wp-content\/uploads\/2024\/10\/Screenshot-2023-03-06-at-13.35.40-768x334.jpg 768w, https:\/\/victoriaulriksen.no\/wp-content\/uploads\/2024\/10\/Screenshot-2023-03-06-at-13.35.40-1536x667.jpg 1536w, https:\/\/victoriaulriksen.no\/wp-content\/uploads\/2024\/10\/Screenshot-2023-03-06-at-13.35.40.jpg 1956w\" sizes=\"auto, (max-width: 1024px) 100vw, 1024px\" \/><\/figure>\n<\/details>\n\n\n\n<details class=\"wp-block-details is-layout-flow wp-block-details-is-layout-flow\"><summary>21.09.25 St Edmundsbury Cathedral (UK)<\/summary>\n<p>5 pm &#8211; Closing recital of the Summer Organ Festival<\/p>\n\n\n\n<figure class=\"wp-block-image size-full\"><img loading=\"lazy\" decoding=\"async\" width=\"752\" height=\"390\" src=\"https:\/\/victoriaulriksen.no\/wp-content\/uploads\/2024\/12\/St-Edmundsbury-Cathedral-from-above-Mina-Girgis-750x390-1.webp\" alt=\"\" class=\"wp-image-645\" srcset=\"https:\/\/victoriaulriksen.no\/wp-content\/uploads\/2024\/12\/St-Edmundsbury-Cathedral-from-above-Mina-Girgis-750x390-1.webp 752w, https:\/\/victoriaulriksen.no\/wp-content\/uploads\/2024\/12\/St-Edmundsbury-Cathedral-from-above-Mina-Girgis-750x390-1-300x156.webp 300w\" sizes=\"auto, (max-width: 752px) 100vw, 752px\" \/><\/figure>\n\n\n\n<figure class=\"wp-block-image size-full\"><img loading=\"lazy\" decoding=\"async\" width=\"550\" height=\"550\" src=\"https:\/\/victoriaulriksen.no\/wp-content\/uploads\/2024\/12\/Untitled-design-8-550x550-1.png\" alt=\"\" class=\"wp-image-646\" srcset=\"https:\/\/victoriaulriksen.no\/wp-content\/uploads\/2024\/12\/Untitled-design-8-550x550-1.png 550w, https:\/\/victoriaulriksen.no\/wp-content\/uploads\/2024\/12\/Untitled-design-8-550x550-1-300x300.png 300w, https:\/\/victoriaulriksen.no\/wp-content\/uploads\/2024\/12\/Untitled-design-8-550x550-1-150x150.png 150w\" sizes=\"auto, (max-width: 550px) 100vw, 550px\" \/><\/figure>\n\n\n\n<figure class=\"wp-block-image size-large\"><img loading=\"lazy\" decoding=\"async\" width=\"1024\" height=\"1024\" src=\"https:\/\/victoriaulriksen.no\/wp-content\/uploads\/2025\/04\/34-1024x1024.jpg\" alt=\"\" class=\"wp-image-796\" srcset=\"https:\/\/victoriaulriksen.no\/wp-content\/uploads\/2025\/04\/34-1024x1024.jpg 1024w, https:\/\/victoriaulriksen.no\/wp-content\/uploads\/2025\/04\/34-300x300.jpg 300w, https:\/\/victoriaulriksen.no\/wp-content\/uploads\/2025\/04\/34-150x150.jpg 150w, https:\/\/victoriaulriksen.no\/wp-content\/uploads\/2025\/04\/34-768x768.jpg 768w, https:\/\/victoriaulriksen.no\/wp-content\/uploads\/2025\/04\/34.jpg 1080w\" sizes=\"auto, (max-width: 1024px) 100vw, 1024px\" \/><\/figure>\n<\/details>\n\n\n\n<details class=\"wp-block-details is-layout-flow wp-block-details-is-layout-flow\"><summary>18.09.25 Norwich Cathedral (UK)<\/summary>\n<p>1:10 pm &#8211; Lunchtime recital on the newly rebuilt organ<\/p>\n\n\n\n<figure class=\"wp-block-image size-full\"><img loading=\"lazy\" decoding=\"async\" width=\"1024\" height=\"683\" src=\"https:\/\/victoriaulriksen.no\/wp-content\/uploads\/2024\/10\/Cathedral-Norwich-5.webp\" alt=\"\" class=\"wp-image-520\" srcset=\"https:\/\/victoriaulriksen.no\/wp-content\/uploads\/2024\/10\/Cathedral-Norwich-5.webp 1024w, https:\/\/victoriaulriksen.no\/wp-content\/uploads\/2024\/10\/Cathedral-Norwich-5-300x200.webp 300w, https:\/\/victoriaulriksen.no\/wp-content\/uploads\/2024\/10\/Cathedral-Norwich-5-768x512.webp 768w\" sizes=\"auto, (max-width: 1024px) 100vw, 1024px\" \/><\/figure>\n\n\n\n<figure class=\"wp-block-image size-large\"><img loading=\"lazy\" decoding=\"async\" width=\"1024\" height=\"512\" src=\"https:\/\/victoriaulriksen.no\/wp-content\/uploads\/2024\/10\/d38850c2633dc02081316285b6d9cff4fcedebe4-7895x5263-1-1024x512.webp\" alt=\"\" class=\"wp-image-521\" srcset=\"https:\/\/victoriaulriksen.no\/wp-content\/uploads\/2024\/10\/d38850c2633dc02081316285b6d9cff4fcedebe4-7895x5263-1-1024x512.webp 1024w, https:\/\/victoriaulriksen.no\/wp-content\/uploads\/2024\/10\/d38850c2633dc02081316285b6d9cff4fcedebe4-7895x5263-1-300x150.webp 300w, https:\/\/victoriaulriksen.no\/wp-content\/uploads\/2024\/10\/d38850c2633dc02081316285b6d9cff4fcedebe4-7895x5263-1-768x384.webp 768w, https:\/\/victoriaulriksen.no\/wp-content\/uploads\/2024\/10\/d38850c2633dc02081316285b6d9cff4fcedebe4-7895x5263-1-1536x768.webp 1536w, https:\/\/victoriaulriksen.no\/wp-content\/uploads\/2024\/10\/d38850c2633dc02081316285b6d9cff4fcedebe4-7895x5263-1.webp 2000w\" sizes=\"auto, (max-width: 1024px) 100vw, 1024px\" \/><\/figure>\n<\/details>\n\n\n\n<details class=\"wp-block-details is-layout-flow wp-block-details-is-layout-flow\"><summary>13.09.25 Sandnes Church (NO): <a href=\"https:\/\/orgelfestival.no\/Artikler\/Artikkeldetaljer\/ArticleId\/58747\/Victoria-Ulriksen-19-ar-gammel-orgelkomet\" data-type=\"link\" data-id=\"https:\/\/orgelfestival.no\/Artikler\/Artikkeldetaljer\/ArticleId\/58747\/Victoria-Ulriksen-19-ar-gammel-orgelkomet\">Norwegian Organ Festival&nbsp;<\/a><\/summary>\n<p>3 pm &#8211; <a href=\"https:\/\/orgelfestival.no\/Artikler\/Artikkeldetaljer\/ArticleId\/58747\/Victoria-Ulriksen-19-ar-gammel-orgelkomet\" data-type=\"link\" data-id=\"https:\/\/orgelfestival.no\/Artikler\/Artikkeldetaljer\/ArticleId\/58747\/Victoria-Ulriksen-19-ar-gammel-orgelkomet\">Recital during The Norwegian Organ Festival&nbsp;<\/a><\/p>\n\n\n\n<p>Edvard Grieg (1843\u20131907)<br>&#8211; Fra Holbergsuiten, Op. 40: Praeludium og Sarabande<br>&#8211; Rotneims-Knut<br>Arrangert for orgel av K\u00e5re Nordstoga (f. 1954)<\/p>\n\n\n\n<p>Wolfgang Amadeus Mozart:<\/p>\n\n\n\n<p>Adagio\/Allegro\/Adagio in F minor<\/p>\n\n\n\n<p>J.S.Bach (1685-1750)<br>Italian Concerto in F, BWV 971<br>I. (Allegro)<br>II. Andante<br>III. Presto<\/p>\n\n\n\n<p>Gerard&nbsp;Bunk&nbsp;(1888-1958)<br>Legende in G Minor, Op. 29<\/p>\n\n\n\n<p>Charles-Marie Widor (1844-1937)<\/p>\n\n\n\n<p>Finale fra Orgelsymfoni No. 6<\/p>\n\n\n\n<figure class=\"wp-block-image size-full\"><img loading=\"lazy\" decoding=\"async\" width=\"772\" height=\"556\" src=\"https:\/\/victoriaulriksen.no\/wp-content\/uploads\/2025\/07\/Sandnes_KirkeJarvin.jpg\" alt=\"\" class=\"wp-image-863\" srcset=\"https:\/\/victoriaulriksen.no\/wp-content\/uploads\/2025\/07\/Sandnes_KirkeJarvin.jpg 772w, https:\/\/victoriaulriksen.no\/wp-content\/uploads\/2025\/07\/Sandnes_KirkeJarvin-300x216.jpg 300w, https:\/\/victoriaulriksen.no\/wp-content\/uploads\/2025\/07\/Sandnes_KirkeJarvin-768x553.jpg 768w\" sizes=\"auto, (max-width: 772px) 100vw, 772px\" \/><\/figure>\n\n\n\n<figure class=\"wp-block-image size-full\"><img loading=\"lazy\" decoding=\"async\" width=\"800\" height=\"448\" src=\"https:\/\/victoriaulriksen.no\/wp-content\/uploads\/2025\/07\/orgel.png\" alt=\"\" class=\"wp-image-864\" srcset=\"https:\/\/victoriaulriksen.no\/wp-content\/uploads\/2025\/07\/orgel.png 800w, https:\/\/victoriaulriksen.no\/wp-content\/uploads\/2025\/07\/orgel-300x168.png 300w, https:\/\/victoriaulriksen.no\/wp-content\/uploads\/2025\/07\/orgel-768x430.png 768w\" sizes=\"auto, (max-width: 800px) 100vw, 800px\" \/><\/figure>\n<\/details>\n\n\n\n<details class=\"wp-block-details is-layout-flow wp-block-details-is-layout-flow\"><summary>12.09.25 Sola Ruin Church (NO); <a href=\"https:\/\/orgelfestival.no\/Artikler\/Artikkeldetaljer\/ArticleId\/58744\/Klassiske-forvandlinger\" data-type=\"link\" data-id=\"https:\/\/orgelfestival.no\/Artikler\/Artikkeldetaljer\/ArticleId\/58744\/Klassiske-forvandlinger\">Norwegian Organ Festival<\/a><\/summary>\n<p>9 pm &#8211; <a href=\"https:\/\/orgelfestival.no\/Artikler\/Artikkeldetaljer\/ArticleId\/58744\/Klassiske-forvandlinger\" data-type=\"link\" data-id=\"https:\/\/orgelfestival.no\/Artikler\/Artikkeldetaljer\/ArticleId\/58744\/Klassiske-forvandlinger\">Classical Changes<\/a><\/p>\n\n\n\n<p>Chamber music on fortepiano and cello with <a href=\"https:\/\/andreasjara.com\/\">Andreas Wet\u00e5s Jara<\/a> at the <a href=\"https:\/\/orgelfestival.no\/Artikler\/Artikkeldetaljer\/ArticleId\/58744\/Klassiske-forvandlinger\" data-type=\"link\" data-id=\"https:\/\/orgelfestival.no\/Artikler\/Artikkeldetaljer\/ArticleId\/58744\/Klassiske-forvandlinger\">Norwegian Organ Festival<\/a><\/p>\n\n\n\n<p>Beethoven:&nbsp;12 Variations for Cello and Piano from Haendel`s &raquo;Judas Maccabaeus&raquo;, WoO.45<\/p>\n\n\n\n<p>Bach: Cello Suite no. 5 in C minor BWV 1011 &#8211; Sarabande og Gigue<\/p>\n\n\n\n<p>Mozart: Six Variations, on a Theme from the Clarinet Quintet, K. 581, K.Anh. 137<\/p>\n\n\n\n<p>Schubert &#8211; Arpeggione Sonata D 821<\/p>\n\n\n\n<p>Brahms: &laquo;Die Mainacht&raquo;, Op. 43 No. 2<\/p>\n\n\n\n<figure class=\"wp-block-image size-large\"><img loading=\"lazy\" decoding=\"async\" width=\"1024\" height=\"683\" src=\"https:\/\/victoriaulriksen.no\/wp-content\/uploads\/2025\/02\/65b149dc5b725370bccd5cb1_133-Sola-ruinkirke-WEB-1024x683.webp\" alt=\"\" class=\"wp-image-704\" srcset=\"https:\/\/victoriaulriksen.no\/wp-content\/uploads\/2025\/02\/65b149dc5b725370bccd5cb1_133-Sola-ruinkirke-WEB-1024x683.webp 1024w, https:\/\/victoriaulriksen.no\/wp-content\/uploads\/2025\/02\/65b149dc5b725370bccd5cb1_133-Sola-ruinkirke-WEB-300x200.webp 300w, https:\/\/victoriaulriksen.no\/wp-content\/uploads\/2025\/02\/65b149dc5b725370bccd5cb1_133-Sola-ruinkirke-WEB-768x512.webp 768w, https:\/\/victoriaulriksen.no\/wp-content\/uploads\/2025\/02\/65b149dc5b725370bccd5cb1_133-Sola-ruinkirke-WEB-1536x1024.webp 1536w, https:\/\/victoriaulriksen.no\/wp-content\/uploads\/2025\/02\/65b149dc5b725370bccd5cb1_133-Sola-ruinkirke-WEB.webp 1920w\" sizes=\"auto, (max-width: 1024px) 100vw, 1024px\" \/><\/figure>\n<\/details>\n\n\n\n<details class=\"wp-block-details is-layout-flow wp-block-details-is-layout-flow\"><summary>07.09.25 Trieste Cathedral (IT); <em><a href=\"https:\/\/www.accademiaorganisticatergestina.it\/\" target=\"_blank\" rel=\"noreferrer noopener\">Settembre Musicale 48\u00b0 edizione<\/a><\/em><\/summary>\n<p>4:30 pm &#8211; Recital during the festival &laquo;<a href=\"https:\/\/www.accademiaorganisticatergestina.it\/\" data-type=\"link\" data-id=\"https:\/\/www.accademiaorganisticatergestina.it\/\" target=\"_blank\" rel=\"noreferrer noopener\">Settembre Musicale 48\u00b0 edizione<\/a>&laquo;<\/p>\n\n\n\n<p>J.S.Bach:<br>Italian Concerto in F, BWV 971<br>I. &#8211; (unmarked)<br>II. Andante<br>III. Presto<\/p>\n\n\n\n<p>Wolfgang Amadeus Mozart:<\/p>\n\n\n\n<p>Adagio\/Allegro\/Adagio in F minor<\/p>\n\n\n\n<p><br>Olivier Messiaen (1908-1992)<\/p>\n\n\n\n<p>Joie et Clart\u00e9 des Corps Glorieux<\/p>\n\n\n\n<p>C. Saint-Sa\u00ebns (1835-1921)<br>Danse Macabre, Op. 40<\/p>\n\n\n\n<p>Maurice Durufl\u00e9 (1902-1986)<br>Toccata from Suite, Op. 5<\/p>\n\n\n\n<figure class=\"wp-block-image size-large\"><img loading=\"lazy\" decoding=\"async\" width=\"1024\" height=\"576\" src=\"https:\/\/victoriaulriksen.no\/wp-content\/uploads\/2024\/10\/20221115_181939-1-1024x576.jpg\" alt=\"\" class=\"wp-image-518\" srcset=\"https:\/\/victoriaulriksen.no\/wp-content\/uploads\/2024\/10\/20221115_181939-1-1024x576.jpg 1024w, https:\/\/victoriaulriksen.no\/wp-content\/uploads\/2024\/10\/20221115_181939-1-300x169.jpg 300w, https:\/\/victoriaulriksen.no\/wp-content\/uploads\/2024\/10\/20221115_181939-1-768x432.jpg 768w, https:\/\/victoriaulriksen.no\/wp-content\/uploads\/2024\/10\/20221115_181939-1-1536x864.jpg 1536w, https:\/\/victoriaulriksen.no\/wp-content\/uploads\/2024\/10\/20221115_181939-1.jpg 1920w\" sizes=\"auto, (max-width: 1024px) 100vw, 1024px\" \/><\/figure>\n<\/details>\n\n\n\n<details class=\"wp-block-details is-layout-flow wp-block-details-is-layout-flow\"><summary>05.09.25 Chiesa di Sant&#8217;Anna, Bergamo (IT)<\/summary>\n<p>9 pm &#8211; Recital during the &laquo;Aspettando il Festival 2025&raquo;<\/p>\n\n\n\n<figure class=\"wp-block-image size-large\"><img loading=\"lazy\" decoding=\"async\" width=\"1024\" height=\"683\" src=\"https:\/\/victoriaulriksen.no\/wp-content\/uploads\/2025\/02\/organo-serassi-chiesa-sant-anna-bergamo-italia-1024x683.jpg\" alt=\"\" class=\"wp-image-734\" srcset=\"https:\/\/victoriaulriksen.no\/wp-content\/uploads\/2025\/02\/organo-serassi-chiesa-sant-anna-bergamo-italia-1024x683.jpg 1024w, https:\/\/victoriaulriksen.no\/wp-content\/uploads\/2025\/02\/organo-serassi-chiesa-sant-anna-bergamo-italia-300x200.jpg 300w, https:\/\/victoriaulriksen.no\/wp-content\/uploads\/2025\/02\/organo-serassi-chiesa-sant-anna-bergamo-italia-768x512.jpg 768w, https:\/\/victoriaulriksen.no\/wp-content\/uploads\/2025\/02\/organo-serassi-chiesa-sant-anna-bergamo-italia-1536x1024.jpg 1536w, https:\/\/victoriaulriksen.no\/wp-content\/uploads\/2025\/02\/organo-serassi-chiesa-sant-anna-bergamo-italia-2048x1365.jpg 2048w\" sizes=\"auto, (max-width: 1024px) 100vw, 1024px\" \/><\/figure>\n<\/details>\n\n\n\n<details class=\"wp-block-details is-layout-flow wp-block-details-is-layout-flow\"><summary>01.09.25 Handel Hendrix House, London (UK)<\/summary>\n<p>6:30 pm &#8211; Harpsichord\/organ recital<\/p>\n\n\n\n<p>Harpsichord programme:<\/p>\n\n\n\n<p>J.S.Bach:<br>Italian Concerto&nbsp;in F, BWV 971<br>I. (unmarked)<br>II. Andante<br>III. Presto<\/p>\n\n\n\n<p>Louis Couperin:<\/p>\n\n\n\n<p>Pavanne&nbsp;in f#-minor<\/p>\n\n\n\n<p>Georg Friedrich H\u00e4ndel:<\/p>\n\n\n\n<p>Suite in G Minor, HWV 432<\/p>\n\n\n\n<p>I. Overture<\/p>\n\n\n\n<p>II. Andante<\/p>\n\n\n\n<p>III. Allegro<\/p>\n\n\n\n<p>IV. Sarabande<\/p>\n\n\n\n<p>V. Gigue<\/p>\n\n\n\n<p>VI.&nbsp;Passacaglia<\/p>\n\n\n\n<figure class=\"wp-block-image size-full\"><img loading=\"lazy\" decoding=\"async\" width=\"670\" height=\"446\" src=\"https:\/\/victoriaulriksen.no\/wp-content\/uploads\/2025\/02\/ba.jpg\" alt=\"\" class=\"wp-image-714\" srcset=\"https:\/\/victoriaulriksen.no\/wp-content\/uploads\/2025\/02\/ba.jpg 670w, https:\/\/victoriaulriksen.no\/wp-content\/uploads\/2025\/02\/ba-300x200.jpg 300w\" sizes=\"auto, (max-width: 670px) 100vw, 670px\" \/><\/figure>\n\n\n\n<figure class=\"wp-block-image size-full\"><img loading=\"lazy\" decoding=\"async\" width=\"600\" height=\"400\" src=\"https:\/\/victoriaulriksen.no\/wp-content\/uploads\/2025\/02\/Ground-floor-Handel.webp\" alt=\"\" class=\"wp-image-715\" srcset=\"https:\/\/victoriaulriksen.no\/wp-content\/uploads\/2025\/02\/Ground-floor-Handel.webp 600w, https:\/\/victoriaulriksen.no\/wp-content\/uploads\/2025\/02\/Ground-floor-Handel-300x200.webp 300w\" sizes=\"auto, (max-width: 600px) 100vw, 600px\" \/><\/figure>\n<\/details>\n\n\n\n<details class=\"wp-block-details is-layout-flow wp-block-details-is-layout-flow\"><summary>31.08.25 Westminster Abbey (UK)<\/summary>\n<p>5 pm &#8211; Organ recital<\/p>\n\n\n\n<p>Edvard Grieg: From the Holberg Suite, Op. 40: Praeludium<br>Arranged for organ by K\u00e5re Nordstoga (b. 1954)<\/p>\n\n\n\n<p>Wolfgang Amadeus Mozart:<br>Adagio\/Allegro\/Adagio in F minor<\/p>\n\n\n\n<p>C. Saint-Sa\u00ebns (1835-1921)<br>Danse Macabre, Op. 40<\/p>\n\n\n\n<p>Charles-Marie Widor (1844-1937)<\/p>\n\n\n\n<p>Finale from Symphony No. 6<\/p>\n\n\n\n<figure class=\"wp-block-image size-full is-resized\"><img loading=\"lazy\" decoding=\"async\" width=\"400\" height=\"400\" src=\"https:\/\/victoriaulriksen.no\/wp-content\/uploads\/2024\/11\/tdcZNWGb_400x400.jpg\" alt=\"\" class=\"wp-image-620\" style=\"width:516px;height:auto\" srcset=\"https:\/\/victoriaulriksen.no\/wp-content\/uploads\/2024\/11\/tdcZNWGb_400x400.jpg 400w, https:\/\/victoriaulriksen.no\/wp-content\/uploads\/2024\/11\/tdcZNWGb_400x400-300x300.jpg 300w, https:\/\/victoriaulriksen.no\/wp-content\/uploads\/2024\/11\/tdcZNWGb_400x400-150x150.jpg 150w\" sizes=\"auto, (max-width: 400px) 100vw, 400px\" \/><\/figure>\n\n\n\n<figure class=\"wp-block-image size-full\"><img loading=\"lazy\" decoding=\"async\" width=\"1024\" height=\"512\" src=\"https:\/\/victoriaulriksen.no\/wp-content\/uploads\/2024\/11\/westminster-abbey-summer-organ-festival-2018.jpg\" alt=\"\" class=\"wp-image-621\" srcset=\"https:\/\/victoriaulriksen.no\/wp-content\/uploads\/2024\/11\/westminster-abbey-summer-organ-festival-2018.jpg 1024w, https:\/\/victoriaulriksen.no\/wp-content\/uploads\/2024\/11\/westminster-abbey-summer-organ-festival-2018-300x150.jpg 300w, https:\/\/victoriaulriksen.no\/wp-content\/uploads\/2024\/11\/westminster-abbey-summer-organ-festival-2018-768x384.jpg 768w\" sizes=\"auto, (max-width: 1024px) 100vw, 1024px\" \/><\/figure>\n<\/details>\n\n\n\n<details class=\"wp-block-details is-layout-flow wp-block-details-is-layout-flow\"><summary>28.08.25 St. Chad&#8217;s Cathedral (UK); <a href=\"https:\/\/www.paulcarr.co.uk\/thursday-live\/\" target=\"_blank\" rel=\"noreferrer noopener\">Thursday Live Plus!<\/a><\/summary>\n<p>1:15 &#8211; Summer organ recital during the live-streamed festival <a href=\"https:\/\/www.paulcarr.co.uk\/thursday-live\/\" target=\"_blank\" rel=\"noreferrer noopener\">&laquo;Thursday Live Plus!&raquo;<\/a><\/p>\n\n\n\n<p>Edvard Grieg: From the Holberg Suite, Op. 40: Praeludium<br>Arranged for organ by K\u00e5re Nordstoga (b. 1954)<\/p>\n\n\n\n<p>J.S.Bach (1685-1750) \/ A.Vivaldi (1678-1741)<\/p>\n\n\n\n<p>Concerto for 4 Harpsichords in A Minor, BWV 1065<\/p>\n\n\n\n<p>Wolfgang Amadeus Mozart:<\/p>\n\n\n\n<p>Adagio\/Allegro\/Adagio in F minor<\/p>\n\n\n\n<p>C.&nbsp;Saint-Sa\u00ebns (1835-1921)<br>Danse Macabre, Op. 40<\/p>\n\n\n\n<p>Maurice Durufl\u00e9 (1902-1986)<\/p>\n\n\n\n<p>Toccata from Suite, Op. 5<\/p>\n\n\n\n<figure class=\"wp-block-image size-large\"><img loading=\"lazy\" decoding=\"async\" width=\"707\" height=\"1024\" src=\"https:\/\/victoriaulriksen.no\/wp-content\/uploads\/2024\/10\/St_Chads_Cathedral_Birmingham_Organ-707x1024.jpg\" alt=\"\" class=\"wp-image-516\" srcset=\"https:\/\/victoriaulriksen.no\/wp-content\/uploads\/2024\/10\/St_Chads_Cathedral_Birmingham_Organ-707x1024.jpg 707w, https:\/\/victoriaulriksen.no\/wp-content\/uploads\/2024\/10\/St_Chads_Cathedral_Birmingham_Organ-207x300.jpg 207w, https:\/\/victoriaulriksen.no\/wp-content\/uploads\/2024\/10\/St_Chads_Cathedral_Birmingham_Organ-768x1113.jpg 768w, https:\/\/victoriaulriksen.no\/wp-content\/uploads\/2024\/10\/St_Chads_Cathedral_Birmingham_Organ-1060x1536.jpg 1060w, https:\/\/victoriaulriksen.no\/wp-content\/uploads\/2024\/10\/St_Chads_Cathedral_Birmingham_Organ.jpg 1200w\" sizes=\"auto, (max-width: 707px) 100vw, 707px\" \/><\/figure>\n\n\n\n<figure class=\"wp-block-image size-large\"><img loading=\"lazy\" decoding=\"async\" width=\"1024\" height=\"1024\" src=\"https:\/\/victoriaulriksen.no\/wp-content\/uploads\/2024\/10\/st-chad-s-1024x1024.jpg\" alt=\"\" class=\"wp-image-517\" srcset=\"https:\/\/victoriaulriksen.no\/wp-content\/uploads\/2024\/10\/st-chad-s-1024x1024.jpg 1024w, https:\/\/victoriaulriksen.no\/wp-content\/uploads\/2024\/10\/st-chad-s-300x300.jpg 300w, https:\/\/victoriaulriksen.no\/wp-content\/uploads\/2024\/10\/st-chad-s-150x150.jpg 150w, https:\/\/victoriaulriksen.no\/wp-content\/uploads\/2024\/10\/st-chad-s-768x768.jpg 768w, https:\/\/victoriaulriksen.no\/wp-content\/uploads\/2024\/10\/st-chad-s.jpg 1200w\" sizes=\"auto, (max-width: 1024px) 100vw, 1024px\" \/><\/figure>\n<\/details>\n\n\n\n<details class=\"wp-block-details is-layout-flow wp-block-details-is-layout-flow\"><summary>26.08.25 Grote of Sint-Laurenskerk, Rotterdam (NL)<\/summary>\n<p>12:45 pm &#8211; Recital on the transept Marcussen organ<\/p>\n\n\n\n<p>Edvard Grieg (1843\u20131907)<br>&#8211; From the Holberg Suite, Op. 40: Praeludium and Sarabande<\/p>\n\n\n\n<p>&#8211; Rotneims-Knut (Norwegian Fiddle Tune)<br>Arranged for organ by K\u00e5re Nordstoga (b. 1954)<\/p>\n\n\n\n<p>Wolfgang Amadeus Mozart (1756-1791)<\/p>\n\n\n\n<p>Adagio\/Allegro\/Adagio in F minor, K. 594<\/p>\n\n\n\n<p>J.S.Bach (1685-1750)<br>Italian Concerto in F, BWV 971<\/p>\n\n\n\n<figure class=\"wp-block-image size-full\"><img loading=\"lazy\" decoding=\"async\" width=\"1000\" height=\"563\" src=\"https:\/\/victoriaulriksen.no\/wp-content\/uploads\/2025\/04\/medium_Sint_Laurenskerk_activity1_Frans_Berkelaar_Flickr_fca827536c.jpg\" alt=\"\" class=\"wp-image-802\" srcset=\"https:\/\/victoriaulriksen.no\/wp-content\/uploads\/2025\/04\/medium_Sint_Laurenskerk_activity1_Frans_Berkelaar_Flickr_fca827536c.jpg 1000w, https:\/\/victoriaulriksen.no\/wp-content\/uploads\/2025\/04\/medium_Sint_Laurenskerk_activity1_Frans_Berkelaar_Flickr_fca827536c-300x169.jpg 300w, https:\/\/victoriaulriksen.no\/wp-content\/uploads\/2025\/04\/medium_Sint_Laurenskerk_activity1_Frans_Berkelaar_Flickr_fca827536c-768x432.jpg 768w\" sizes=\"auto, (max-width: 1000px) 100vw, 1000px\" \/><\/figure>\n\n\n\n<figure class=\"wp-block-image size-large\"><img loading=\"lazy\" decoding=\"async\" width=\"1024\" height=\"749\" src=\"https:\/\/victoriaulriksen.no\/wp-content\/uploads\/2025\/04\/rotterdam_laurentskerk7-600x439@2x-1024x749.jpg\" alt=\"\" class=\"wp-image-803\" srcset=\"https:\/\/victoriaulriksen.no\/wp-content\/uploads\/2025\/04\/rotterdam_laurentskerk7-600x439@2x-1024x749.jpg 1024w, https:\/\/victoriaulriksen.no\/wp-content\/uploads\/2025\/04\/rotterdam_laurentskerk7-600x439@2x-300x220.jpg 300w, https:\/\/victoriaulriksen.no\/wp-content\/uploads\/2025\/04\/rotterdam_laurentskerk7-600x439@2x-768x562.jpg 768w, https:\/\/victoriaulriksen.no\/wp-content\/uploads\/2025\/04\/rotterdam_laurentskerk7-600x439@2x.jpg 1200w\" sizes=\"auto, (max-width: 1024px) 100vw, 1024px\" \/><\/figure>\n\n\n\n<figure class=\"wp-block-image size-large\"><img loading=\"lazy\" decoding=\"async\" width=\"1024\" height=\"576\" src=\"https:\/\/victoriaulriksen.no\/wp-content\/uploads\/2025\/04\/132a117ca5d7ae0ce434d5120728be5a-1024x576.jpg\" alt=\"\" class=\"wp-image-808\" srcset=\"https:\/\/victoriaulriksen.no\/wp-content\/uploads\/2025\/04\/132a117ca5d7ae0ce434d5120728be5a-1024x576.jpg 1024w, https:\/\/victoriaulriksen.no\/wp-content\/uploads\/2025\/04\/132a117ca5d7ae0ce434d5120728be5a-300x169.jpg 300w, https:\/\/victoriaulriksen.no\/wp-content\/uploads\/2025\/04\/132a117ca5d7ae0ce434d5120728be5a-768x432.jpg 768w, https:\/\/victoriaulriksen.no\/wp-content\/uploads\/2025\/04\/132a117ca5d7ae0ce434d5120728be5a.jpg 1365w\" sizes=\"auto, (max-width: 1024px) 100vw, 1024px\" \/><\/figure>\n<\/details>\n\n\n\n<details class=\"wp-block-details is-layout-flow wp-block-details-is-layout-flow\"><summary>23.08.25 Heilig Hartkerk, Knokke-Heist (BE)<\/summary>\n<p>8:30 pm &#8211; Shared \/ Four Hand Recital with Yarno Missiaen<\/p>\n\n\n\n<p>Solo: Grieg \/ Durufl\u00e9<\/p>\n\n\n\n<p>Four Hand: B\u00e9dard \/ Hesse<\/p>\n\n\n\n<figure class=\"wp-block-image size-large\"><img loading=\"lazy\" decoding=\"async\" width=\"1024\" height=\"768\" src=\"https:\/\/victoriaulriksen.no\/wp-content\/uploads\/2025\/03\/Heilig_Hartkerk_Dumortierlaan_Knokke-1024x768.jpg\" alt=\"\" class=\"wp-image-764\" srcset=\"https:\/\/victoriaulriksen.no\/wp-content\/uploads\/2025\/03\/Heilig_Hartkerk_Dumortierlaan_Knokke-1024x768.jpg 1024w, https:\/\/victoriaulriksen.no\/wp-content\/uploads\/2025\/03\/Heilig_Hartkerk_Dumortierlaan_Knokke-300x225.jpg 300w, https:\/\/victoriaulriksen.no\/wp-content\/uploads\/2025\/03\/Heilig_Hartkerk_Dumortierlaan_Knokke-768x576.jpg 768w, https:\/\/victoriaulriksen.no\/wp-content\/uploads\/2025\/03\/Heilig_Hartkerk_Dumortierlaan_Knokke.jpg 1200w\" sizes=\"auto, (max-width: 1024px) 100vw, 1024px\" \/><figcaption class=\"wp-element-caption\">Parochiekerk &laquo;Heilig Hart&raquo; , Dumortierlaan, Knokke<\/figcaption><\/figure>\n\n\n\n<figure class=\"wp-block-image size-large\"><img loading=\"lazy\" decoding=\"async\" width=\"724\" height=\"1024\" src=\"https:\/\/victoriaulriksen.no\/wp-content\/uploads\/2025\/03\/DCD06059-2F2F-4773-835F-05DE8E8064C9-724x1024.jpg\" alt=\"\" class=\"wp-image-769\" srcset=\"https:\/\/victoriaulriksen.no\/wp-content\/uploads\/2025\/03\/DCD06059-2F2F-4773-835F-05DE8E8064C9-724x1024.jpg 724w, https:\/\/victoriaulriksen.no\/wp-content\/uploads\/2025\/03\/DCD06059-2F2F-4773-835F-05DE8E8064C9-212x300.jpg 212w, https:\/\/victoriaulriksen.no\/wp-content\/uploads\/2025\/03\/DCD06059-2F2F-4773-835F-05DE8E8064C9-768x1086.jpg 768w, https:\/\/victoriaulriksen.no\/wp-content\/uploads\/2025\/03\/DCD06059-2F2F-4773-835F-05DE8E8064C9-1086x1536.jpg 1086w, https:\/\/victoriaulriksen.no\/wp-content\/uploads\/2025\/03\/DCD06059-2F2F-4773-835F-05DE8E8064C9-1448x2048.jpg 1448w, https:\/\/victoriaulriksen.no\/wp-content\/uploads\/2025\/03\/DCD06059-2F2F-4773-835F-05DE8E8064C9.jpg 1587w\" sizes=\"auto, (max-width: 724px) 100vw, 724px\" \/><\/figure>\n\n\n\n<figure class=\"wp-block-image size-large\"><img loading=\"lazy\" decoding=\"async\" width=\"1024\" height=\"768\" src=\"https:\/\/victoriaulriksen.no\/wp-content\/uploads\/2025\/03\/507EA6EF-3B81-47B3-BF7E-CD1998F9B0AA-1024x768.jpg\" alt=\"\" class=\"wp-image-770\" srcset=\"https:\/\/victoriaulriksen.no\/wp-content\/uploads\/2025\/03\/507EA6EF-3B81-47B3-BF7E-CD1998F9B0AA-1024x768.jpg 1024w, https:\/\/victoriaulriksen.no\/wp-content\/uploads\/2025\/03\/507EA6EF-3B81-47B3-BF7E-CD1998F9B0AA-300x225.jpg 300w, https:\/\/victoriaulriksen.no\/wp-content\/uploads\/2025\/03\/507EA6EF-3B81-47B3-BF7E-CD1998F9B0AA-768x576.jpg 768w, https:\/\/victoriaulriksen.no\/wp-content\/uploads\/2025\/03\/507EA6EF-3B81-47B3-BF7E-CD1998F9B0AA-1536x1152.jpg 1536w, https:\/\/victoriaulriksen.no\/wp-content\/uploads\/2025\/03\/507EA6EF-3B81-47B3-BF7E-CD1998F9B0AA-2048x1536.jpg 2048w\" sizes=\"auto, (max-width: 1024px) 100vw, 1024px\" \/><\/figure>\n<\/details>\n\n\n\n<details class=\"wp-block-details is-layout-flow wp-block-details-is-layout-flow\"><summary>22.08.25 Leonhardskirche, Basel (CH)<\/summary>\n<p>6:15 pm &#8211; <a href=\"https:\/\/www.orgelspielzumfeierabend.ch\/\" data-type=\"link\" data-id=\"https:\/\/www.orgelspielzumfeierabend.ch\/\">Recital on the Silbermann\/Kuhn organ<\/a><\/p>\n\n\n\n<p>Grieg \/ Bach \/ Marchand \/ Mozart<\/p>\n\n\n\n<figure class=\"wp-block-image size-full\"><img loading=\"lazy\" decoding=\"async\" width=\"784\" height=\"479\" src=\"https:\/\/victoriaulriksen.no\/wp-content\/uploads\/2024\/11\/img-9664-5831EFTN-SE5YROMH.webp\" alt=\"\" class=\"wp-image-632\" srcset=\"https:\/\/victoriaulriksen.no\/wp-content\/uploads\/2024\/11\/img-9664-5831EFTN-SE5YROMH.webp 784w, https:\/\/victoriaulriksen.no\/wp-content\/uploads\/2024\/11\/img-9664-5831EFTN-SE5YROMH-300x183.webp 300w, https:\/\/victoriaulriksen.no\/wp-content\/uploads\/2024\/11\/img-9664-5831EFTN-SE5YROMH-768x469.webp 768w\" sizes=\"auto, (max-width: 784px) 100vw, 784px\" \/><\/figure>\n<\/details>\n\n\n\n<details class=\"wp-block-details is-layout-flow wp-block-details-is-layout-flow\"><summary>21.08.25 Fraum\u00fcnster Z\u00fcrich (CH)<\/summary>\n<p>&laquo;Musik am Mittag&raquo; &#8211; International recital series<\/p>\n\n\n\n<p>Edvard Grieg (1843\u20131907)<br>Norwegian Peasant Dances Op. 72: R\u00f8tnams-Knut<\/p>\n\n\n\n<p>Gerard Bunk (1888-1958)<br>Legende in G Minor, Op. 29<\/p>\n\n\n\n<p>Maurice Durufl\u00e9 (1902-1986)<br>Toccata from Suite, Op. 5<\/p>\n\n\n\n<figure class=\"wp-block-image size-large\"><img loading=\"lazy\" decoding=\"async\" width=\"1024\" height=\"583\" src=\"https:\/\/victoriaulriksen.no\/wp-content\/uploads\/2024\/10\/375de577ce82125191ea8e52b7e150fd-1024x583.jpg\" alt=\"\" class=\"wp-image-515\" srcset=\"https:\/\/victoriaulriksen.no\/wp-content\/uploads\/2024\/10\/375de577ce82125191ea8e52b7e150fd-1024x583.jpg 1024w, https:\/\/victoriaulriksen.no\/wp-content\/uploads\/2024\/10\/375de577ce82125191ea8e52b7e150fd-300x171.jpg 300w, https:\/\/victoriaulriksen.no\/wp-content\/uploads\/2024\/10\/375de577ce82125191ea8e52b7e150fd-768x437.jpg 768w, https:\/\/victoriaulriksen.no\/wp-content\/uploads\/2024\/10\/375de577ce82125191ea8e52b7e150fd-1536x874.jpg 1536w, https:\/\/victoriaulriksen.no\/wp-content\/uploads\/2024\/10\/375de577ce82125191ea8e52b7e150fd-2048x1165.jpg 2048w\" sizes=\"auto, (max-width: 1024px) 100vw, 1024px\" \/><\/figure>\n<\/details>\n\n\n\n<details class=\"wp-block-details is-layout-flow wp-block-details-is-layout-flow\"><summary>16.08.25 Schlosskirche Altenburg; Altenburger Musikfestival (DE)<\/summary>\n<p>5 pm &#8211; Familienkonzert on the Trost Organ during Altenburger Musikfestival<\/p>\n\n\n\n<p>Guy Bovet: Piep dem Pieper<\/p>\n\n\n\n<figure class=\"wp-block-image size-full\"><img loading=\"lazy\" decoding=\"async\" width=\"800\" height=\"600\" src=\"https:\/\/victoriaulriksen.no\/wp-content\/uploads\/2025\/04\/Residenzschloss-Altenburg-Schlosskirche-\u00a9TVAL-Maxity.jpg\" alt=\"\" class=\"wp-image-792\" srcset=\"https:\/\/victoriaulriksen.no\/wp-content\/uploads\/2025\/04\/Residenzschloss-Altenburg-Schlosskirche-\u00a9TVAL-Maxity.jpg 800w, https:\/\/victoriaulriksen.no\/wp-content\/uploads\/2025\/04\/Residenzschloss-Altenburg-Schlosskirche-\u00a9TVAL-Maxity-300x225.jpg 300w, https:\/\/victoriaulriksen.no\/wp-content\/uploads\/2025\/04\/Residenzschloss-Altenburg-Schlosskirche-\u00a9TVAL-Maxity-768x576.jpg 768w\" sizes=\"auto, (max-width: 800px) 100vw, 800px\" \/><\/figure>\n\n\n\n<figure class=\"wp-block-image size-large\"><img loading=\"lazy\" decoding=\"async\" width=\"1024\" height=\"681\" src=\"https:\/\/victoriaulriksen.no\/wp-content\/uploads\/2025\/04\/Orgel_4_-1024x681.jpg\" alt=\"\" class=\"wp-image-793\" srcset=\"https:\/\/victoriaulriksen.no\/wp-content\/uploads\/2025\/04\/Orgel_4_-1024x681.jpg 1024w, https:\/\/victoriaulriksen.no\/wp-content\/uploads\/2025\/04\/Orgel_4_-300x199.jpg 300w, https:\/\/victoriaulriksen.no\/wp-content\/uploads\/2025\/04\/Orgel_4_-768x510.jpg 768w, https:\/\/victoriaulriksen.no\/wp-content\/uploads\/2025\/04\/Orgel_4_-1536x1021.jpg 1536w, https:\/\/victoriaulriksen.no\/wp-content\/uploads\/2025\/04\/Orgel_4_.jpg 1920w\" sizes=\"auto, (max-width: 1024px) 100vw, 1024px\" \/><\/figure>\n<\/details>\n\n\n\n<details class=\"wp-block-details is-layout-flow wp-block-details-is-layout-flow\"><summary>27.07.25 Stadtkirche Karlsruhe (DE); <a href=\"https:\/\/www.musikanderstadtkirchekarlsruhe.de\/veranstaltungen\/konzerttermine\/\" data-type=\"link\" data-id=\"https:\/\/www.musikanderstadtkirchekarlsruhe.de\/veranstaltungen\/konzerttermine\/\" target=\"_blank\" rel=\"noreferrer noopener\">International Organ Summer Karlsruhe<\/a><\/summary>\n<p>8:30 pm &#8211; Recital during the <a href=\"https:\/\/www.musikanderstadtkirchekarlsruhe.de\/veranstaltungen\/konzerttermine\/\" data-type=\"link\" data-id=\"https:\/\/www.musikanderstadtkirchekarlsruhe.de\/veranstaltungen\/konzerttermine\/\" target=\"_blank\" rel=\"noreferrer noopener\">International Organ Summer Karlsruhe<\/a><\/p>\n\n\n\n<p>Louis Marchand: Grand Dialogue<\/p>\n\n\n\n<p>Mozart: Adagio\/Allegro\/Adagio in F minor, K. 594<\/p>\n\n\n\n<p>Bach\/Vivaldi: Concerto for 4 Harpsichords in A Minor, BWV 1065<\/p>\n\n\n\n<p>Gerard Bunk: Legende in G Minor, Op. 29<\/p>\n\n\n\n<p>K\u00e5re Nordstoga: Sharing (\u00dcA 2025)<\/p>\n\n\n\n<p>Edvard Grieg: From the Holberg Suite, Op. 40: Sarabande&nbsp;<\/p>\n\n\n\n<p>Maurice Durufl\u00e9: Toccata from Suite, Op. 5<\/p>\n\n\n\n<figure class=\"wp-block-image size-large is-resized\"><img loading=\"lazy\" decoding=\"async\" width=\"768\" height=\"1024\" src=\"https:\/\/victoriaulriksen.no\/wp-content\/uploads\/2024\/10\/Karlsruhe-Evangelische_Stadtkirche-36-Remy-Mahler-Orgel-2022-gje_zoom-768x1024.jpg\" alt=\"\" class=\"wp-image-565\" style=\"width:516px;height:auto\" srcset=\"https:\/\/victoriaulriksen.no\/wp-content\/uploads\/2024\/10\/Karlsruhe-Evangelische_Stadtkirche-36-Remy-Mahler-Orgel-2022-gje_zoom-768x1024.jpg 768w, https:\/\/victoriaulriksen.no\/wp-content\/uploads\/2024\/10\/Karlsruhe-Evangelische_Stadtkirche-36-Remy-Mahler-Orgel-2022-gje_zoom-225x300.jpg 225w, https:\/\/victoriaulriksen.no\/wp-content\/uploads\/2024\/10\/Karlsruhe-Evangelische_Stadtkirche-36-Remy-Mahler-Orgel-2022-gje_zoom.jpg 898w\" sizes=\"auto, (max-width: 768px) 100vw, 768px\" \/><\/figure>\n\n\n\n<figure class=\"wp-block-image size-full\"><img loading=\"lazy\" decoding=\"async\" width=\"900\" height=\"652\" src=\"https:\/\/victoriaulriksen.no\/wp-content\/uploads\/2024\/10\/teaserbox_53764.jpg\" alt=\"\" class=\"wp-image-566\" srcset=\"https:\/\/victoriaulriksen.no\/wp-content\/uploads\/2024\/10\/teaserbox_53764.jpg 900w, https:\/\/victoriaulriksen.no\/wp-content\/uploads\/2024\/10\/teaserbox_53764-300x217.jpg 300w, https:\/\/victoriaulriksen.no\/wp-content\/uploads\/2024\/10\/teaserbox_53764-768x556.jpg 768w\" sizes=\"auto, (max-width: 900px) 100vw, 900px\" \/><\/figure>\n\n\n\n<figure class=\"wp-block-image size-full\"><img loading=\"lazy\" decoding=\"async\" width=\"900\" height=\"676\" src=\"https:\/\/victoriaulriksen.no\/wp-content\/uploads\/2024\/10\/teaserbox_53617.png\" alt=\"\" class=\"wp-image-567\" srcset=\"https:\/\/victoriaulriksen.no\/wp-content\/uploads\/2024\/10\/teaserbox_53617.png 900w, https:\/\/victoriaulriksen.no\/wp-content\/uploads\/2024\/10\/teaserbox_53617-300x225.png 300w, https:\/\/victoriaulriksen.no\/wp-content\/uploads\/2024\/10\/teaserbox_53617-768x577.png 768w\" sizes=\"auto, (max-width: 900px) 100vw, 900px\" \/><\/figure>\n\n\n\n<figure class=\"wp-block-image size-full\"><img loading=\"lazy\" decoding=\"async\" width=\"512\" height=\"770\" src=\"https:\/\/victoriaulriksen.no\/wp-content\/uploads\/2024\/10\/cache_53618.png\" alt=\"\" class=\"wp-image-568\" srcset=\"https:\/\/victoriaulriksen.no\/wp-content\/uploads\/2024\/10\/cache_53618.png 512w, https:\/\/victoriaulriksen.no\/wp-content\/uploads\/2024\/10\/cache_53618-199x300.png 199w\" sizes=\"auto, (max-width: 512px) 100vw, 512px\" \/><\/figure>\n<\/details>\n\n\n\n<details class=\"wp-block-details is-layout-flow wp-block-details-is-layout-flow\"><summary>19.07.25 Kaiser-Wilhelm-Ged\u00e4chtniskirche, Berlin (DE); <a href=\"https:\/\/www.gedaechtniskirche-berlin.de\/musik\/orgelsommer\" data-type=\"link\" data-id=\"https:\/\/www.gedaechtniskirche-berlin.de\/musik\/orgelsommer\"><\/a><a href=\"https:\/\/www.gedaechtniskirche-berlin.de\/veranstaltungen\/detailseite\/32982297?cHash=57eab5aed595e873a73fc405d2c13c92\" data-type=\"link\" data-id=\"https:\/\/www.gedaechtniskirche-berlin.de\/musik\/orgelsommer\">Internationaler Orgelsommer 2025<\/a><\/summary>\n<p>6 pm &#8211; <a href=\"https:\/\/www.gedaechtniskirche-berlin.de\/veranstaltungen\/detailseite\/32982297?cHash=57eab5aed595e873a73fc405d2c13c92\" data-type=\"link\" data-id=\"https:\/\/www.gedaechtniskirche-berlin.de\/musik\/orgelsommer\">Internationaler Orgelsommer 2025<\/a><\/p>\n\n\n\n<p>&laquo;<em>Action &#8211; reaction&raquo;<\/em><\/p>\n\n\n\n<p>Louis Marchand:<br>Grand Dialogue<\/p>\n\n\n\n<p>W.A. Mozart:<br>Adagio\/Allegro\/Adagio in F minor<\/p>\n\n\n\n<p>J.S.Bach \/ A.Vivaldi:<br>Concerto for 4 Harpsichords in A Minor, BWV 1065<\/p>\n\n\n\n<p>Edvard Grieg:<br>Norwegian Peasant Dances: R\u00f8tnams-Knut<\/p>\n\n\n\n<p>Gerard Bunk:<br>Legende in G Minor, Op. 29<\/p>\n\n\n\n<p>Maurice Durufl\u00e9:<br>Toccata from Suite, Op. 5<\/p>\n\n\n\n<figure class=\"wp-block-image size-large\"><img loading=\"lazy\" decoding=\"async\" width=\"1024\" height=\"729\" src=\"https:\/\/victoriaulriksen.no\/wp-content\/uploads\/2025\/05\/kwg-orgel-c-katharina-dorn-publicon-verlagsgesellschaft-mbh-1408x1002-1-1024x729.webp\" alt=\"\" class=\"wp-image-838\" srcset=\"https:\/\/victoriaulriksen.no\/wp-content\/uploads\/2025\/05\/kwg-orgel-c-katharina-dorn-publicon-verlagsgesellschaft-mbh-1408x1002-1-1024x729.webp 1024w, https:\/\/victoriaulriksen.no\/wp-content\/uploads\/2025\/05\/kwg-orgel-c-katharina-dorn-publicon-verlagsgesellschaft-mbh-1408x1002-1-300x213.webp 300w, https:\/\/victoriaulriksen.no\/wp-content\/uploads\/2025\/05\/kwg-orgel-c-katharina-dorn-publicon-verlagsgesellschaft-mbh-1408x1002-1-768x547.webp 768w, https:\/\/victoriaulriksen.no\/wp-content\/uploads\/2025\/05\/kwg-orgel-c-katharina-dorn-publicon-verlagsgesellschaft-mbh-1408x1002-1.webp 1408w\" sizes=\"auto, (max-width: 1024px) 100vw, 1024px\" \/><\/figure>\n\n\n\n<figure class=\"wp-block-image size-large\"><img loading=\"lazy\" decoding=\"async\" width=\"1024\" height=\"768\" src=\"https:\/\/victoriaulriksen.no\/wp-content\/uploads\/2025\/05\/stichtag-kaiser-wilhelm-gedaechtniskirche-100_v-HintergrundL-1024x768.jpg\" alt=\"\" class=\"wp-image-839\" srcset=\"https:\/\/victoriaulriksen.no\/wp-content\/uploads\/2025\/05\/stichtag-kaiser-wilhelm-gedaechtniskirche-100_v-HintergrundL-1024x768.jpg 1024w, https:\/\/victoriaulriksen.no\/wp-content\/uploads\/2025\/05\/stichtag-kaiser-wilhelm-gedaechtniskirche-100_v-HintergrundL-300x225.jpg 300w, https:\/\/victoriaulriksen.no\/wp-content\/uploads\/2025\/05\/stichtag-kaiser-wilhelm-gedaechtniskirche-100_v-HintergrundL-768x576.jpg 768w, https:\/\/victoriaulriksen.no\/wp-content\/uploads\/2025\/05\/stichtag-kaiser-wilhelm-gedaechtniskirche-100_v-HintergrundL.jpg 1536w\" sizes=\"auto, (max-width: 1024px) 100vw, 1024px\" \/><\/figure>\n<\/details>\n\n\n\n<details class=\"wp-block-details is-layout-flow wp-block-details-is-layout-flow\"><summary>22.06.25 Kirche St. Peter, Trier-Ehrang (DE)<\/summary>\n<p>5 pm &#8211; &laquo;Music without limits&raquo; during the &laquo;Alte Mauern &#8211; Junge T\u00f6ne&raquo; festival<\/p>\n\n\n\n<p><sup>J.S.Bach: Italian Concerto in F Major, BWV 971 (Arr. Martin Schmeding):<\/sup><\/p>\n\n\n\n<p><sup><sub>I: &#8211;<\/sub><\/sup><\/p>\n\n\n\n<p><sup><sub>II: Andante<\/sub><\/sup><\/p>\n\n\n\n<p><sup><sub>III: Presto&nbsp;<\/sub><\/sup><\/p>\n\n\n\n<p><sup>J.&nbsp;Brahms: Pr\u00e4ludium und Fuge in a-moll, WoO 9<\/sup><\/p>\n\n\n\n<p><sup>Gerard Bunk: Legende in g-moll, Op. 29<\/sup><\/p>\n\n\n\n<p><sup>Edvard Grieg: Norwegian Dance No. 1 &laquo;Allegro moderato&raquo; , Op. 35 (Arr. Bj\u00f8rn Andor Drage)<\/sup><\/p>\n\n\n\n<p><sup>O. Messiaen: Joie et Clart\u00e9 des Corps Glorieux<\/sup><\/p>\n\n\n\n<p><sup>Maurice Durufl\u00e9: Toccata, Suite Op. 5, No. 3<\/sup><\/p>\n\n\n\n<figure class=\"wp-block-image size-full is-resized\"><img loading=\"lazy\" decoding=\"async\" width=\"400\" height=\"613\" src=\"https:\/\/victoriaulriksen.no\/wp-content\/uploads\/2025\/02\/trier-ehrang_st-peter_01_schritt.jpg\" alt=\"\" class=\"wp-image-716\" style=\"width:515px;height:auto\" srcset=\"https:\/\/victoriaulriksen.no\/wp-content\/uploads\/2025\/02\/trier-ehrang_st-peter_01_schritt.jpg 400w, https:\/\/victoriaulriksen.no\/wp-content\/uploads\/2025\/02\/trier-ehrang_st-peter_01_schritt-196x300.jpg 196w\" sizes=\"auto, (max-width: 400px) 100vw, 400px\" \/><\/figure>\n\n\n\n<figure class=\"wp-block-image size-full\"><img loading=\"lazy\" decoding=\"async\" width=\"500\" height=\"667\" src=\"https:\/\/victoriaulriksen.no\/wp-content\/uploads\/2025\/02\/Trier-Ehrang_1.jpeg.jpg\" alt=\"\" class=\"wp-image-718\" srcset=\"https:\/\/victoriaulriksen.no\/wp-content\/uploads\/2025\/02\/Trier-Ehrang_1.jpeg.jpg 500w, https:\/\/victoriaulriksen.no\/wp-content\/uploads\/2025\/02\/Trier-Ehrang_1.jpeg-225x300.jpg 225w\" sizes=\"auto, (max-width: 500px) 100vw, 500px\" \/><\/figure>\n<\/details>\n\n\n\n<details class=\"wp-block-details is-layout-flow wp-block-details-is-layout-flow\"><summary>18.06.25 Jevnaker Church (NO)<\/summary>\n<p>6 pm &#8211; Opening of the summer recital series<\/p>\n\n\n\n<figure class=\"wp-block-image size-full\"><img loading=\"lazy\" decoding=\"async\" width=\"700\" height=\"467\" src=\"https:\/\/victoriaulriksen.no\/wp-content\/uploads\/2024\/10\/970A25EE42F13C56786B555481CC503D.jpg\" alt=\"\" class=\"wp-image-514\" srcset=\"https:\/\/victoriaulriksen.no\/wp-content\/uploads\/2024\/10\/970A25EE42F13C56786B555481CC503D.jpg 700w, https:\/\/victoriaulriksen.no\/wp-content\/uploads\/2024\/10\/970A25EE42F13C56786B555481CC503D-300x200.jpg 300w\" sizes=\"auto, (max-width: 700px) 100vw, 700px\" \/><\/figure>\n<\/details>\n\n\n\n<details class=\"wp-block-details is-layout-flow wp-block-details-is-layout-flow\"><summary>14.06.25 Gj\u00f8vik Church (NO)<\/summary>\n<p>12 pm &#8211; Lunchtime recital<\/p>\n\n\n\n<figure class=\"wp-block-image size-large\"><img loading=\"lazy\" decoding=\"async\" width=\"1024\" height=\"683\" src=\"https:\/\/victoriaulriksen.no\/wp-content\/uploads\/2024\/10\/file6AD7EE538EAD53BE53F1A332D3B746057E2A268E-1024x683.jpg\" alt=\"\" class=\"wp-image-512\" srcset=\"https:\/\/victoriaulriksen.no\/wp-content\/uploads\/2024\/10\/file6AD7EE538EAD53BE53F1A332D3B746057E2A268E-1024x683.jpg 1024w, https:\/\/victoriaulriksen.no\/wp-content\/uploads\/2024\/10\/file6AD7EE538EAD53BE53F1A332D3B746057E2A268E-300x200.jpg 300w, https:\/\/victoriaulriksen.no\/wp-content\/uploads\/2024\/10\/file6AD7EE538EAD53BE53F1A332D3B746057E2A268E-768x512.jpg 768w, https:\/\/victoriaulriksen.no\/wp-content\/uploads\/2024\/10\/file6AD7EE538EAD53BE53F1A332D3B746057E2A268E.jpg 1200w\" sizes=\"auto, (max-width: 1024px) 100vw, 1024px\" \/><\/figure>\n<\/details>\n\n\n\n<details class=\"wp-block-details is-layout-flow wp-block-details-is-layout-flow\"><summary>07.06.25 H\u00f8nefoss Church (NO)<\/summary>\n<p>11:30 am &#8211; Pentecost Recital and Opening recital of the Pipe Concert Series 2025<\/p>\n\n\n\n<figure class=\"wp-block-image size-full\"><img loading=\"lazy\" decoding=\"async\" width=\"800\" height=\"448\" src=\"https:\/\/victoriaulriksen.no\/wp-content\/uploads\/2024\/12\/honefoss_kirke_02_739.webp\" alt=\"\" class=\"wp-image-642\" srcset=\"https:\/\/victoriaulriksen.no\/wp-content\/uploads\/2024\/12\/honefoss_kirke_02_739.webp 800w, https:\/\/victoriaulriksen.no\/wp-content\/uploads\/2024\/12\/honefoss_kirke_02_739-300x168.webp 300w, https:\/\/victoriaulriksen.no\/wp-content\/uploads\/2024\/12\/honefoss_kirke_02_739-768x430.webp 768w\" sizes=\"auto, (max-width: 800px) 100vw, 800px\" \/><\/figure>\n<\/details>\n\n\n\n<details class=\"wp-block-details is-layout-flow wp-block-details-is-layout-flow\"><summary>07.05.25 Propsteikirche Herz Jesu L\u00fcbeck (DE)<\/summary>\n<p>8 pm &#8211; Evening recital on the Kuhn organ<\/p>\n\n\n\n<figure class=\"wp-block-image size-large\"><img loading=\"lazy\" decoding=\"async\" width=\"1024\" height=\"1024\" src=\"https:\/\/victoriaulriksen.no\/wp-content\/uploads\/2024\/10\/propsteikirche-herz-jesu-1024x1024.jpg\" alt=\"\" class=\"wp-image-511\" srcset=\"https:\/\/victoriaulriksen.no\/wp-content\/uploads\/2024\/10\/propsteikirche-herz-jesu-1024x1024.jpg 1024w, https:\/\/victoriaulriksen.no\/wp-content\/uploads\/2024\/10\/propsteikirche-herz-jesu-300x300.jpg 300w, https:\/\/victoriaulriksen.no\/wp-content\/uploads\/2024\/10\/propsteikirche-herz-jesu-150x150.jpg 150w, https:\/\/victoriaulriksen.no\/wp-content\/uploads\/2024\/10\/propsteikirche-herz-jesu-768x768.jpg 768w, https:\/\/victoriaulriksen.no\/wp-content\/uploads\/2024\/10\/propsteikirche-herz-jesu.jpg 1200w\" sizes=\"auto, (max-width: 1024px) 100vw, 1024px\" \/><\/figure>\n<\/details>\n\n\n\n<details class=\"wp-block-details is-layout-flow wp-block-details-is-layout-flow\"><summary>27.04.25 Sofienberg Church (NO)<\/summary>\n<p>International Organ Recitals in Sofienberg &amp; Paulus Church<\/p>\n\n\n\n<figure class=\"wp-block-image size-full\"><img loading=\"lazy\" decoding=\"async\" width=\"1000\" height=\"667\" src=\"https:\/\/victoriaulriksen.no\/wp-content\/uploads\/2025\/02\/orgel_spillepult_mg_2773.jpg\" alt=\"\" class=\"wp-image-720\" srcset=\"https:\/\/victoriaulriksen.no\/wp-content\/uploads\/2025\/02\/orgel_spillepult_mg_2773.jpg 1000w, https:\/\/victoriaulriksen.no\/wp-content\/uploads\/2025\/02\/orgel_spillepult_mg_2773-300x200.jpg 300w, https:\/\/victoriaulriksen.no\/wp-content\/uploads\/2025\/02\/orgel_spillepult_mg_2773-768x512.jpg 768w\" sizes=\"auto, (max-width: 1000px) 100vw, 1000px\" \/><\/figure>\n\n\n\n<figure class=\"wp-block-image size-full\"><img loading=\"lazy\" decoding=\"async\" width=\"600\" height=\"400\" src=\"https:\/\/victoriaulriksen.no\/wp-content\/uploads\/2025\/02\/600px-Sofienberg_Kirke.jpg\" alt=\"\" class=\"wp-image-721\" srcset=\"https:\/\/victoriaulriksen.no\/wp-content\/uploads\/2025\/02\/600px-Sofienberg_Kirke.jpg 600w, https:\/\/victoriaulriksen.no\/wp-content\/uploads\/2025\/02\/600px-Sofienberg_Kirke-300x200.jpg 300w\" sizes=\"auto, (max-width: 600px) 100vw, 600px\" \/><\/figure>\n<\/details>\n\n\n\n<details class=\"wp-block-details is-layout-flow wp-block-details-is-layout-flow\"><summary>25.04.25 V\u00e4ster\u00e5s Cathedral (SE)<\/summary>\n<p>5 pm &#8211; Opening recital of the Organ Festival<\/p>\n\n\n\n<figure class=\"wp-block-image size-full\"><img loading=\"lazy\" decoding=\"async\" width=\"1000\" height=\"667\" src=\"https:\/\/victoriaulriksen.no\/wp-content\/uploads\/2024\/10\/shutterstock_1494280652.jpg\" alt=\"\" class=\"wp-image-510\" srcset=\"https:\/\/victoriaulriksen.no\/wp-content\/uploads\/2024\/10\/shutterstock_1494280652.jpg 1000w, https:\/\/victoriaulriksen.no\/wp-content\/uploads\/2024\/10\/shutterstock_1494280652-300x200.jpg 300w, https:\/\/victoriaulriksen.no\/wp-content\/uploads\/2024\/10\/shutterstock_1494280652-768x512.jpg 768w\" sizes=\"auto, (max-width: 1000px) 100vw, 1000px\" \/><\/figure>\n<\/details>\n\n\n\n<details class=\"wp-block-details is-layout-flow wp-block-details-is-layout-flow\"><summary>17.04.25 Peterskirche, Leipzig (DE)<\/summary>\n<p>12 pm &#8211; Orgel-Punkt-Zw\u00f6lf<\/p>\n\n\n\n<figure class=\"wp-block-image size-large\"><img loading=\"lazy\" decoding=\"async\" width=\"726\" height=\"1024\" src=\"https:\/\/victoriaulriksen.no\/wp-content\/uploads\/2025\/03\/Peterskirche_Leipzig_-_Schaeffer-726x1024.jpg\" alt=\"\" class=\"wp-image-761\" srcset=\"https:\/\/victoriaulriksen.no\/wp-content\/uploads\/2025\/03\/Peterskirche_Leipzig_-_Schaeffer-726x1024.jpg 726w, https:\/\/victoriaulriksen.no\/wp-content\/uploads\/2025\/03\/Peterskirche_Leipzig_-_Schaeffer-213x300.jpg 213w, https:\/\/victoriaulriksen.no\/wp-content\/uploads\/2025\/03\/Peterskirche_Leipzig_-_Schaeffer-768x1083.jpg 768w, https:\/\/victoriaulriksen.no\/wp-content\/uploads\/2025\/03\/Peterskirche_Leipzig_-_Schaeffer-1089x1536.jpg 1089w, https:\/\/victoriaulriksen.no\/wp-content\/uploads\/2025\/03\/Peterskirche_Leipzig_-_Schaeffer.jpg 1200w\" sizes=\"auto, (max-width: 726px) 100vw, 726px\" \/><\/figure>\n<\/details>\n\n\n\n<details class=\"wp-block-details is-layout-flow wp-block-details-is-layout-flow\"><summary>16.04.25 Nikolaikirche, Leipzig (DE)<\/summary>\n<p>5 pm &#8211; &laquo;Musik und Besinnung&raquo; on the Ladegast\/Eule<\/p>\n\n\n\n<figure class=\"wp-block-image size-full\"><img loading=\"lazy\" decoding=\"async\" width=\"1024\" height=\"683\" src=\"https:\/\/victoriaulriksen.no\/wp-content\/uploads\/2025\/02\/41086260305_8f54f809b4_b.jpg\" alt=\"\" class=\"wp-image-693\" srcset=\"https:\/\/victoriaulriksen.no\/wp-content\/uploads\/2025\/02\/41086260305_8f54f809b4_b.jpg 1024w, https:\/\/victoriaulriksen.no\/wp-content\/uploads\/2025\/02\/41086260305_8f54f809b4_b-300x200.jpg 300w, https:\/\/victoriaulriksen.no\/wp-content\/uploads\/2025\/02\/41086260305_8f54f809b4_b-768x512.jpg 768w\" sizes=\"auto, (max-width: 1024px) 100vw, 1024px\" \/><\/figure>\n\n\n\n<figure class=\"wp-block-image size-large\"><img loading=\"lazy\" decoding=\"async\" width=\"1024\" height=\"683\" src=\"https:\/\/victoriaulriksen.no\/wp-content\/uploads\/2025\/02\/nikolaikirche_kultur-sehenswuerdigkeiten-geschichte_ltm-punctum_leipzigtravel-1-1024x683.jpg\" alt=\"\" class=\"wp-image-694\" srcset=\"https:\/\/victoriaulriksen.no\/wp-content\/uploads\/2025\/02\/nikolaikirche_kultur-sehenswuerdigkeiten-geschichte_ltm-punctum_leipzigtravel-1-1024x683.jpg 1024w, https:\/\/victoriaulriksen.no\/wp-content\/uploads\/2025\/02\/nikolaikirche_kultur-sehenswuerdigkeiten-geschichte_ltm-punctum_leipzigtravel-1-300x200.jpg 300w, https:\/\/victoriaulriksen.no\/wp-content\/uploads\/2025\/02\/nikolaikirche_kultur-sehenswuerdigkeiten-geschichte_ltm-punctum_leipzigtravel-1-768x512.jpg 768w, https:\/\/victoriaulriksen.no\/wp-content\/uploads\/2025\/02\/nikolaikirche_kultur-sehenswuerdigkeiten-geschichte_ltm-punctum_leipzigtravel-1-1536x1024.jpg 1536w, https:\/\/victoriaulriksen.no\/wp-content\/uploads\/2025\/02\/nikolaikirche_kultur-sehenswuerdigkeiten-geschichte_ltm-punctum_leipzigtravel-1.jpg 1920w\" sizes=\"auto, (max-width: 1024px) 100vw, 1024px\" \/><\/figure>\n<\/details>\n\n\n\n<details class=\"wp-block-details is-layout-flow wp-block-details-is-layout-flow\"><summary>08.04.25 St George&#8217;s Church, Hanover Square (UK)<\/summary>\n<p>1:10 pm &#8211; Mayfair Organ Concert<\/p>\n\n\n\n<p><sup>Brahms &#8211; Prelude and Fugue in A minor WoO9<\/sup><\/p>\n\n\n\n<p><sup>Handel arr. Dupr\u00e9 &#8211; Concerto No. 10 in D minor Op.7\/4 HWV 309<\/sup><\/p>\n\n\n\n<p><sup>Grieg arr. Bj\u00f8rn Andor Drage &#8211; Norwegian Dance I Op. 35<\/sup><\/p>\n\n\n\n<p><sup>J.S.Bach arr. Martin Schmeding &#8211; Italian Concerto in F BWV 971<\/sup><\/p>\n\n\n\n<figure class=\"wp-block-image size-large\"><img loading=\"lazy\" decoding=\"async\" width=\"1024\" height=\"682\" src=\"https:\/\/victoriaulriksen.no\/wp-content\/uploads\/2024\/10\/GreaterLondonMAYFAIRStGeorgeHanoverSquareandrewgpriorPERMISSIONBYEMAIL4-1024x682.png\" alt=\"\" class=\"wp-image-509\" srcset=\"https:\/\/victoriaulriksen.no\/wp-content\/uploads\/2024\/10\/GreaterLondonMAYFAIRStGeorgeHanoverSquareandrewgpriorPERMISSIONBYEMAIL4-1024x682.png 1024w, https:\/\/victoriaulriksen.no\/wp-content\/uploads\/2024\/10\/GreaterLondonMAYFAIRStGeorgeHanoverSquareandrewgpriorPERMISSIONBYEMAIL4-300x200.png 300w, https:\/\/victoriaulriksen.no\/wp-content\/uploads\/2024\/10\/GreaterLondonMAYFAIRStGeorgeHanoverSquareandrewgpriorPERMISSIONBYEMAIL4-768x511.png 768w, https:\/\/victoriaulriksen.no\/wp-content\/uploads\/2024\/10\/GreaterLondonMAYFAIRStGeorgeHanoverSquareandrewgpriorPERMISSIONBYEMAIL4.png 1280w\" sizes=\"auto, (max-width: 1024px) 100vw, 1024px\" \/><\/figure>\n<\/details>\n\n\n\n<details class=\"wp-block-details is-layout-flow wp-block-details-is-layout-flow\"><summary>07.04.25 Southwark Cathedral (UK)<\/summary>\n<p>1:20 pm &#8211; Lunchtime recital<\/p>\n\n\n\n<p><sub>E. Grieg: Praeludium &#8211; The Holberg Suite<br>Gerard Bunk: Legende in G Minor, Op. 29<br>Saint-Sa\u00ebns Danse Macabre (Lemare)<\/sub><\/p>\n\n\n\n<figure class=\"wp-block-image size-full\"><img loading=\"lazy\" decoding=\"async\" width=\"520\" height=\"390\" src=\"https:\/\/victoriaulriksen.no\/wp-content\/uploads\/2024\/10\/Northwest_View_of_Southwark_Cathedral_01.jpg\" alt=\"\" class=\"wp-image-507\" srcset=\"https:\/\/victoriaulriksen.no\/wp-content\/uploads\/2024\/10\/Northwest_View_of_Southwark_Cathedral_01.jpg 520w, https:\/\/victoriaulriksen.no\/wp-content\/uploads\/2024\/10\/Northwest_View_of_Southwark_Cathedral_01-300x225.jpg 300w\" sizes=\"auto, (max-width: 520px) 100vw, 520px\" \/><\/figure>\n<\/details>\n\n\n\n<details class=\"wp-block-details is-layout-flow wp-block-details-is-layout-flow\"><summary>03.04.25 Truro Cathedral (UK)<\/summary>\n<p>1:10 pm &#8211; <a href=\"https:\/\/www.youtube.com\/watch?v=zGrMclk9wRI&amp;t=2287s\" data-type=\"link\" data-id=\"https:\/\/www.youtube.com\/watch?v=zGrMclk9wRI&amp;t=2287s\">Live-streamed lunchtime recital<\/a><\/p>\n\n\n\n<figure class=\"wp-block-image size-full\"><img loading=\"lazy\" decoding=\"async\" width=\"1000\" height=\"900\" src=\"https:\/\/victoriaulriksen.no\/wp-content\/uploads\/2025\/04\/truro-cathedral.webp\" alt=\"\" class=\"wp-image-790\" srcset=\"https:\/\/victoriaulriksen.no\/wp-content\/uploads\/2025\/04\/truro-cathedral.webp 1000w, https:\/\/victoriaulriksen.no\/wp-content\/uploads\/2025\/04\/truro-cathedral-300x270.webp 300w, https:\/\/victoriaulriksen.no\/wp-content\/uploads\/2025\/04\/truro-cathedral-768x691.webp 768w\" sizes=\"auto, (max-width: 1000px) 100vw, 1000px\" \/><\/figure>\n<\/details>\n\n\n\n<details class=\"wp-block-details is-layout-flow wp-block-details-is-layout-flow\"><summary>02.04.25 Bradford Cathedral (UK)<\/summary>\n<p>1 pm &#8211; Lunchtime recital<\/p>\n\n\n\n<p><sup>Reubke \/ Bunk \/ Grieg<\/sup><\/p>\n\n\n\n<figure class=\"wp-block-image size-full is-resized\"><img loading=\"lazy\" decoding=\"async\" width=\"450\" height=\"300\" src=\"https:\/\/victoriaulriksen.no\/wp-content\/uploads\/2024\/10\/Exterior_of_Cathedral.jpg\" alt=\"\" class=\"wp-image-504\" style=\"width:513px;height:auto\" srcset=\"https:\/\/victoriaulriksen.no\/wp-content\/uploads\/2024\/10\/Exterior_of_Cathedral.jpg 450w, https:\/\/victoriaulriksen.no\/wp-content\/uploads\/2024\/10\/Exterior_of_Cathedral-300x200.jpg 300w\" sizes=\"auto, (max-width: 450px) 100vw, 450px\" \/><\/figure>\n<\/details>\n\n\n\n<details class=\"wp-block-details is-layout-flow wp-block-details-is-layout-flow\"><summary>17.03.25 Ullern Church (NO)<\/summary>\n<p>12 pm &#8211; Recital on the \u00c5kerman &amp; Lund (1987) with premiere and first performance of Mathias Kr\u00e5kenes &laquo;Scherzo &amp; Fugue&raquo; written for Victoria<\/p>\n\n\n\n<p><sup>Kr\u00e5kenes \/ Grieg \/ Bach \/ Saint-Sa\u00ebns<\/sup><\/p>\n\n\n\n<figure class=\"wp-block-image size-large\"><img loading=\"lazy\" decoding=\"async\" width=\"1024\" height=\"767\" src=\"https:\/\/victoriaulriksen.no\/wp-content\/uploads\/2024\/11\/2017_ullern-kirke_drone_rasmusba-kopi-1-1024x767.webp\" alt=\"\" class=\"wp-image-626\" srcset=\"https:\/\/victoriaulriksen.no\/wp-content\/uploads\/2024\/11\/2017_ullern-kirke_drone_rasmusba-kopi-1-1024x767.webp 1024w, https:\/\/victoriaulriksen.no\/wp-content\/uploads\/2024\/11\/2017_ullern-kirke_drone_rasmusba-kopi-1-300x225.webp 300w, https:\/\/victoriaulriksen.no\/wp-content\/uploads\/2024\/11\/2017_ullern-kirke_drone_rasmusba-kopi-1-768x576.webp 768w, https:\/\/victoriaulriksen.no\/wp-content\/uploads\/2024\/11\/2017_ullern-kirke_drone_rasmusba-kopi-1-1536x1151.webp 1536w, https:\/\/victoriaulriksen.no\/wp-content\/uploads\/2024\/11\/2017_ullern-kirke_drone_rasmusba-kopi-1-2048x1535.webp 2048w\" sizes=\"auto, (max-width: 1024px) 100vw, 1024px\" \/><\/figure>\n<\/details>\n\n\n\n<details class=\"wp-block-details is-layout-flow wp-block-details-is-layout-flow\"><summary>11.03.25 Lillehammer Church (NO)<\/summary>\n<p>2 pm &#8211; Lunchtime recital at the Rieger organ<\/p>\n\n\n\n<figure class=\"wp-block-image size-full\"><img loading=\"lazy\" decoding=\"async\" width=\"604\" height=\"403\" src=\"https:\/\/victoriaulriksen.no\/wp-content\/uploads\/2024\/10\/orgel-lillehammer-tim.webp\" alt=\"\" class=\"wp-image-502\" srcset=\"https:\/\/victoriaulriksen.no\/wp-content\/uploads\/2024\/10\/orgel-lillehammer-tim.webp 604w, https:\/\/victoriaulriksen.no\/wp-content\/uploads\/2024\/10\/orgel-lillehammer-tim-300x200.webp 300w\" sizes=\"auto, (max-width: 604px) 100vw, 604px\" \/><\/figure>\n<\/details>\n\n\n\n<details class=\"wp-block-details is-layout-flow wp-block-details-is-layout-flow\"><summary>08.03.2025 Sarpsborg Church (NO)<\/summary>\n<p>1 pm &#8211; Organ recital on the International Women&#8217;s Day<\/p>\n\n\n\n<figure class=\"wp-block-image size-large\"><img loading=\"lazy\" decoding=\"async\" width=\"1024\" height=\"576\" src=\"https:\/\/victoriaulriksen.no\/wp-content\/uploads\/2024\/11\/orgelet-i-sarpsborg-kirke-krediteres-abc-elektro-team-1024x576.jpg\" alt=\"\" class=\"wp-image-635\" srcset=\"https:\/\/victoriaulriksen.no\/wp-content\/uploads\/2024\/11\/orgelet-i-sarpsborg-kirke-krediteres-abc-elektro-team-1024x576.jpg 1024w, https:\/\/victoriaulriksen.no\/wp-content\/uploads\/2024\/11\/orgelet-i-sarpsborg-kirke-krediteres-abc-elektro-team-300x169.jpg 300w, https:\/\/victoriaulriksen.no\/wp-content\/uploads\/2024\/11\/orgelet-i-sarpsborg-kirke-krediteres-abc-elektro-team-768x432.jpg 768w, https:\/\/victoriaulriksen.no\/wp-content\/uploads\/2024\/11\/orgelet-i-sarpsborg-kirke-krediteres-abc-elektro-team.jpg 1200w\" sizes=\"auto, (max-width: 1024px) 100vw, 1024px\" \/><\/figure>\n<\/details>\n\n\n\n<details class=\"wp-block-details is-layout-flow wp-block-details-is-layout-flow\"><summary>05.03.25 T\u00f8nsberg Cathedral (NO)<\/summary>\n<p>12 pm &#8211; Lunchtime recital<\/p>\n\n\n\n<figure class=\"wp-block-image size-full\"><img loading=\"lazy\" decoding=\"async\" width=\"800\" height=\"448\" src=\"https:\/\/victoriaulriksen.no\/wp-content\/uploads\/2024\/10\/domkirken_orgel.web_.jpg\" alt=\"\" class=\"wp-image-501\" srcset=\"https:\/\/victoriaulriksen.no\/wp-content\/uploads\/2024\/10\/domkirken_orgel.web_.jpg 800w, https:\/\/victoriaulriksen.no\/wp-content\/uploads\/2024\/10\/domkirken_orgel.web_-300x168.jpg 300w, https:\/\/victoriaulriksen.no\/wp-content\/uploads\/2024\/10\/domkirken_orgel.web_-768x430.jpg 768w\" sizes=\"auto, (max-width: 800px) 100vw, 800px\" \/><\/figure>\n<\/details>\n\n\n\n<details class=\"wp-block-details is-layout-flow wp-block-details-is-layout-flow\"><summary>08.02.25 Kongsberg Church (NO)<\/summary>\n<p>12 pm &#8211; Lunchtime recital on the Gloger organ (1765)<\/p>\n\n\n\n<p>Bach \/ Brahms \/ Grigny<\/p>\n\n\n\n<figure class=\"wp-block-image size-large\"><img loading=\"lazy\" decoding=\"async\" width=\"1024\" height=\"640\" src=\"https:\/\/victoriaulriksen.no\/wp-content\/uploads\/2025\/01\/gloger24-1-1024x640.jpg\" alt=\"\" class=\"wp-image-664\" srcset=\"https:\/\/victoriaulriksen.no\/wp-content\/uploads\/2025\/01\/gloger24-1-1024x640.jpg 1024w, https:\/\/victoriaulriksen.no\/wp-content\/uploads\/2025\/01\/gloger24-1-300x188.jpg 300w, https:\/\/victoriaulriksen.no\/wp-content\/uploads\/2025\/01\/gloger24-1-768x480.jpg 768w, https:\/\/victoriaulriksen.no\/wp-content\/uploads\/2025\/01\/gloger24-1-1536x960.jpg 1536w, https:\/\/victoriaulriksen.no\/wp-content\/uploads\/2025\/01\/gloger24-1.jpg 2000w\" sizes=\"auto, (max-width: 1024px) 100vw, 1024px\" \/><\/figure>\n<\/details>\n\n\n\n<details class=\"wp-block-details is-layout-flow wp-block-details-is-layout-flow\"><summary>06.02.25 Hamar Cathedral (NO)<\/summary>\n<p>9 pm &#8211; Recital during Hamar Chamber Music Festival and Art Exhibition opening of Bj\u00f8rnulf Dyrud<\/p>\n\n\n\n<p>Bunk \/ Brahms \/ Grigny \/ Saint-Sa\u00ebns<\/p>\n\n\n\n<figure class=\"wp-block-image size-large\"><img loading=\"lazy\" decoding=\"async\" width=\"1024\" height=\"644\" src=\"https:\/\/victoriaulriksen.no\/wp-content\/uploads\/2024\/11\/hamar-domkirke_0436_fotoltb-1024x644.webp\" alt=\"\" class=\"wp-image-627\" srcset=\"https:\/\/victoriaulriksen.no\/wp-content\/uploads\/2024\/11\/hamar-domkirke_0436_fotoltb-1024x644.webp 1024w, https:\/\/victoriaulriksen.no\/wp-content\/uploads\/2024\/11\/hamar-domkirke_0436_fotoltb-300x189.webp 300w, https:\/\/victoriaulriksen.no\/wp-content\/uploads\/2024\/11\/hamar-domkirke_0436_fotoltb-768x483.webp 768w, https:\/\/victoriaulriksen.no\/wp-content\/uploads\/2024\/11\/hamar-domkirke_0436_fotoltb-1536x966.webp 1536w, https:\/\/victoriaulriksen.no\/wp-content\/uploads\/2024\/11\/hamar-domkirke_0436_fotoltb-2048x1288.webp 2048w\" sizes=\"auto, (max-width: 1024px) 100vw, 1024px\" \/><\/figure>\n<\/details>\n\n\n\n<details class=\"wp-block-details is-layout-flow wp-block-details-is-layout-flow\"><summary>15.01.25 Westerkerk Amsterdam (NL)<\/summary>\n<p>1 pm &#8211; Live-streamed lunchtime recital on the historical Flentrop organ<\/p>\n\n\n\n<p>J.S.Bach: Praeludium Ess-dur BWV 552\/1<\/p>\n\n\n\n<p>Saint-Sa\u00ebns: Danse Macabre (arr. Lemare)<\/p>\n\n\n\n<p>Strauss: Tritsch-Tratsch-Polka (arr. Ulriksen)<\/p>\n\n\n\n<p>E.Grieg: Norwegian Dance No.1 Op. 35<\/p>\n\n\n\n<p>J.Alain: Litanies<\/p>\n\n\n\n<figure class=\"wp-block-image size-full\"><img loading=\"lazy\" decoding=\"async\" width=\"683\" height=\"1024\" src=\"https:\/\/victoriaulriksen.no\/wp-content\/uploads\/2024\/10\/DSCF6532-HDR-min-683x1024-1.jpg\" alt=\"\" class=\"wp-image-500\" srcset=\"https:\/\/victoriaulriksen.no\/wp-content\/uploads\/2024\/10\/DSCF6532-HDR-min-683x1024-1.jpg 683w, https:\/\/victoriaulriksen.no\/wp-content\/uploads\/2024\/10\/DSCF6532-HDR-min-683x1024-1-200x300.jpg 200w\" sizes=\"auto, (max-width: 683px) 100vw, 683px\" \/><\/figure>\n<\/details>\n\n\n\n<details class=\"wp-block-details is-layout-flow wp-block-details-is-layout-flow\"><summary>04.01.25 St. Quentin&#8217;s Cathedral, Hasselt (BE)<\/summary>\n<p>3 pm &#8211; New Year&#8217;s Concert; &laquo;Morning after Dark &#8211; A celebration with Fireworks&raquo; Opening of the yearly organ recital series<\/p>\n\n\n\n<p>Bach \/ Strauss \/ Grieg \/ H\u00e4ndel<\/p>\n\n\n\n<figure class=\"wp-block-image size-full\"><img loading=\"lazy\" decoding=\"async\" width=\"900\" height=\"500\" src=\"https:\/\/victoriaulriksen.no\/wp-content\/uploads\/2024\/11\/caption.jpg\" alt=\"\" class=\"wp-image-605\" srcset=\"https:\/\/victoriaulriksen.no\/wp-content\/uploads\/2024\/11\/caption.jpg 900w, https:\/\/victoriaulriksen.no\/wp-content\/uploads\/2024\/11\/caption-300x167.jpg 300w, https:\/\/victoriaulriksen.no\/wp-content\/uploads\/2024\/11\/caption-768x427.jpg 768w\" sizes=\"auto, (max-width: 900px) 100vw, 900px\" \/><\/figure>\n\n\n\n<figure class=\"wp-block-image size-large\"><img loading=\"lazy\" decoding=\"async\" width=\"768\" height=\"1024\" src=\"https:\/\/victoriaulriksen.no\/wp-content\/uploads\/2024\/11\/Hasselt-Kath-Manuals-2-768x1024.jpg\" alt=\"\" class=\"wp-image-606\" srcset=\"https:\/\/victoriaulriksen.no\/wp-content\/uploads\/2024\/11\/Hasselt-Kath-Manuals-2-768x1024.jpg 768w, https:\/\/victoriaulriksen.no\/wp-content\/uploads\/2024\/11\/Hasselt-Kath-Manuals-2-225x300.jpg 225w, https:\/\/victoriaulriksen.no\/wp-content\/uploads\/2024\/11\/Hasselt-Kath-Manuals-2-1152x1536.jpg 1152w, https:\/\/victoriaulriksen.no\/wp-content\/uploads\/2024\/11\/Hasselt-Kath-Manuals-2.jpg 1181w\" sizes=\"auto, (max-width: 768px) 100vw, 768px\" \/><\/figure>\n<\/details>\n\n\n\n<details class=\"wp-block-details is-layout-flow wp-block-details-is-layout-flow\"><summary>22.11.24 Haderslev Cathedral (DK)<\/summary>\n<p>4:30 pm &#8211; Recital on the Marcussen organ<\/p>\n\n\n\n<p>Grieg \/ Bach\/Widor \/ Saint-Sa\u00ebns \/ Messiaen \/ Reubke<\/p>\n\n\n\n<figure class=\"wp-block-image size-full\"><img loading=\"lazy\" decoding=\"async\" width=\"768\" height=\"520\" src=\"https:\/\/victoriaulriksen.no\/wp-content\/uploads\/2024\/10\/haderslev-domkirke-orgel-og-midtergang.jpg\" alt=\"\" class=\"wp-image-499\" srcset=\"https:\/\/victoriaulriksen.no\/wp-content\/uploads\/2024\/10\/haderslev-domkirke-orgel-og-midtergang.jpg 768w, https:\/\/victoriaulriksen.no\/wp-content\/uploads\/2024\/10\/haderslev-domkirke-orgel-og-midtergang-300x203.jpg 300w\" sizes=\"auto, (max-width: 768px) 100vw, 768px\" \/><\/figure>\n<\/details>\n\n\n\n<details class=\"wp-block-details is-layout-flow wp-block-details-is-layout-flow\"><summary>27.10.24 St. Nicolai Church, Vejle (DK)<\/summary>\n<p>7:30 pm &#8211; Recital on the Frobenius organ<\/p>\n\n\n\n<p>Bach \/ Liszt \/ Mozart \/ Messiaen<\/p>\n\n\n\n<figure class=\"wp-block-image size-full\"><img loading=\"lazy\" decoding=\"async\" width=\"1024\" height=\"754\" src=\"https:\/\/victoriaulriksen.no\/wp-content\/uploads\/2024\/10\/sct-nicolai-church.jpg\" alt=\"\" class=\"wp-image-498\" srcset=\"https:\/\/victoriaulriksen.no\/wp-content\/uploads\/2024\/10\/sct-nicolai-church.jpg 1024w, https:\/\/victoriaulriksen.no\/wp-content\/uploads\/2024\/10\/sct-nicolai-church-300x221.jpg 300w, https:\/\/victoriaulriksen.no\/wp-content\/uploads\/2024\/10\/sct-nicolai-church-768x566.jpg 768w\" sizes=\"auto, (max-width: 1024px) 100vw, 1024px\" \/><\/figure>\n<\/details>\n\n\n\n<details class=\"wp-block-details is-layout-flow wp-block-details-is-layout-flow\"><summary>26.10.24 Parrocchia di Col di Cugnan, Ponte nelle Alpi (IT)<\/summary>\n<p>8:30 pm &#8211; &laquo;Grand Concerto&raquo; in celebration of 10 year anniversary of the Organo Coi de Pera fondation<\/p>\n\n\n\n<figure class=\"wp-block-image size-large is-resized\"><img loading=\"lazy\" decoding=\"async\" width=\"1024\" height=\"768\" src=\"https:\/\/victoriaulriksen.no\/wp-content\/uploads\/2024\/10\/Col-Cugnan-1024x768.jpg\" alt=\"\" class=\"wp-image-496\" style=\"width:516px;height:auto\" srcset=\"https:\/\/victoriaulriksen.no\/wp-content\/uploads\/2024\/10\/Col-Cugnan-1024x768.jpg 1024w, https:\/\/victoriaulriksen.no\/wp-content\/uploads\/2024\/10\/Col-Cugnan-300x225.jpg 300w, https:\/\/victoriaulriksen.no\/wp-content\/uploads\/2024\/10\/Col-Cugnan-768x576.jpg 768w, https:\/\/victoriaulriksen.no\/wp-content\/uploads\/2024\/10\/Col-Cugnan.jpg 1500w\" sizes=\"auto, (max-width: 1024px) 100vw, 1024px\" \/><\/figure>\n\n\n\n<figure class=\"wp-block-image size-large\"><img loading=\"lazy\" decoding=\"async\" width=\"724\" height=\"1024\" src=\"https:\/\/victoriaulriksen.no\/wp-content\/uploads\/2024\/10\/036189d7-0bde-41a5-a928-9aae8baf9936-724x1024.jpg\" alt=\"\" class=\"wp-image-598\" srcset=\"https:\/\/victoriaulriksen.no\/wp-content\/uploads\/2024\/10\/036189d7-0bde-41a5-a928-9aae8baf9936-724x1024.jpg 724w, https:\/\/victoriaulriksen.no\/wp-content\/uploads\/2024\/10\/036189d7-0bde-41a5-a928-9aae8baf9936-212x300.jpg 212w, https:\/\/victoriaulriksen.no\/wp-content\/uploads\/2024\/10\/036189d7-0bde-41a5-a928-9aae8baf9936-768x1087.jpg 768w, https:\/\/victoriaulriksen.no\/wp-content\/uploads\/2024\/10\/036189d7-0bde-41a5-a928-9aae8baf9936-1085x1536.jpg 1085w, https:\/\/victoriaulriksen.no\/wp-content\/uploads\/2024\/10\/036189d7-0bde-41a5-a928-9aae8baf9936.jpg 1447w\" sizes=\"auto, (max-width: 724px) 100vw, 724px\" \/><\/figure>\n<\/details>\n\n\n\n<details class=\"wp-block-details is-layout-flow wp-block-details-is-layout-flow\"><summary>18.09.24 Jesus Church Copenhagen (DK); <strong><a href=\"https:\/\/jesuskirken.dk\/event\/orgelkoncert-med-victoria-ulriksen-paa-cavaille-coll-orglet\/\" data-type=\"link\" data-id=\"https:\/\/jesuskirken.dk\/event\/orgelkoncert-med-victoria-ulriksen-paa-cavaille-coll-orglet\/\" target=\"_blank\" rel=\"noreferrer noopener\">Nordic Church Music Festival<\/a><\/strong><\/summary>\n<p>5 pm &#8211; Recital at the Cavaill\u00e9-Coll organ during the <strong><a href=\"https:\/\/jesuskirken.dk\/event\/orgelkoncert-med-victoria-ulriksen-paa-cavaille-coll-orglet\/\" data-type=\"link\" data-id=\"https:\/\/jesuskirken.dk\/event\/orgelkoncert-med-victoria-ulriksen-paa-cavaille-coll-orglet\/\" target=\"_blank\" rel=\"noreferrer noopener\">Nordic Church Music Festival<\/a><\/strong><\/p>\n\n\n\n<p>Program:<\/p>\n\n\n\n<ul class=\"wp-block-list\">\n<li>Jehan Alain: Litanies<\/li>\n\n\n\n<li>Camille Saint-Sa\u00ebns: Fantaisie No. 1 in Eb-Major<\/li>\n\n\n\n<li>Maurice Durufl\u00e9: Scherzo, Op. 2 <\/li>\n\n\n\n<li>H\u00e4ndel\/Dupr\u00e9: II. Allegro from Organ Concerto No. 10 in d-minor<\/li>\n\n\n\n<li>Edvard Grieg: Norwegian Dance No. 1, Op. 35<\/li>\n\n\n\n<li>C\u00e9sar Franck: Grande Pi\u00e8ce Symphonique<\/li>\n<\/ul>\n\n\n\n<figure class=\"wp-block-image size-large\"><img loading=\"lazy\" decoding=\"async\" width=\"1024\" height=\"579\" src=\"https:\/\/victoriaulriksen.no\/wp-content\/uploads\/2024\/10\/image-1-1024x579.jpeg\" alt=\"\" class=\"wp-image-537\" srcset=\"https:\/\/victoriaulriksen.no\/wp-content\/uploads\/2024\/10\/image-1-1024x579.jpeg 1024w, https:\/\/victoriaulriksen.no\/wp-content\/uploads\/2024\/10\/image-1-300x170.jpeg 300w, https:\/\/victoriaulriksen.no\/wp-content\/uploads\/2024\/10\/image-1-768x434.jpeg 768w, https:\/\/victoriaulriksen.no\/wp-content\/uploads\/2024\/10\/image-1-1536x869.jpeg 1536w, https:\/\/victoriaulriksen.no\/wp-content\/uploads\/2024\/10\/image-1.jpeg 1920w\" sizes=\"auto, (max-width: 1024px) 100vw, 1024px\" \/><\/figure>\n\n\n\n<figure class=\"wp-block-image size-large\"><img loading=\"lazy\" decoding=\"async\" width=\"1024\" height=\"682\" src=\"https:\/\/victoriaulriksen.no\/wp-content\/uploads\/2024\/10\/image-2-1024x682.jpeg\" alt=\"Jesuskirkens historie - Jesuskirken\" class=\"wp-image-538\" srcset=\"https:\/\/victoriaulriksen.no\/wp-content\/uploads\/2024\/10\/image-2-1024x682.jpeg 1024w, https:\/\/victoriaulriksen.no\/wp-content\/uploads\/2024\/10\/image-2-300x200.jpeg 300w, https:\/\/victoriaulriksen.no\/wp-content\/uploads\/2024\/10\/image-2-768x512.jpeg 768w, https:\/\/victoriaulriksen.no\/wp-content\/uploads\/2024\/10\/image-2.jpeg 1536w\" sizes=\"auto, (max-width: 1024px) 100vw, 1024px\" \/><\/figure>\n<\/details>\n\n\n\n<details class=\"wp-block-details is-layout-flow wp-block-details-is-layout-flow\"><summary>07.09.24 Immanuel Church Halden (NO)<\/summary>\n<p>1 pm &#8211; <a href=\"https:\/\/www.kirken.no\/nb-NO\/fellesrad\/halden\/arkiv\/kulturkirken%20immanuel\/\" data-type=\"link\" data-id=\"https:\/\/www.kirken.no\/nb-NO\/fellesrad\/halden\/arkiv\/kulturkirken%20immanuel\/\" target=\"_blank\" rel=\"noreferrer noopener\">Opening recital of the cultural semester<\/a><\/p>\n<\/details>\n\n\n\n<details class=\"wp-block-details is-layout-flow wp-block-details-is-layout-flow\"><summary>01.09.24 Molde Cathedral (NO)<\/summary>\n<p>7 pm &#8211; <a href=\"https:\/\/molde.kirken.no\/Artikkeldetaljer\/ArticleId\/35487\/Orgelkonsert-med-det-unge-talentet-Victoria-Ulriksen\" data-type=\"link\" data-id=\"https:\/\/molde.kirken.no\/Artikkeldetaljer\/ArticleId\/35487\/Orgelkonsert-med-det-unge-talentet-Victoria-Ulriksen\" target=\"_blank\" rel=\"noreferrer noopener\">Organ recital<\/a><\/p>\n<\/details>\n\n\n\n<details class=\"wp-block-details is-layout-flow wp-block-details-is-layout-flow\"><summary>25.08.24 Larvik Church (NO)<\/summary>\n<p>7 pm &#8211; <a href=\"https:\/\/www.kirken.no\/nb-NO\/fellesrad\/larvik\/menighetsside\/larvik_menighet\/oppslagstavle\/orgelkonsert%20med%20stortalentet%20victoria%20ulriksen\/\" data-type=\"link\" data-id=\"https:\/\/www.kirken.no\/nb-NO\/fellesrad\/larvik\/menighetsside\/larvik_menighet\/oppslagstavle\/orgelkonsert%20med%20stortalentet%20victoria%20ulriksen\/\" target=\"_blank\" rel=\"noreferrer noopener\">Organ recital<\/a> with Reubke<\/p>\n<\/details>\n\n\n\n<details class=\"wp-block-details is-layout-flow wp-block-details-is-layout-flow\"><summary>24.08.24 Oslo Cathedral (NO)<\/summary>\n<p>12 pm &#8211; <a href=\"https:\/\/www.kirken.no\/nb-NO\/fellesrad\/kirkeneioslo\/menigheter\/oslo-domkirken\/Aktuelt\/2024\/2024-06-29%20orgelkonserter%20sommeren%202024\/\" data-type=\"link\" data-id=\"https:\/\/www.kirken.no\/nb-NO\/fellesrad\/kirkeneioslo\/menigheter\/oslo-domkirken\/Aktuelt\/2024\/2024-06-29%20orgelkonserter%20sommeren%202024\/\" target=\"_blank\" rel=\"noreferrer noopener\">Organ recital on the summer series<\/a><\/p>\n\n\n\n<p><em>Langlais \/ Bach\/Vivaldi \/ Saint-Sa\u00ebns \/ Liszt \/ Reubke<\/em><\/p>\n<\/details>\n\n\n\n<details class=\"wp-block-details is-layout-flow wp-block-details-is-layout-flow\"><summary>11.08.24 Bergen Cathedral (NO); <a href=\"https:\/\/www.kirken.no\/nb-NO\/fellesrad\/Bergen\/menigheter\/bergen-domkirke-menighet\/kirkemusikk\/kulturkirke\/orgelsommer%202024\/\" data-type=\"link\" data-id=\"https:\/\/www.kirken.no\/nb-NO\/fellesrad\/Bergen\/menigheter\/bergen-domkirke-menighet\/kirkemusikk\/kulturkirke\/orgelsommer%202024\/\" target=\"_blank\" rel=\"noreferrer noopener\">Bergen International Organ Festival<\/a><\/summary>\n<p>07:30 pm &#8211; Recital during <a href=\"https:\/\/www.kirken.no\/nb-NO\/fellesrad\/Bergen\/menigheter\/bergen-domkirke-menighet\/kirkemusikk\/kulturkirke\/orgelsommer%202024\/\" data-type=\"link\" data-id=\"https:\/\/www.kirken.no\/nb-NO\/fellesrad\/Bergen\/menigheter\/bergen-domkirke-menighet\/kirkemusikk\/kulturkirke\/orgelsommer%202024\/\" target=\"_blank\" rel=\"noreferrer noopener\">Bergen International Organ Festival<\/a><\/p>\n\n\n\n<p>Program at the Rieger organ:<\/p>\n\n\n\n<ul class=\"wp-block-list\">\n<li>Bach\/Vivaldi: Concerto in A minor, BWV 593<\/li>\n\n\n\n<li>Mozart: Adagio\/Allegro\/Adagio in F-minor<\/li>\n\n\n\n<li>Julius Reubke: Sonata on the 94th Psalm<\/li>\n<\/ul>\n<\/details>\n\n\n\n<details class=\"wp-block-details is-layout-flow wp-block-details-is-layout-flow\"><summary>10.08.24 Saint Paul<strong>&#8216;<\/strong>s Catholic Church (NO); <a href=\"https:\/\/www.kirken.no\/nb-NO\/fellesrad\/Bergen\/menigheter\/bergen-domkirke-menighet\/kirkemusikk\/kulturkirke\/orgelsommer%202024\/\" data-type=\"link\" data-id=\"https:\/\/www.kirken.no\/nb-NO\/fellesrad\/Bergen\/menigheter\/bergen-domkirke-menighet\/kirkemusikk\/kulturkirke\/orgelsommer%202024\/\" target=\"_blank\" rel=\"noreferrer noopener\">Bergen International Organ Festival<\/a><\/summary>\n<p>3 pm &#8211; Recital during <a href=\"https:\/\/www.kirken.no\/nb-NO\/fellesrad\/Bergen\/menigheter\/bergen-domkirke-menighet\/kirkemusikk\/kulturkirke\/orgelsommer%202024\/\" data-type=\"link\" data-id=\"https:\/\/www.kirken.no\/nb-NO\/fellesrad\/Bergen\/menigheter\/bergen-domkirke-menighet\/kirkemusikk\/kulturkirke\/orgelsommer%202024\/\" target=\"_blank\" rel=\"noreferrer noopener\">Bergen International Organ Festival<\/a><\/p>\n\n\n\n<p>Program at the Casavant organ:<\/p>\n\n\n\n<ul class=\"wp-block-list\">\n<li>Saint-Sa\u00ebns: Fantasie No. 1 in Eb-Major<\/li>\n\n\n\n<li>Rakhmaninov: Vocalise (arr. Richard McVeigh)<\/li>\n\n\n\n<li>C\u00e9sar Franck: Grande Pi\u00e8ce Symphonique<\/li>\n<\/ul>\n<\/details>\n\n\n\n<details class=\"wp-block-details is-layout-flow wp-block-details-is-layout-flow\"><summary>08.08.24 Truro Cathedral (UK)<\/summary>\n<p>1:10 pm &#8211; <a href=\"https:\/\/www.youtube.com\/watch?v=QTDzoMrNnXI\" data-type=\"link\" data-id=\"https:\/\/www.youtube.com\/watch?v=QTDzoMrNnXI\" target=\"_blank\" rel=\"noreferrer noopener\">Live-streamed lunchtime recital<\/a><\/p>\n<\/details>\n\n\n\n<details class=\"wp-block-details is-layout-flow wp-block-details-is-layout-flow\"><summary>04.07.24 Fraum\u00fcnster Z\u00fcrich (CH)<\/summary>\n<p>12:30 pm &#8211; &laquo;Musik am Mittag&raquo; &#8211; International recital series<\/p>\n\n\n\n<p><a href=\"https:\/\/youtu.be\/tm_DKNz8-Zs?si=MglHm6K8FZQmsR-j\" data-type=\"link\" data-id=\"https:\/\/youtu.be\/tm_DKNz8-Zs?si=MglHm6K8FZQmsR-j\" target=\"_blank\" rel=\"noreferrer noopener\">Recording of Reubke sonata<\/a><\/p>\n<\/details>\n\n\n\n<details class=\"wp-block-details is-layout-flow wp-block-details-is-layout-flow\"><summary>28.06.24 Trinity Methodist Church, Barnard Castle (UK)<\/summary>\n<p>7 pm for 7:30 start &#8211; Evening recital<\/p>\n\n\n\n<figure class=\"wp-block-image is-resized\"><img decoding=\"async\" src=\"https:\/\/s0.geograph.org.uk\/geophotos\/02\/49\/94\/2499497_89d6173b.jpg\" alt=\"Trinity Methodist Church, Barnard Castle | Co-Curate\" style=\"width:516px;height:auto\"\/><\/figure>\n<\/details>\n\n\n\n<details class=\"wp-block-details is-layout-flow wp-block-details-is-layout-flow\"><summary>27.06.24 Chesterfield Crooked Spire (UK)<\/summary>\n<p>12:15 pm &#8211; Lunchtime recital<\/p>\n<\/details>\n\n\n\n<details class=\"wp-block-details is-layout-flow wp-block-details-is-layout-flow\"><summary>26.06.24 Blackburn Cathedral (UK)<\/summary>\n<p>12:15 pm &#8211; <a href=\"https:\/\/blackburncathedral.com\/event\/victoria-ulriksen-organ-concert\/\" data-type=\"link\" data-id=\"https:\/\/blackburncathedral.com\/event\/victoria-ulriksen-organ-concert\/\" target=\"_blank\" rel=\"noreferrer noopener\">Lunchtime recital<\/a><\/p>\n\n\n\n<p>Grieg \/ Vivaldi\/Bach \/ Reubke<\/p>\n<\/details>\n\n\n\n<details class=\"wp-block-details is-layout-flow wp-block-details-is-layout-flow\"><summary>22.06.24 St Olave&#8217;s Church York (UK)<\/summary>\n<p>12:30 pm &#8211; Lunchtime recital<\/p>\n\n\n\n<p>Grieg \/ Vivaldi\/Bach \/ Reubke<\/p>\n<\/details>\n\n\n\n<details class=\"wp-block-details is-layout-flow wp-block-details-is-layout-flow\"><summary>19.06.24 Jevnaker Church (NO)<\/summary>\n<p>12 pm &#8211; Opening of the summer recital series<\/p>\n<\/details>\n\n\n\n<details class=\"wp-block-details is-layout-flow wp-block-details-is-layout-flow\"><summary>11.06.24 Hamar Cathedral (NO)<\/summary>\n<p>5:30 pm &#8211; Recital at a church music conference on their new Weimbs organ<\/p>\n<\/details>\n\n\n\n<details class=\"wp-block-details is-layout-flow wp-block-details-is-layout-flow\"><summary>19.05.24 Oddernes Church (NO)<\/summary>\n<p>7 pm &#8211; <a href=\"https:\/\/www.kirken.no\/nb-NO\/fellesrad\/oddernes-menighet\/vare-kirker\/oddernes-kirke\/aktuelt\/orgelkonsert2\/\" data-type=\"link\" data-id=\"https:\/\/www.kirken.no\/nb-NO\/fellesrad\/oddernes-menighet\/vare-kirker\/oddernes-kirke\/aktuelt\/orgelkonsert2\/\" target=\"_blank\" rel=\"noreferrer noopener\">Baroque recital on the first day of Pentecost<\/a><\/p>\n\n\n\n<p>Bach \/ Bruhns \/ Bovet<\/p>\n<\/details>\n\n\n\n<details class=\"wp-block-details is-layout-flow wp-block-details-is-layout-flow\"><summary>19.05.24 Fj\u00e6re Church (NO)<\/summary>\n<p>4 pm &#8211; <a href=\"https:\/\/www.grimstadacademy.no\/orgelkonsert-ved-victoria-ulriksen\" data-type=\"link\" data-id=\"https:\/\/www.grimstadacademy.no\/orgelkonsert-ved-victoria-ulriksen\" target=\"_blank\" rel=\"noreferrer noopener\">Renaissance recital on the meantone organ on the first day of Pentecost<\/a><\/p>\n\n\n\n<figure class=\"wp-block-embed is-type-wp-embed is-provider-grimstad-orgelakademi wp-block-embed-grimstad-orgelakademi\"><div class=\"wp-block-embed__wrapper\">\nhttps:\/\/www.grimstadacademy.no\/orgelkonsert-ved-victoria-ulriksen\n<\/div><\/figure>\n<\/details>\n\n\n\n<details class=\"wp-block-details is-layout-flow wp-block-details-is-layout-flow\"><summary>04.05.24 Kongsberg Church (NO)<\/summary>\n<p>12 pm &#8211; <a href=\"https:\/\/www.facebook.com\/events\/737813341890765\/?ref_source=newsfeed&amp;ref_mechanism=feed_attachment&amp;action_context=%257B%2522action_history%2522%253A%2522null%2522%257D&amp;_rdr\" data-type=\"link\" data-id=\"https:\/\/www.facebook.com\/events\/737813341890765\/?ref_source=newsfeed&amp;ref_mechanism=feed_attachment&amp;action_context=%257B%2522action_history%2522%253A%2522null%2522%257D&amp;_rdr\" target=\"_blank\" rel=\"noreferrer noopener\">Lunchtime recital<\/a> on the Gloger (1765) organ<\/p>\n\n\n\n<ul class=\"wp-block-list\">\n<li>Bach\/Vivaldi: Concerto in A moll BWV 593<\/li>\n\n\n\n<li>J. P. Sweelinck: Mein Junges leben hat ein End<\/li>\n\n\n\n<li>Bruhns: Prelude in e moll (big)<\/li>\n\n\n\n<li>Frescobaldi: Toccata sesta<\/li>\n\n\n\n<li>Guy Bovet: Salamanca<\/li>\n<\/ul>\n<\/details>\n\n\n\n<details class=\"wp-block-details is-layout-flow wp-block-details-is-layout-flow\"><summary>06.04.24 Uppsala Cathedral (SE)<\/summary>\n<p>11:30 pm &#8211; Recital in the largest church in Scandinavia<\/p>\n\n\n\n<p>Grieg \/ Bach\/Vivaldi \/ Alain<\/p>\n<\/details>\n\n\n\n<details class=\"wp-block-details is-layout-flow wp-block-details-is-layout-flow\"><summary>11.03.24 Oslo Cathedral (NO);<br><a href=\"https:\/\/www.kirkemusikkfestivalen.no\/arrangementer-2024\/victoriaulriksen\" data-type=\"link\" data-id=\"https:\/\/www.kirkemusikkfestivalen.no\/arrangementer-2024\/victoriaulriksen\">Oslo International Church Music Festival<\/a><\/summary>\n<p>7 pm &#8211; Recital at <a href=\"https:\/\/www.kirkemusikkfestivalen.no\/arrangementer-2024\/victoriaulriksen\" data-type=\"link\" data-id=\"https:\/\/www.kirkemusikkfestivalen.no\/arrangementer-2024\/victoriaulriksen\">Oslo International Church Music festival<\/a> <\/p>\n\n\n\n<p>7 pm &#8211; Recital at <a href=\"https:\/\/www.kirkemusikkfestivalen.no\/arrangementer-2024\/victoriaulriksen\" data-type=\"link\" data-id=\"https:\/\/www.kirkemusikkfestivalen.no\/arrangementer-2024\/victoriaulriksen\" target=\"_blank\" rel=\"noreferrer noopener\">Oslo International Church Music Festival<\/a><\/p>\n\n\n\n<p>J.S. Bach: F-Major Toccata, BWV 540<\/p>\n\n\n\n<p><br>G.F. H\u00e4ndel: Concerto No. 10 in d-minor, op. 7\/4, HWV 309 (transcribed by Marcel Dupr\u00e9)<\/p>\n\n\n\n<p>I. <em>Adagio<\/em><br>II. <em>Allegro<\/em><br>III. <em>Organo ad libitum<\/em><br>IV. <em>Allegro<\/em><\/p>\n\n\n\n<p>W.A. Mozart: <em>Adagio\/Allegro\/Adagio in f-minor<\/em>, K. 594<br>(arr. Martin Haselb\u00f6ck)<\/p>\n\n\n\n<p>S. Rakhmaninov:<br>Transcription of Vocalise, Op.34, No.14 (arr. Richard McVeigh)<\/p>\n\n\n\n<p>C.- M. Widor: <em>Symphony No. 6 in g-minor<\/em><br>I. <em>Allegro<\/em><br>II. <em>Adagio<\/em><br>III. <em>Intermezzo<\/em><br>IV. <em>Cantabile<\/em><br>V. <em>Finale<\/em><\/p>\n<\/details>\n\n\n\n<details class=\"wp-block-details is-layout-flow wp-block-details-is-layout-flow\"><summary>22.02.24 Swedish St. Margaret<strong>&#8216;<\/strong>s Church, Oslo (NO)<\/summary>\n<p>7 pm &#8211; <a href=\"https:\/\/www.svenskakyrkan.se\/norge\/nyheter\/torsdagstoner\" data-type=\"link\" data-id=\"https:\/\/www.svenskakyrkan.se\/norge\/nyheter\/torsdagstoner\">Recital on the Setterquist and Silbermann copy<\/a><\/p>\n<\/details>\n\n\n\n<details class=\"wp-block-details is-layout-flow wp-block-details-is-layout-flow\"><summary>10.02.24 Sarpsborg Church (NO)<\/summary>\n<p>1 pm &#8211; <a href=\"https:\/\/www.facebook.com\/events\/1436246283991213\/?_rdr\" data-type=\"link\" data-id=\"https:\/\/www.facebook.com\/events\/1436246283991213\/?_rdr\" target=\"_blank\" rel=\"noreferrer noopener\">Recital during their organ series<\/a><\/p>\n\n\n\n<p>Widor 6th symphony<\/p>\n<\/details>\n\n\n\n<details class=\"wp-block-details is-layout-flow wp-block-details-is-layout-flow\"><summary>03.02.24 Nidaros Cathedral (NO)<\/summary>\n<p>12:30 pm &#8211; <a href=\"https:\/\/www.nidarosdomen.no\/kalender\/orgelmeditasjon-240203\" data-type=\"link\" data-id=\"https:\/\/www.nidarosdomen.no\/kalender\/orgelmeditasjon-240203\" target=\"_blank\" rel=\"noreferrer noopener\">Organ meditation with Reubke on the Steinmeyer organ<\/a><\/p>\n<\/details>\n\n\n\n<details class=\"wp-block-details is-layout-flow wp-block-details-is-layout-flow\"><summary>24.01.24 Kongsberg Church (NO); Gloger Festival 2024<\/summary>\n<p>08:30 am &#8211; <a href=\"https:\/\/www.glogerfestspillene.no\/arrangement\/orgelhalvtimen-onsdag\/\" data-type=\"link\" data-id=\"https:\/\/www.glogerfestspillene.no\/arrangement\/orgelhalvtimen-onsdag\/\" target=\"_blank\" rel=\"noreferrer noopener\">Morning recital &laquo;Pure Bach&raquo; on the Gloger organ (1765) during the Gloger Festival 2024<\/a><\/p>\n<\/details>\n\n\n\n<details class=\"wp-block-details is-layout-flow wp-block-details-is-layout-flow\"><summary>09.11.23 Larvik Church (NO)<\/summary>\n<p>12 pm &#8211; <a href=\"https:\/\/www.kirken.no\/nb-NO\/fellesrad\/larvik\/menighetsside\/larvik_menighet\/oppslagstavle\/victoria%20ulriksen\/\" data-type=\"link\" data-id=\"https:\/\/www.kirken.no\/nb-NO\/fellesrad\/larvik\/menighetsside\/larvik_menighet\/oppslagstavle\/victoria%20ulriksen\/\" target=\"_blank\" rel=\"noreferrer noopener\">Lunchtime recital<\/a><\/p>\n\n\n\n<p>Mozart \/ Bach \/ Grieg \/ Vierne<\/p>\n<\/details>\n\n\n\n<details class=\"wp-block-details is-layout-flow wp-block-details-is-layout-flow\"><summary>07.11.23 Hafslund Church (NO)<\/summary>\n<p>7 pm &#8211; Interview and organ\/piano recital<\/p>\n\n\n\n<p>Organ: Grieg \/ Bach \/ Mozart<\/p>\n\n\n\n<p>Piano: Beethoven \/ Haydn \/ O. Lindeman<\/p>\n<\/details>\n\n\n\n<details class=\"wp-block-details is-layout-flow wp-block-details-is-layout-flow\"><summary>01.11.23 T\u00f8nsberg Cathedral (NO)<\/summary>\n<p>12 pm &#8211; Lunchtime recital<\/p>\n\n\n\n<p>Mozart \/ Bach \/ Grieg \/ Vierne<\/p>\n<\/details>\n\n\n\n<details class=\"wp-block-details is-layout-flow wp-block-details-is-layout-flow\"><summary>20.10.23 Lillestr\u00f8m Church (NO); <a href=\"https:\/\/lillestromkirkemusikkfestival.no\/program\/victoria-ulriksen\" data-type=\"link\" data-id=\"https:\/\/lillestromkirkemusikkfestival.no\/program\/victoria-ulriksen\" target=\"_blank\" rel=\"noreferrer noopener\">Lillestr\u00f8m Church Music Festival<\/a><\/summary>\n<p>2:30 pm &#8211; Recital during <a href=\"https:\/\/lillestromkirkemusikkfestival.no\/program\/victoria-ulriksen\" data-type=\"link\" data-id=\"https:\/\/lillestromkirkemusikkfestival.no\/program\/victoria-ulriksen\" target=\"_blank\" rel=\"noreferrer noopener\">Lillestr\u00f8m Church Music Festival<\/a><\/p>\n\n\n\n<p>Grieg \/ Mozart \/ Bach \/ Vierne<\/p>\n<\/details>\n\n\n\n<details class=\"wp-block-details is-layout-flow wp-block-details-is-layout-flow\"><summary>28.08.23 Jesus Church Copenhagen (DK)<\/summary>\n<p>8 pm &#8211; Closing recital of the Jesus Church\u00b4s International Summer Organ Recital Series<\/p>\n\n\n\n<p>Guilmant \/ Vierne \/ Grieg \/ Franck<\/p>\n<\/details>\n\n\n\n<details class=\"wp-block-details is-layout-flow wp-block-details-is-layout-flow\"><summary>25.06.23 Parrocchia di Santa Maria Assunta (IT)<\/summary>\n<p>4 pm &#8211; <a href=\"https:\/\/www.youtube.com\/watch?v=3hUOtPozxDw\" data-type=\"link\" data-id=\"https:\/\/www.youtube.com\/watch?v=3hUOtPozxDw\" target=\"_blank\" rel=\"noreferrer noopener\">&laquo;Echi Norvegesi&raquo; live-streamed recital<\/a> on the historical Serassi organ (1815)<\/p>\n<\/details>\n\n\n\n<details class=\"wp-block-details is-layout-flow wp-block-details-is-layout-flow\"><summary>21.06.23 Jevnaker Church (NO)<\/summary>\n<p>6 pm &#8211; <a href=\"https:\/\/www.ringblad.no\/sommerkonserter-i-jevnaker-kirke-med-utovere-pa-toppniva\/s\/5-45-1670283\" data-type=\"link\" data-id=\"https:\/\/www.ringblad.no\/sommerkonserter-i-jevnaker-kirke-med-utovere-pa-toppniva\/s\/5-45-1670283\" target=\"_blank\" rel=\"noreferrer noopener\">Opening recital of the Summer concert series 2023<\/a><\/p>\n<\/details>\n\n\n\n<details class=\"wp-block-details is-layout-flow wp-block-details-is-layout-flow\"><summary>10.06.23 H\u00f8nefoss Church (NO)<\/summary>\n<p>11:30 am &#8211; <a href=\"https:\/\/detskjer.ringbillett.no\/arrangement.aspx?id=15964\" data-type=\"link\" data-id=\"https:\/\/detskjer.ringbillett.no\/arrangement.aspx?id=15964\" target=\"_blank\" rel=\"noreferrer noopener\">Opening recital of the Pipe Concert Series 2023<\/a><\/p>\n<\/details>\n\n\n\n<details class=\"wp-block-details is-layout-flow wp-block-details-is-layout-flow\"><summary>07.06.23 T\u00f8nsberg Cathedral (NO)<\/summary>\n<p>12 pm &#8211; Lunchtime recital<\/p>\n<\/details>\n\n\n\n<details class=\"wp-block-details is-layout-flow wp-block-details-is-layout-flow\"><summary>03.04.23 R\u00f8ros Church (NO)<\/summary>\n<p>6 pm &#8211; <a href=\"https:\/\/rorosnytt.no\/orgelkonsert-med-victoria-ulriksen\/\" data-type=\"link\" data-id=\"https:\/\/rorosnytt.no\/orgelkonsert-med-victoria-ulriksen\/\">Easter <\/a><a href=\"https:\/\/rorosnytt.no\/orgelkonsert-med-victoria-ulriksen\/\" data-type=\"link\" data-id=\"https:\/\/rorosnytt.no\/orgelkonsert-med-victoria-ulriksen\/\" target=\"_blank\" rel=\"noreferrer noopener\">concert<\/a> on the Ryde &amp; Berg<\/p>\n\n\n\n<p>Bach\/Vivaldi \/ Buxtehude \/ Bruhns \/ Brahms \/ Mendelssohn<\/p>\n\n\n\n<details class=\"wp-block-details is-layout-flow wp-block-details-is-layout-flow\"><summary>02.04.23 Steinkjer Church (NO)<\/summary>\n<p>6 pm &#8211; Easter concert on Palm Sunday<\/p>\n\n\n\n<p>Bach\/Vivaldi \/ Buxtehude \/ Bruhns \/ Brahms \/ Mendelssohn<\/p>\n<\/details>\n<\/details>\n\n\n\n<details class=\"wp-block-details is-layout-flow wp-block-details-is-layout-flow\"><summary>02.03.23 Steinkj\u00e6r Church (NO)<\/summary>\n<p>6 pm &#8211; Pentecost recital<\/p>\n<\/details>\n\n\n\n<details class=\"wp-block-details is-layout-flow wp-block-details-is-layout-flow\"><summary>01.04.23 Nidaros Cathedral (NO); <a href=\"https:\/\/www.nidarosdomen.no\/nyheter\/16-ar-og-egen-konsert-i-nidarosdomen\" data-type=\"link\" data-id=\"https:\/\/www.nidarosdomen.no\/nyheter\/16-ar-og-egen-konsert-i-nidarosdomen\"><\/a><a href=\"https:\/\/www.nidarosdomen.no\/nyheter\/16-ar-og-egen-konsert-i-nidarosdomen\" data-type=\"link\" data-id=\"https:\/\/www.nidarosdomen.no\/nyheter\/16-ar-og-egen-konsert-i-nidarosdomen\" target=\"_blank\" rel=\"noreferrer noopener\">Passion Concert from the Wagner Organ<\/a><\/summary>\n<p>6 pm &#8211; <a href=\"https:\/\/www.nidarosdomen.no\/nyheter\/16-ar-og-egen-konsert-i-nidarosdomen\" data-type=\"link\" data-id=\"https:\/\/www.nidarosdomen.no\/nyheter\/16-ar-og-egen-konsert-i-nidarosdomen\" target=\"_blank\" rel=\"noreferrer noopener\">Passion Concert from the Wagner Organ<\/a><\/p>\n\n\n\n<p>Bach\/Vivaldi \/ Buxtehude \/ Bruhns \/ Brahms \/ Mendelssohn<\/p>\n\n\n\n<p><\/p>\n<\/details>\n\n\n\n<details class=\"wp-block-details is-layout-flow wp-block-details-is-layout-flow\"><summary>21.01.23 Lillestr\u00f8m Church (NO)<\/summary>\n<p>9 pm &#8211; Recital in arrangement by the Norwegian Organ Consulting Association<\/p>\n\n\n\n<p>Program:<\/p>\n\n\n\n<ul class=\"wp-block-list\">\n<li>Guilmant: Sonata Op. 56 in C-minor (Preludie &#8211; Adagio &#8211; Fuge)<\/li>\n<\/ul>\n\n\n\n<ul class=\"wp-block-list\">\n<li>J.S.Bach: Toccata und Fuge in F-major, BWV 540<\/li>\n<\/ul>\n\n\n\n<ul class=\"wp-block-list\">\n<li>Grieg: Air fra Holberg-suiten (arr. Nordstoga)<\/li>\n<\/ul>\n\n\n\n<ul class=\"wp-block-list\">\n<li>Franck: Final, Op. 21<\/li>\n<\/ul>\n<\/details>\n\n\n\n<details class=\"wp-block-details is-layout-flow wp-block-details-is-layout-flow\"><summary>19.11.22 Oslo Cathedral (NO)<\/summary>\n<p>12 pm &#8211; <a href=\"https:\/\/www.kirken.no\/nb-NO\/fellesrad\/kirkeneioslo\/menigheter\/oslo-domkirken\/musikk\/musikkomtale\/les-om\/2022-11-20%20Orgelkonsert\/\" data-type=\"link\" data-id=\"https:\/\/www.kirken.no\/nb-NO\/fellesrad\/kirkeneioslo\/menigheter\/oslo-domkirken\/musikk\/musikkomtale\/les-om\/2022-11-20%20Orgelkonsert\/\" target=\"_blank\" rel=\"noreferrer noopener\">Recital during the Autumn Concert Series 2022<\/a><\/p>\n\n\n\n<p>Alexandre Guilmant:<br><em>Sonata No. 3.<\/em>&nbsp;in c-minor, Op. 56<\/p>\n\n\n\n<p>Johann Sebastian Bach:<br><em>Toccata and Fuge in F-Major<\/em>, BWV 540<\/p>\n\n\n\n<p>C\u00e9sar Franck:<br><em>Pi\u00e8ce h\u00e9ro\u00efque<\/em><\/p>\n\n\n\n<p>Edvard Grieg:<br>Air from the&nbsp;<em>Holbergsuit<\/em>(arr. K\u00e5re Nordstoga)<\/p>\n\n\n\n<p>Charles-Marie Widor:<br>Finale from <em>Organ Symphony No. 6<\/em>, Op. 42 <\/p>\n<\/details>\n\n\n\n<details class=\"wp-block-details is-layout-flow wp-block-details-is-layout-flow\"><summary>02.11.22 T\u00f8nsberg Cathedral (NO)<\/summary>\n<p>12 pm &#8211; Lunchtime recital<\/p>\n<\/details>\n\n\n\n<details class=\"wp-block-details is-layout-flow wp-block-details-is-layout-flow\"><summary>27.08.22 Nidaros Cathedral (NO)<\/summary>\n<p>1:30 pm &#8211; <a href=\"https:\/\/www.facebook.com\/nidarosdomen\/videos\/731755721258460\/\" data-type=\"link\" data-id=\"https:\/\/www.facebook.com\/nidarosdomen\/videos\/731755721258460\/\" target=\"_blank\" rel=\"noreferrer noopener\">Organ meditation on the Steinmeyer organ &#8211; interview<\/a><\/p>\n\n\n\n<p>Liszt \/ Wagner \/ Widor<\/p>\n<\/details>\n\n\n\n<details class=\"wp-block-details is-layout-flow wp-block-details-is-layout-flow\"><summary>25.06.22 Nidaros Cathedral (NO)<\/summary>\n<p>1:30 pm &#8211;<a href=\"https:\/\/www.youtube.com\/watch?v=Zhj74jsHF0g\" data-type=\"link\" data-id=\"https:\/\/www.youtube.com\/watch?v=Zhj74jsHF0g\" target=\"_blank\" rel=\"noreferrer noopener\"> Organ meditation on the Steinmeyer organ &#8211; recording<\/a><\/p>\n<\/details>\n\n\n\n<details class=\"wp-block-details is-layout-flow wp-block-details-is-layout-flow\"><summary>22.06.22 Jevnaker Church (NO)<\/summary>\n<p>12 pm &#8211; <a href=\"https:\/\/detskjer.ringbillett.no\/arrangement.aspx?id=11561\" data-type=\"link\" data-id=\"https:\/\/detskjer.ringbillett.no\/arrangement.aspx?id=11561\" target=\"_blank\" rel=\"noreferrer noopener\">Recital during the Summer concert series 2022<\/a><\/p>\n<\/details>\n\n\n\n<details class=\"wp-block-details is-layout-flow wp-block-details-is-layout-flow\"><summary>06.03.22 Paulus Church Oslo (NO); <a href=\"https:\/\/www.kirken.no\/globalassets\/fellesrad\/oslo\/menigheter\/paulus-sofienberg\/bilder\/kirkemusikk\/internasjonale_orgelkonserter_2022\/program_orgelkonserter_2022.pdf\" data-type=\"link\" data-id=\"https:\/\/www.kirken.no\/globalassets\/fellesrad\/oslo\/menigheter\/paulus-sofienberg\/bilder\/kirkemusikk\/internasjonale_orgelkonserter_2022\/program_orgelkonserter_2022.pdf\" target=\"_blank\" rel=\"noreferrer noopener\">International Concert Series in Paulus &amp; Sofienberg Church<\/a><\/summary>\n<p>7 pm &#8211; Recital during the <a href=\"https:\/\/www.kirken.no\/globalassets\/fellesrad\/oslo\/menigheter\/paulus-sofienberg\/bilder\/kirkemusikk\/internasjonale_orgelkonserter_2022\/program_orgelkonserter_2022.pdf\" data-type=\"link\" data-id=\"https:\/\/www.kirken.no\/globalassets\/fellesrad\/oslo\/menigheter\/paulus-sofienberg\/bilder\/kirkemusikk\/internasjonale_orgelkonserter_2022\/program_orgelkonserter_2022.pdf\" target=\"_blank\" rel=\"noreferrer noopener\">International Concert Series in Paulus &amp; Sofienberg Church<\/a><\/p>\n\n\n\n<p>PROGRAM:<br>MAX REGER (1873-1916):<br>Toccata und Fuge, op. 59\/5-6<\/p>\n\n\n\n<p><br>C\u00c9SAR FRANCK (1822-1890):<br>Pr\u00e9lude, Fugue et Variation, op. 18, FWV 30<\/p>\n\n\n\n<p><br>CHARLES-MARIE WIDOR (1844-1937):<br>Symphonie No.6, op. 42\/2, I. Allegro<\/p>\n\n\n\n<p><br>RICHARD WAGNER (1813-1870):<br>Pilgrimskoret fra Tannh\u00e4user<br>arrangert for orgel av Franz Liszt<\/p>\n\n\n\n<p><br>FRANZ LISZT (1811-1886):<br>Pr\u00e4ludium und Fuge \u00fcber den Namen B-A-C-H, S. 260<\/p>\n\n\n\n<ol class=\"wp-block-list\">\n<li><\/li>\n<\/ol>\n<\/details>\n\n\n\n<details class=\"wp-block-details is-layout-flow wp-block-details-is-layout-flow\"><summary>13.11.21 Oslo Cathedral (NO)<\/summary>\n<p>12 pm &#8211; <a href=\"https:\/\/www.kirken.no\/nb-NO\/fellesrad\/kirkeneioslo\/menigheter\/oslo-domkirken\/musikk\/musikkomtale\/les-om\/2021-11-13%20orgelkonsert\/\" data-type=\"link\" data-id=\"https:\/\/www.kirken.no\/nb-NO\/fellesrad\/kirkeneioslo\/menigheter\/oslo-domkirken\/musikk\/musikkomtale\/les-om\/2021-11-13%20orgelkonsert\/\" target=\"_blank\" rel=\"noreferrer noopener\">Recital during the Autumn Concert Series 2021<\/a><\/p>\n\n\n\n<p>Bach \/ Franck \/ Liszt<\/p>\n<\/details>\n\n\n\n<details class=\"wp-block-details is-layout-flow wp-block-details-is-layout-flow\"><summary>19.07.21 T\u00f8nsberg Cathedral (NO)<\/summary>\n<p>12 pm &#8211; Lunchtime recital<\/p>\n<\/details>\n\n\n\n<details class=\"wp-block-details is-layout-flow wp-block-details-is-layout-flow\"><summary>23.06.21 Jevnaker Church (NO)<\/summary>\n<p>12 pm &#8211; <a href=\"https:\/\/detskjer.ringbillett.no\/arrangement.aspx?id=7651\" data-type=\"link\" data-id=\"https:\/\/detskjer.ringbillett.no\/arrangement.aspx?id=7651\" target=\"_blank\" rel=\"noreferrer noopener\">Opening recital of the Summer concert series 2021 <\/a><\/p>\n<\/details>\n\n\n\n<details class=\"wp-block-details is-layout-flow wp-block-details-is-layout-flow\"><summary>19.06.21 H\u00f8nefoss Church (NO)<\/summary>\n<p>11:30 &#8211; Opening recital of the Pipe Concert Series 2021<\/p>\n<\/details>\n<\/blockquote>\n\n\n\n<blockquote class=\"wp-block-quote is-layout-flow wp-block-quote-is-layout-flow\">\n<p class=\"has-text-align-center\"><strong>Other past performances<\/strong><\/p>\n\n\n\n<details class=\"wp-block-details is-layout-flow wp-block-details-is-layout-flow\"><summary>29.04.25 Swedish St. Margaret<strong>&#8216;<\/strong>s Church, Oslo (NO)<\/summary>\n<p>7 pm &#8211; Recital with soprano Lisa Lindblom<\/p>\n\n\n\n<p>Chamber music and solo<\/p>\n\n\n\n<p>Fortepiano: Mozart \/ Haydn \/ Bach<\/p>\n\n\n\n<p>Organ: Sundliss\u00e6ter \/ Nystedt \/ Vierne \/ Folk music<\/p>\n\n\n\n<figure class=\"wp-block-image size-large\"><img loading=\"lazy\" decoding=\"async\" width=\"1024\" height=\"682\" src=\"https:\/\/victoriaulriksen.no\/wp-content\/uploads\/2024\/10\/IMG_2323-1024x682.jpg\" alt=\"\" class=\"wp-image-569\" srcset=\"https:\/\/victoriaulriksen.no\/wp-content\/uploads\/2024\/10\/IMG_2323-1024x682.jpg 1024w, https:\/\/victoriaulriksen.no\/wp-content\/uploads\/2024\/10\/IMG_2323-300x200.jpg 300w, https:\/\/victoriaulriksen.no\/wp-content\/uploads\/2024\/10\/IMG_2323-768x512.jpg 768w, https:\/\/victoriaulriksen.no\/wp-content\/uploads\/2024\/10\/IMG_2323.jpg 1195w\" sizes=\"auto, (max-width: 1024px) 100vw, 1024px\" \/><\/figure>\n<\/details>\n\n\n\n<details class=\"wp-block-details is-layout-flow wp-block-details-is-layout-flow\"><summary>15.02.25 Oslo Cathedral (NO)<\/summary>\n<p>12 pm &#8211; Shared recital at the Ryde &amp; Berg with another student from NMH; Collaboration project between the Cathedral and NMH<\/p>\n\n\n\n<p>Bunk \/ Saint-Sa\u00ebns<\/p>\n\n\n\n<figure class=\"wp-block-image size-full\"><img loading=\"lazy\" decoding=\"async\" width=\"640\" height=\"480\" src=\"https:\/\/victoriaulriksen.no\/wp-content\/uploads\/2025\/02\/Oslo_Domkirke_orgel.jpg\" alt=\"\" class=\"wp-image-702\" srcset=\"https:\/\/victoriaulriksen.no\/wp-content\/uploads\/2025\/02\/Oslo_Domkirke_orgel.jpg 640w, https:\/\/victoriaulriksen.no\/wp-content\/uploads\/2025\/02\/Oslo_Domkirke_orgel-300x225.jpg 300w\" sizes=\"auto, (max-width: 640px) 100vw, 640px\" \/><\/figure>\n<\/details>\n\n\n\n<details class=\"wp-block-details is-layout-flow wp-block-details-is-layout-flow\"><summary>13.09.24 Oslo Cathedral (NO); Oslo Culture Night 2024<\/summary>\n<p>9:30 pm &#8211; J. S. Bach Cantata &laquo;Geist und Seele wird verwirret&raquo;, BWV 35<\/p>\n\n\n\n<p>Soloist: B\u00e5rd Elias Nyst\u00f8yl<\/p>\n\n\n\n<p>Organ: Victoria Ulriksen<\/p>\n\n\n\n<p>Violin: Kaja Isabella Li, Lucy Bei<\/p>\n\n\n\n<p>Viola: Hjalmar Bjerner<\/p>\n\n\n\n<p>Double bass: Inger Liodden<\/p>\n\n\n\n<p>Basso continiuo: Lukas Dodson<\/p>\n<\/details>\n\n\n\n<details class=\"wp-block-details is-layout-flow wp-block-details-is-layout-flow\"><summary>12.09.24 Kols\u00e5s senior center (NO)<\/summary>\n<p>11:30 am &#8211; Privat piano concert<\/p>\n<\/details>\n\n\n\n<details class=\"wp-block-details is-layout-flow wp-block-details-is-layout-flow\"><summary>03.08.24 Abbatiale Saint-Ouen (FR); <strong><a href=\"https:\/\/www.festivaldesorguescavaillecoll.com\/0308-st-ouen-masterclass-concert-des-etudiants\" data-type=\"link\" data-id=\"https:\/\/www.festivaldesorguescavaillecoll.com\/0308-st-ouen-masterclass-concert-des-etudiants\"><strong><\/strong><\/a><strong><a href=\"https:\/\/www.festivaldesorguescavaillecoll.com\/0308-st-ouen-masterclass-concert-des-etudiants\" data-type=\"link\" data-id=\"https:\/\/www.festivaldesorguescavaillecoll.com\/0308-st-ouen-masterclass-concert-des-etudiants\" target=\"_blank\" rel=\"noreferrer noopener\">Cavaill\u00e9-Coll Organ Festival Rouen<\/a><\/strong><\/strong><\/summary>\n<p>5 pm &#8211; Played at the opening concert with students from Jean-Baptiste Monnot masterclass during <strong><a href=\"https:\/\/www.festivaldesorguescavaillecoll.com\/0308-st-ouen-masterclass-concert-des-etudiants\" data-type=\"link\" data-id=\"https:\/\/www.festivaldesorguescavaillecoll.com\/0308-st-ouen-masterclass-concert-des-etudiants\" target=\"_blank\" rel=\"noreferrer noopener\">Cavaill\u00e9-Coll Organ Festival Rouen<\/a><\/strong><\/p>\n<\/details>\n\n\n\n<details class=\"wp-block-details is-layout-flow wp-block-details-is-layout-flow\"><summary>27.07.24 Grote of St.-Bavokerk (NL); <strong><strong><a href=\"https:\/\/organfestival.nl\/programma\/\" data-type=\"link\" data-id=\"https:\/\/organfestival.nl\/programma\/\"><strong><\/strong><\/a><strong><a href=\"https:\/\/organfestival.nl\/programma\/\" data-type=\"link\" data-id=\"https:\/\/organfestival.nl\/programma\/\" target=\"_blank\" rel=\"noreferrer noopener\">International Organ Festival Haarlem<\/a><\/strong><\/strong><\/strong><\/summary>\n<p>11 am &#8211; Choosen by <strong><em>Olivier Latry<\/em><\/strong> to close the concert of the last day during <strong><a href=\"https:\/\/organfestival.nl\/programma\/\" data-type=\"link\" data-id=\"https:\/\/organfestival.nl\/programma\/\" target=\"_blank\" rel=\"noreferrer noopener\">International Organ Festival Haarlem<\/a><\/strong> at the M\u00fcller organ in <strong>Grote of St.-Bavokerk<\/strong> <\/p>\n<\/details>\n\n\n\n<details class=\"wp-block-details is-layout-flow wp-block-details-is-layout-flow\"><summary>20.07.24 Franziskanerkirche (A); <a href=\"https:\/\/www.salzburgerfestspiele.at\/en\/p\/konzert-meisterklasse-orgel-der-internationalen-sommer-akademie-an-der-universitaet-mozarteum-salzburg-2024\" data-type=\"link\" data-id=\"https:\/\/www.salzburgerfestspiele.at\/en\/p\/konzert-meisterklasse-orgel-der-internationalen-sommer-akademie-an-der-universitaet-mozarteum-salzburg-2024\"><\/a><a href=\"https:\/\/www.salzburgerfestspiele.at\/en\/p\/konzert-meisterklasse-orgel-der-internationalen-sommer-akademie-an-der-universitaet-mozarteum-salzburg-2024\" data-type=\"link\" data-id=\"https:\/\/www.salzburgerfestspiele.at\/en\/p\/konzert-meisterklasse-orgel-der-internationalen-sommer-akademie-an-der-universitaet-mozarteum-salzburg-2024\">Salzburg Festspiele 2024<\/a><\/summary>\n<p>3 pm &#8211; Opened the concert of Prof. Lucke\u00b4s masterclass students (Mozarteum University) with BWV 541 during <a href=\"https:\/\/www.salzburgerfestspiele.at\/en\/p\/konzert-meisterklasse-orgel-der-internationalen-sommer-akademie-an-der-universitaet-mozarteum-salzburg-2024\" data-type=\"link\" data-id=\"https:\/\/www.salzburgerfestspiele.at\/en\/p\/konzert-meisterklasse-orgel-der-internationalen-sommer-akademie-an-der-universitaet-mozarteum-salzburg-2024\">Salzburg Festspiele 2024<\/a><\/p>\n<\/details>\n\n\n\n<details class=\"wp-block-details is-layout-flow wp-block-details-is-layout-flow\"><summary>16.03.24 Slemmestad Church (NO); <a href=\"https:\/\/www.musikkislemmestad.no\/kvinner-i-musikken\" data-type=\"link\" data-id=\"https:\/\/www.musikkislemmestad.no\/kvinner-i-musikken\">Women in Music Festival<\/a><\/summary>\n<p>4 pm &#8211; Recital on fortepiano and organ during the <a href=\"https:\/\/www.musikkislemmestad.no\/kvinner-i-musikken\" data-type=\"link\" data-id=\"https:\/\/www.musikkislemmestad.no\/kvinner-i-musikken\">Women in Music Festival<\/a><\/p>\n<\/details>\n\n\n\n<details class=\"wp-block-details is-layout-flow wp-block-details-is-layout-flow\"><summary>17.03.24 Bragernes Church (NO); <a href=\"https:\/\/johanhalvorsen.no\/artister-2022-777287.html\" data-type=\"link\" data-id=\"https:\/\/johanhalvorsen.no\/artister-2022-777287.html\" target=\"_blank\" rel=\"noreferrer noopener\">Halvorsen Music Festival<\/a><\/summary>\n<p>7 pm &#8211; Opened the <a href=\"https:\/\/www.drammen.no\/hva-skjer\/lys-og-morke-finale-johan-halvorsen-musikkfest-p7088943\" data-type=\"link\" data-id=\"https:\/\/www.drammen.no\/hva-skjer\/lys-og-morke-finale-johan-halvorsen-musikkfest-p7088943\" target=\"_blank\" rel=\"noreferrer noopener\">closing concert<\/a> at <a href=\"https:\/\/johanhalvorsen.no\/artister-2022-777287.html\" data-type=\"link\" data-id=\"https:\/\/johanhalvorsen.no\/artister-2022-777287.html\" target=\"_blank\" rel=\"noreferrer noopener\">Halvorsen Music Festival<\/a><\/p>\n<\/details>\n\n\n\n<details class=\"wp-block-details is-layout-flow wp-block-details-is-layout-flow\"><summary>02.03.24 Kongsberg Church (NO)<\/summary>\n<p>12 pm &#8211; Recital at the historical Gloger organ (1865) with two students from NMH<\/p>\n<\/details>\n\n\n\n<details class=\"wp-block-details is-layout-flow wp-block-details-is-layout-flow\"><summary>28.01.24 Eftel\u00f8t Church (NO); <a href=\"https:\/\/www.glogerfestspillene.no\/arrangement\/yaga-konsert\/\" data-type=\"link\" data-id=\"https:\/\/www.glogerfestspillene.no\/arrangement\/yaga-konsert\/\" target=\"_blank\" rel=\"noreferrer noopener\">Gloger Festival 2024<\/a><\/summary>\n<p>3 pm &#8211; <a href=\"https:\/\/www.glogerfestspillene.no\/arrangement\/yaga-konsert\/\" data-type=\"link\" data-id=\"https:\/\/www.glogerfestspillene.no\/arrangement\/yaga-konsert\/\" target=\"_blank\" rel=\"noreferrer noopener\">Recital with two other YAGA-students during the Gloger Festival 2024<\/a><\/p>\n<\/details>\n\n\n\n<details class=\"wp-block-details is-layout-flow wp-block-details-is-layout-flow\"><summary>25.01.24 Eftel\u00f8t Church (NO); <a href=\"https:\/\/www.glogerfestspillene.no\/arrangement\/orgelhalvtimen-torsdag\/\" data-type=\"link\" data-id=\"https:\/\/www.glogerfestspillene.no\/arrangement\/orgelhalvtimen-torsdag\/\" target=\"_blank\" rel=\"noreferrer noopener\">Gloger Festival 2024<\/a><\/summary>\n<p>8:30 am &#8211; <a href=\"https:\/\/www.glogerfestspillene.no\/arrangement\/orgelhalvtimen-torsdag\/\" data-type=\"link\" data-id=\"https:\/\/www.glogerfestspillene.no\/arrangement\/orgelhalvtimen-torsdag\/\" target=\"_blank\" rel=\"noreferrer noopener\">Recital with one other YAGA-student during the Gloger Festival 2024<\/a><\/p>\n<\/details>\n\n\n\n<details class=\"wp-block-details is-layout-flow wp-block-details-is-layout-flow\"><summary>25.11.23 Oslo Cathedral (NO)<\/summary>\n<p>3 pm &amp; 6 pm &#8211; <a href=\"https:\/\/www.barrattdue.no\/event\/barratt-dues-julekonsert-i-oslo-domkirke-kl-15-00\/\" data-type=\"link\" data-id=\"https:\/\/www.barrattdue.no\/event\/barratt-dues-julekonsert-i-oslo-domkirke-kl-15-00\/\" target=\"_blank\" rel=\"noreferrer noopener\">Organist at Barratt Dues two Christmas concerts<\/a><\/p>\n<\/details>\n\n\n\n<details class=\"wp-block-details is-layout-flow wp-block-details-is-layout-flow\"><summary>05.11.23 Larvik Church (NO)<\/summary>\n<p>11 am &#8211; <a href=\"https:\/\/www.kirken.no\/nn-NO\/fellesrad\/larvik\/menighetsside\/larvik_menighet\/oppslagstavle\/allehelgen%20larvik\/\" data-type=\"link\" data-id=\"https:\/\/www.kirken.no\/nn-NO\/fellesrad\/larvik\/menighetsside\/larvik_menighet\/oppslagstavle\/allehelgen%20larvik\/\" target=\"_blank\" rel=\"noreferrer noopener\">Organist during performance of <strong>Faur\u00e9&#8217;s Requiem<\/strong> with Larvik Cantori<\/a><\/p>\n<\/details>\n\n\n\n<details class=\"wp-block-details is-layout-flow wp-block-details-is-layout-flow\"><summary>30.10.23 Norwegian Academy of Music<\/summary>\n<p>6 pm &#8211; Piano soloist and accompanist during Lindeman anniversary concert &laquo;N\u00e4stan som att h\u00f6ra Bach sj\u00e4lv&raquo; &#8211; en kulturhistorisk vandring i Lindekvinner- og menns historie<\/p>\n<\/details>\n\n\n\n<details class=\"wp-block-details is-layout-flow wp-block-details-is-layout-flow\"><summary>21.09.23 <a href=\"https:\/\/nordreskoyenhovedgard.no\/\" target=\"_blank\" rel=\"noreferrer noopener\">Nordre Sk\u00f8yen Hovedg\u00e5rd<\/a> (NO)<\/summary>\n<p>7 pm &#8211; Private piano concert<\/p>\n<\/details>\n\n\n\n<details class=\"wp-block-details is-layout-flow wp-block-details-is-layout-flow\"><summary>15.09.23 Oslo Cathedral (NO); Oslo Culture Night 2023<\/summary>\n<p>9:15 pm &#8211; J. S. Bach Cantata &laquo;Vergn\u00fcgte Ruh, beliebte Seelenlust&raquo; BWV 170<\/p>\n\n\n\n<p>Soloist: B\u00e5rd Elias Nyst\u00f8yl<\/p>\n\n\n\n<p>Organ: Victoria Ulriksen<\/p>\n\n\n\n<p>Violin: Erik Carrasco-Isachsen &amp; Maria Rui Eriksson<\/p>\n\n\n\n<p>Viola: Hjalmar Bjerner<\/p>\n<\/details>\n\n\n\n<details class=\"wp-block-details is-layout-flow wp-block-details-is-layout-flow\"><summary>20.08.23 Hochschule f\u00fcr Musik Leipzig (DE)<\/summary>\n<p>Soloist at student concert at the European Organ Academy in the Chamber Music Hall<\/p>\n<\/details>\n\n\n\n<details class=\"wp-block-details is-layout-flow wp-block-details-is-layout-flow\"><summary>13.08.23 Hochschule f\u00fcr Musik Leipzig (DE)<\/summary>\n<p>6 pm &#8211; Soloist at student concert at the European Organ Academy in the Chamber Music Hall<\/p>\n<\/details>\n\n\n\n<details class=\"wp-block-details is-layout-flow wp-block-details-is-layout-flow\"><summary>15.08.23 <strong>Evangelische Stadtkirche St. Wenzel<\/strong>, Naumburg (DE)<\/summary>\n<p>12 pm &#8211; Played the closing of a lunchtime concert at <a href=\"https:\/\/www.saale-unstrut-tourismus.de\/en\/sehenswertes\/stadtkirche-st-wenzel-mit-hildebrandt-orgel\/\" data-type=\"link\" data-id=\"https:\/\/www.saale-unstrut-tourismus.de\/en\/sehenswertes\/stadtkirche-st-wenzel-mit-hildebrandt-orgel\/\" target=\"_blank\" rel=\"noreferrer noopener\">Hildebrandt Bach organ<\/a>, the largest organ Bach played that is still in operation<\/p>\n<\/details>\n\n\n\n<details class=\"wp-block-details is-layout-flow wp-block-details-is-layout-flow\"><summary>08.08.23 Neue Propsteikirche, Leipzig (DE)<\/summary>\n<p>Soloist at a student concert at the European Organ Academy<\/p>\n<\/details>\n\n\n\n<details class=\"wp-block-details is-layout-flow wp-block-details-is-layout-flow\"><summary>30.07.23 Stadtpfarrkirche Kitzb\u00fchel (AT)<\/summary>\n<p>Played parts of Catholic mass<\/p>\n<\/details>\n\n\n\n<details class=\"wp-block-details is-layout-flow wp-block-details-is-layout-flow\"><summary>29.07.23 Stadtpfarrkirche Kitzb\u00fchel (AT)<\/summary>\n<p>Finalist Maria Hofer Wettbewerb, and <strong>winner of the audience award<\/strong><\/p>\n<\/details>\n\n\n\n<details class=\"wp-block-details is-layout-flow wp-block-details-is-layout-flow\"><summary>27.07:23 Pfarrkirche in Hopfgarten in Brixental (AT)<\/summary>\n<p>Qualification Maria Hofer Wettbewerb<\/p>\n<\/details>\n\n\n\n<details class=\"wp-block-details is-layout-flow wp-block-details-is-layout-flow\"><summary>22.07.23 Franziskanerkirche; <strong>Salzburg Festspiele (AT)<\/strong><\/summary>\n<p>Played at the concert by Prof. Lucke&#8217;s students (Mozarteum University)<\/p>\n<\/details>\n\n\n\n<details class=\"wp-block-details is-layout-flow wp-block-details-is-layout-flow\"><summary>16.07.23 <strong><a href=\"https:\/\/www.dompfarrei.li\/\" target=\"_blank\" rel=\"noreferrer noopener\">St. Florin Cathedral in Vaduz<\/a>, Liechtenstein<\/strong> (FL)<\/summary>\n<p>Played part of a concert with students at Internationale maeiserkurse Vaduz<\/p>\n<\/details>\n\n\n\n<details class=\"wp-block-details is-layout-flow wp-block-details-is-layout-flow\"><summary>15.07.23 <strong><a href=\"https:\/\/de.wikipedia.org\/wiki\/Evangelische_Kirche_Bad_Ragaz\" data-type=\"link\" data-id=\"https:\/\/de.wikipedia.org\/wiki\/Evangelische_Kirche_Bad_Ragaz\" target=\"_blank\" rel=\"noreferrer noopener\">The Evangelical Church of Bad Ragaz<\/a><\/strong> (CH)<\/summary>\n<p>Played at the class concert the Internationale maeiserkurse Vaduz<\/p>\n<\/details>\n\n\n\n<details class=\"wp-block-details is-layout-flow wp-block-details-is-layout-flow\"><summary>30.04.23 Steinway &amp; Sons Nordic Junior Piano Competition Arvika (SE)<\/summary>\n<p>Finalist in the Steinway &amp; Sons Competition<\/p>\n<\/details>\n\n\n\n<details class=\"wp-block-details is-layout-flow wp-block-details-is-layout-flow\"><summary>27.04.23 Norwegian Academy of Music (NO); &laquo;<a href=\"https:\/\/nmh.no\/konserter\/historiske-klanger\" target=\"_blank\" rel=\"noreferrer noopener\">Historical Sounds<\/a>&raquo; at the fortepiano<\/summary>\n<p>Fortepiano recital &laquo;Historical Sounds&raquo;<\/p>\n<\/details>\n\n\n\n<details class=\"wp-block-details is-layout-flow wp-block-details-is-layout-flow\"><summary>19.04.23 <a href=\"https:\/\/nordreskoyenhovedgard.no\/\" target=\"_blank\" rel=\"noreferrer noopener\">Nordre Sk\u00f8yen Hovedg\u00e5rd<\/a> (NO)<\/summary>\n<p>Privat piano concert at <a href=\"https:\/\/www.facebook.com\/events\/787712009648278\/?acontext=%7B%22event_action_history%22%3A%5b%7B%22surface%22%3A%22group%22%7D%5d%7D&amp;locale=nb_NO\" target=\"_blank\" rel=\"noreferrer noopener\">Historical lecture about the early 19th century<\/a><\/p>\n<\/details>\n\n\n\n<details class=\"wp-block-details is-layout-flow wp-block-details-is-layout-flow\"><summary>06.04.23 Norwegian Academy of Music (NO)<\/summary>\n<p>Piano soloist \u201cTraining for Young\u201d <a href=\"https:\/\/nmh.no\/konserter\/tups-sommerkonsert-2023\" data-type=\"link\" data-id=\"https:\/\/nmh.no\/konserter\/tups-sommerkonsert-2023\" target=\"_blank\" rel=\"noreferrer noopener\">summer concert<\/a><\/p>\n<\/details>\n\n\n\n<details class=\"wp-block-details is-layout-flow wp-block-details-is-layout-flow\"><summary>02.03.23 Kols\u00e5s senior center (NO)<\/summary>\n<p>Private piano concert<\/p>\n<\/details>\n\n\n\n<details class=\"wp-block-details is-layout-flow wp-block-details-is-layout-flow\"><summary>03.12.22 Oslo Cathedral (NO)<\/summary>\n<p>Organist at Barratt Dues 2 Christmas concerts<\/p>\n<\/details>\n\n\n\n<details class=\"wp-block-details is-layout-flow wp-block-details-is-layout-flow\"><summary>02.12.22 Oslo Cathedral (NO)<\/summary>\n<p><strong>Organist and soloist at Oslo Cathedral Boys&#8217; Choirs Christmas concert<\/strong><\/p>\n<\/details>\n\n\n\n<details class=\"wp-block-details is-layout-flow wp-block-details-is-layout-flow\"><summary>27.10.22 Norwegian Academy of Music (NO); Fortepiano in <a href=\"https:\/\/nmh.no\/konserter\/hammarklaver-i-c-moll\" data-type=\"link\" data-id=\"https:\/\/nmh.no\/konserter\/hammarklaver-i-c-moll\" target=\"_blank\" rel=\"noreferrer noopener\">C-minor<\/a><\/summary>\n<p>Recital &laquo;Fortepiano in <a href=\"https:\/\/nmh.no\/konserter\/hammarklaver-i-c-moll\" data-type=\"link\" data-id=\"https:\/\/nmh.no\/konserter\/hammarklaver-i-c-moll\" target=\"_blank\" rel=\"noreferrer noopener\">C-minor<\/a>&laquo;<\/p>\n<\/details>\n\n\n\n<details class=\"wp-block-details is-layout-flow wp-block-details-is-layout-flow\"><summary>19.10.22 Slettebakken Church (NO); Award concert &#8211; <strong><a href=\"https:\/\/www.facebook.com\/photo\/?fbid=780125339742568&amp;set=ecnf.100032353283821&amp;paipv=0&amp;eav=AfYP2IjN0PAyDkwC1te4-h4Ks_3W8zeNl2WXkrWwqYkb5LUFR_aRCNaX0rStQGJf2QQ&amp;_rdr\" data-type=\"link\" data-id=\"https:\/\/www.facebook.com\/photo\/?fbid=780125339742568&amp;set=ecnf.100032353283821&amp;paipv=0&amp;eav=AfYP2IjN0PAyDkwC1te4-h4Ks_3W8zeNl2WXkrWwqYkb5LUFR_aRCNaX0rStQGJf2QQ&amp;_rdr\" target=\"_blank\" rel=\"noreferrer noopener\">winner of the Olav \u00d8gaard commemorative award<\/a><\/strong><\/summary>\n<p>Award concert &#8211; <strong><a href=\"https:\/\/www.facebook.com\/photo\/?fbid=780125339742568&amp;set=ecnf.100032353283821&amp;paipv=0&amp;eav=AfYP2IjN0PAyDkwC1te4-h4Ks_3W8zeNl2WXkrWwqYkb5LUFR_aRCNaX0rStQGJf2QQ&amp;_rdr\" data-type=\"link\" data-id=\"https:\/\/www.facebook.com\/photo\/?fbid=780125339742568&amp;set=ecnf.100032353283821&amp;paipv=0&amp;eav=AfYP2IjN0PAyDkwC1te4-h4Ks_3W8zeNl2WXkrWwqYkb5LUFR_aRCNaX0rStQGJf2QQ&amp;_rdr\" target=\"_blank\" rel=\"noreferrer noopener\">winner of the Olav \u00d8gaard commemorative award<\/a><\/strong><\/p>\n<\/details>\n\n\n\n<details class=\"wp-block-details is-layout-flow wp-block-details-is-layout-flow\"><summary>07.10.22 Oslo Cathedral (NO); Fortepiano at <a href=\"https:\/\/www.kirken.no\/nn-NO\/fellesrad\/kirkeneioslo\/menigheter\/oslo-domkirken\/Aktuelt\/2020\/2020-11-07%20beethoven_maraton\/\" data-type=\"link\" data-id=\"https:\/\/www.kirken.no\/nn-NO\/fellesrad\/kirkeneioslo\/menigheter\/oslo-domkirken\/Aktuelt\/2020\/2020-11-07%20beethoven_maraton\/\" target=\"_blank\" rel=\"noreferrer noopener\">Beethoven marathon<\/a><\/summary>\n<p>Fortepiano at <a href=\"https:\/\/www.kirken.no\/nn-NO\/fellesrad\/kirkeneioslo\/menigheter\/oslo-domkirken\/Aktuelt\/2020\/2020-11-07%20beethoven_maraton\/\" data-type=\"link\" data-id=\"https:\/\/www.kirken.no\/nn-NO\/fellesrad\/kirkeneioslo\/menigheter\/oslo-domkirken\/Aktuelt\/2020\/2020-11-07%20beethoven_maraton\/\" target=\"_blank\" rel=\"noreferrer noopener\">Beethoven marathon<\/a> (played 1 of his 32 sonatas)<\/p>\n<\/details>\n\n\n\n<details class=\"wp-block-details is-layout-flow wp-block-details-is-layout-flow\"><summary>16.09.22 Oslo Cathedral (NO)<\/summary>\n<p>Organ and piano at Oslo Culture Night<\/p>\n<\/details>\n\n\n\n<details class=\"wp-block-details is-layout-flow wp-block-details-is-layout-flow\"><summary>10.09.22 Stadtpfarrkirche Kitzb\u00fchel (AT)<\/summary>\n<p>Finalist Maria Hofer Wettbewerb<\/p>\n<\/details>\n\n\n\n<details class=\"wp-block-details is-layout-flow wp-block-details-is-layout-flow\"><summary>08.09.22 Pfarrkirche in Hopfgarten in Brixental (AT)<\/summary>\n<p>Qualification Maria Hofer Wettbewerb<\/p>\n<\/details>\n\n\n\n<details class=\"wp-block-details is-layout-flow wp-block-details-is-layout-flow\"><summary>23.07.22 Franziskanerkirche; <strong>Salzburg Festspiele (AT)<\/strong><\/summary>\n<p>Opened the concert of Prof. Lucke&#8217;s students (Mozarteum University)<\/p>\n<\/details>\n\n\n\n<details class=\"wp-block-details is-layout-flow wp-block-details-is-layout-flow\"><summary>22-29.05.22 The Norwegian Opera &amp; Ballet (NO)<\/summary>\n<p>Organist at 6 opera performances of Britten: <a href=\"https:\/\/www.operaen.no\/globalassets\/forestillinger\/21-22\/opera\/noahs-ark\/publikumsrolleliste-noahs-ark.pdf\" data-type=\"link\" data-id=\"https:\/\/www.operaen.no\/globalassets\/forestillinger\/21-22\/opera\/noahs-ark\/publikumsrolleliste-noahs-ark.pdf\" target=\"_blank\" rel=\"noreferrer noopener\">Noah&#8217;s Ark<\/a><\/p>\n<\/details>\n\n\n\n<details class=\"wp-block-details is-layout-flow wp-block-details-is-layout-flow\"><summary>27.11.21 Oslo Cathedral (NO)<\/summary>\n<p>Organist at Barratt Dues 2 Christmas concerts<\/p>\n<\/details>\n\n\n\n<details class=\"wp-block-details is-layout-flow wp-block-details-is-layout-flow\"><summary>16.10.21 Stavanger Concert Hall (NO)<\/summary>\n<p><strong>Played<\/strong> <strong>the<\/strong> <strong>world premiere of Nils Henrik Aasheim&#8217;s commissioned work &laquo;See The Forest<\/strong>&raquo; at a recital organized by &laquo;Instruments in Focus&raquo;<\/p>\n<\/details>\n\n\n\n<details class=\"wp-block-details is-layout-flow wp-block-details-is-layout-flow\"><summary>14.04.21 Sofienberg Church (NO); Oslo Chamber Music Festival<\/summary>\n<p>Recital with NUSO orchestra<\/p>\n<\/details>\n\n\n\n<details class=\"wp-block-details is-layout-flow wp-block-details-is-layout-flow\"><summary>13.04.21 H\u00f8nefoss Church (NO)<\/summary>\n<p>Piano with NUSO orchestra<\/p>\n<\/details>\n\n\n\n<details class=\"wp-block-details is-layout-flow wp-block-details-is-layout-flow\"><summary>20.07.19 Franziskanerkirche; <strong>Salzburg Festspiele (AT)<\/strong><\/summary>\n<p>Opened the concert of Prof. Lucke&#8217;s students (Mozarteum University)<\/p>\n<\/details>\n\n\n\n<details class=\"wp-block-details is-layout-flow wp-block-details-is-layout-flow\"><summary>08.07.19 Stavern Chamber Music Festival (NO)<\/summary>\n<p>Organ soloist at closing concert<\/p>\n<\/details>\n\n\n\n<details class=\"wp-block-details is-layout-flow wp-block-details-is-layout-flow\"><summary>08.07.19 Stavern Chamber Music Festival (NO)<\/summary>\n<p>Four Hands piano with Prof. Liv Glaser<\/p>\n<\/details>\n\n\n\n<details class=\"wp-block-details is-layout-flow wp-block-details-is-layout-flow\"><summary>24.03.19 Halvorsen Music Festival (NO)<\/summary>\n<p>Organ solist at closing concert<\/p>\n<\/details>\n\n\n\n<details class=\"wp-block-details is-layout-flow wp-block-details-is-layout-flow\"><summary>20.01.19 Norwegian Academy of Music (NO)<\/summary>\n<p>Organ in Norwegian Youth Music Championship; <a href=\"https:\/\/vltv.videomarketingplatform.co\/video\/43771819\/victoria-12-kanskje-nar-jeg-sa\" target=\"_blank\" rel=\"noreferrer noopener\"><strong>1st prize winner in the national final<\/strong><\/a><\/p>\n<\/details>\n\n\n\n<p><\/p>\n<\/blockquote>\n","protected":false},"excerpt":{"rendered":"","protected":false},"author":1,"featured_media":0,"parent":0,"menu_order":0,"comment_status":"closed","ping_status":"closed","template":"page-no-title","meta":{"footnotes":""},"class_list":["post-2","page","type-page","status-publish","hentry"],"_links":{"self":[{"href":"https:\/\/victoriaulriksen.no\/index.php?rest_route=\/wp\/v2\/pages\/2","targetHints":{"allow":["GET"]}}],"collection":[{"href":"https:\/\/victoriaulriksen.no\/index.php?rest_route=\/wp\/v2\/pages"}],"about":[{"href":"https:\/\/victoriaulriksen.no\/index.php?rest_route=\/wp\/v2\/types\/page"}],"author":[{"embeddable":true,"href":"https:\/\/victoriaulriksen.no\/index.php?rest_route=\/wp\/v2\/users\/1"}],"replies":[{"embeddable":true,"href":"https:\/\/victoriaulriksen.no\/index.php?rest_route=%2Fwp%2Fv2%2Fcomments&post=2"}],"version-history":[{"count":338,"href":"https:\/\/victoriaulriksen.no\/index.php?rest_route=\/wp\/v2\/pages\/2\/revisions"}],"predecessor-version":[{"id":1211,"href":"https:\/\/victoriaulriksen.no\/index.php?rest_route=\/wp\/v2\/pages\/2\/revisions\/1211"}],"wp:attachment":[{"href":"https:\/\/victoriaulriksen.no\/index.php?rest_route=%2Fwp%2Fv2%2Fmedia&parent=2"}],"curies":[{"name":"wp","href":"https:\/\/api.w.org\/{rel}","templated":true}]}}