{"id":1044,"date":"2026-01-06T20:49:23","date_gmt":"2026-01-06T20:49:23","guid":{"rendered":"https:\/\/victoriaulriksen.no\/?page_id=1044"},"modified":"2026-04-06T16:43:00","modified_gmt":"2026-04-06T16:43:00","slug":"1044-2","status":"publish","type":"page","link":"https:\/\/victoriaulriksen.no\/?page_id=1044","title":{"rendered":"Vita"},"content":{"rendered":"\n<div class=\"wp-block-group alignfull has-base-2-background-color has-background has-global-padding is-layout-constrained wp-container-core-group-is-layout-669513ed wp-block-group-is-layout-constrained\" style=\"margin-top:0;margin-bottom:0;padding-top:var(--wp--preset--spacing--50);padding-right:var(--wp--preset--spacing--50);padding-bottom:var(--wp--preset--spacing--50);padding-left:var(--wp--preset--spacing--50)\">\n<div class=\"wp-block-group is-vertical is-content-justification-center is-layout-flex wp-container-core-group-is-layout-52b864f0 wp-block-group-is-layout-flex\">\n<h2 class=\"wp-block-heading has-text-align-center is-style-asterisk\">Biography<\/h2>\n<\/div>\n\n\n\n<div style=\"margin-top:0;margin-bottom:0;height:var(--wp--preset--spacing--40)\" aria-hidden=\"true\" class=\"wp-block-spacer\"><\/div>\n\n\n\n<div class=\"wp-block-columns alignwide is-layout-flex wp-container-core-columns-is-layout-d0bbbce0 wp-block-columns-is-layout-flex\">\n<div class=\"wp-block-column is-layout-flow wp-container-core-column-is-layout-e3d1c41b wp-block-column-is-layout-flow\">\n<h3 class=\"wp-block-heading has-text-align-left is-style-asterisk has-body-font-family has-medium-font-size\" style=\"font-style:normal;font-weight:600\">NORSK biografi<\/h3>\n\n\n\n<p><strong>Victoria Ulriksen<\/strong>&nbsp;(f. 2006) studerer ut\u00f8vende orgel p\u00e5 bachelorstudiet ved Hochschule f\u00fcr Musik und Theater Leipzig hos professor Martin Schmeding, parallelt med kirkemusikk p\u00e5 bachelorstudiet ved Norges musikkh\u00f8gskole hos professor K\u00e5re Nordstoga. Hun studerer ogs\u00e5 hammerklaver og moderne klaver hos professor emerita Liv Glaser.<\/p>\n\n\n\n<p>Hun har mottatt priser i konkurranser i b\u00e5de inn- og utland, og mottar jevnlig st\u00f8tte og stipend fra blant annet Jansons Legat, Tom Wilhelmsens stiftelse og Fegerstens stiftelse. Hun mottok Forsberg og Aulies musikerstipend i 2025.<\/p>\n\n\n\n<p>Victoria debuterte allerede som 15-\u00e5ring i Oslo Domkirke, og utenlands i 2023 p\u00e5 Skandinavias eneste Cavaill\u00e9-Coll orgel i K\u00f8benhavn. Hun har siden spilt konserter i Westminster Abbey, Nidarosdomen og Fraum\u00fcnster Z\u00fcrich.<\/p>\n\n\n\n<p>Victoria har spilt p\u00e5 en rekke festivaler som Oslo Internasjonale Kirkemusikkfestival,&nbsp;<em>Festival Internacional de \u00d3rg\u00e3o e M\u00fasica Sacra<\/em>, International Organ Summer Karlsruhe og Nordisk Kirkemusikkfestival. Hun har \u00e5pnet Salzburg Festspiele 4 ganger.<\/p>\n\n\n\n<p>I 2026 spiller hun blant annet i St. Paul\u2019s Cathedral London, Saint-Ouen Abbey, Grote of St.-Bavokerk Haarlem, Hildebrandt &laquo;Bach&raquo; orgelet i St. Wenzel Naumburg og Westminster Abbey, samt p\u00e5 festivaler som Festspillene i Bergen,&nbsp;<em>OrgelGlanzLichter<\/em>&nbsp;og Internationaler Orgelsommer N\u00fcrnberg p\u00e5 Europas tredje st\u00f8rste orgel. Hun startet \u00e5ret med to utsolgte nytt\u00e5rskonserter i Stockholm Stadshus.<\/p>\n\n\n\n<p>Victoria representerer Norge under Nordisk Kirkemusikksymposium i 2028. Hun spiller p\u00e5 den Internasjonale Orgelsommeren&nbsp;i&nbsp;Hallgr\u00edmskirkja&nbsp;2027 og en orgelkonsert i Notre-Dame de Paris i 2029.<\/p>\n<\/div>\n\n\n\n<div class=\"wp-block-column is-layout-flow wp-container-core-column-is-layout-e3d1c41b wp-block-column-is-layout-flow\">\n<h3 class=\"wp-block-heading has-text-align-left is-style-asterisk has-body-font-family has-medium-font-size\" style=\"font-style:normal;font-weight:700\">ENGLISH biography<\/h3>\n\n\n\n<p><strong>Victoria Ulriksen<\/strong>&nbsp;(b. 2006) studies organ in her bachelor\u2019s degree at the Hochschule f\u00fcr Musik und Theater Leipzig with professor dr. Martin Schmeding, in parallel with church music in her bachelor\u2019s degree at the Norwegian Academy of Music with professor K\u00e5re Nordstoga. She also studies fortepiano and modern piano with professor emerita Liv Glaser.<\/p>\n\n\n\n<p>She has received prizes in competitions both at home and abroad, and regularly receives support and scholarships from Jansons Foundation, Tom Wilhelmsens Foundation and Fegerstens Foundation. She received Forsberg and Aulies Musician Grant in 2025.<\/p>\n\n\n\n<p>Victoria gave her debut recital at age 15 in Oslo Cathedral, and abroad in 2023 on Scandinavia\u2019s only Cavaill\u00e9-Coll organ in Copenhagen. She has later played recitals in Westminster Abbey, Nidaros Cathedral and Fraum\u00fcnster Z\u00fcrich.<\/p>\n\n\n\n<p>Victoria has played at a number of festivals such as the Oslo International Church Music Festival,<em>&nbsp;Festival Internacional de \u00d3rg\u00e3o e M\u00fasica Sacra<\/em>, International Organ Summer Karlsruhe, and the Nordic Church Music Festival. She has also opened the Salzburg Festival 4 times.<\/p>\n\n\n\n<p class=\"has-text-align-left\">She will play in 2026 at venues like St. Paul\u2019s Cathedral London, Saint-Ouen Abbey, Grote of St.-Bavokerk Haarlem, the Hildebrant &laquo;Bach&raquo; organ in St. Wenzel Naumburg and Westminster Abbey, and at festivals like Bergen International Festival,&nbsp;<em>OrgelGlanzLichter<\/em>&nbsp;and Internationaler Orgelsommer N\u00fcrnberg at the 3rd largest organ in Europe. She started the year by playing the traditional New Year\u2019s concerts in Stockholm City Hall with two full audiences. <\/p>\n\n\n\n<p class=\"has-text-align-left\">Victoria will represent Norway at the Nordic Church Music Symposium in 2028. She will play during the International Organ Summer in Hallgr\u00edmskirkja&nbsp;2027, and an organ recital in Notre-Dame de Paris in 2029.<\/p>\n<\/div>\n\n\n\n<div class=\"wp-block-column is-layout-flow wp-container-core-column-is-layout-e3d1c41b wp-block-column-is-layout-flow\">\n<h3 class=\"wp-block-heading has-text-align-left is-style-asterisk has-body-font-family has-medium-font-size\" style=\"font-style:normal;font-weight:700\">DEUTCHE Biographie<\/h3>\n\n\n\n<p class=\"has-text-align-left\"><strong>Victoria Ulriksen<\/strong>&nbsp;(geb. 2006) studiert Orgel im Bachelorstudiengang an der Hochschule f\u00fcr Musik und Theater Leipzig bei Prof. Dr. Martin Schmeding, parallel dazu Kirchenmusik im Bachelorstudiengang an der Norwegischen Musikhochschule bei Prof. K\u00e5re Nordstoga. Zudem studiert sie Hammerklavier und modernes Klavier bei Professor emerita Liv Glaser.<\/p>\n\n\n\n<p>Sie wurde bei Wettbewerben im In- und Ausland mehrfach ausgezeichnet, darunter mit dem 1. Preis im Finale der Jugendmusikwettbewerbe sowie mit dem Publikumspreis beim Internationalen Maria-Hofer-Orgelwettbewerb 2023. Dar\u00fcber hinaus erhielt sie F\u00f6rderungen und Stipendien von der Jansons-Stiftung, der Tom-Wilhelmsen-Stiftung und der Fegersten-Stiftung.<\/p>\n\n\n\n<p>Victoria gab ihr Deb\u00fctkonzert im Alter von 15 Jahren im Osloer Dom sowie 2023 im Ausland an Skandinaviens einziger Cavaill\u00e9-Coll-Orgel in Kopenhagen. Seither konzertierte sie unter anderem in der Westminster Abbey, im Nidarosdom, im Fraum\u00fcnster Z\u00fcrich, im Dom zu Uppsala, im Dom zu Haderslev, in der Westerkerk Amsterdam und im Dom zu Hasselt.<\/p>\n\n\n\n<p>Victoria trat bei zahlreichen Festivals auf, darunter beim Oslo International Church Music Festival, dem Bergen International Organ Festival, der Internationalen Orgelsommer Karlsruhe, dem <em>Festival Internacional de \u00d3rg\u00e3o e M\u00fasica Sacra<\/em> sowie dem Nordic Church Music Festival. Zudem wurde sie von Olivier Latry ausgew\u00e4hlt, im vergangenen Sommer beim Internationalen Orgelfestival Haarlem an der ber\u00fchmten Orgel der St.-Bavo-Kirche zu spielen. Au\u00dferdem er\u00f6ffnete sie viermal die Salzburger Festspiele.<\/p>\n\n\n\n<p class=\"has-text-align-left\">In diesem Jahr konzertiert sie unter anderem in der St. Paul\u2019s Cathedral London, in der Abtei Saint-Ouen, der Grote of St.-Bavokerk Haarlem, dem Dom zu Innsbruck sowie erneut in der Westminster Abbey. Zudem tritt sie bei Festivals wie den Bergen International Festival, <em>OrgelGlanzLichter<\/em> und dem Orgelfestival Ruhr auf. Das Jahr begann sie mit den traditionellen Neujahrskonzerten im Stockholmer Rathaus vor jeweils ausverkauftem Haus. Victoria wird Norwegen beim Nordic Church Music Symposium 2028 vertreten.<\/p>\n<\/div>\n<\/div>\n\n\n\n<div style=\"height:var(--wp--preset--spacing--20)\" aria-hidden=\"true\" class=\"wp-block-spacer\"><\/div>\n<\/div>\n\n\n\n<div class=\"wp-block-group alignfull has-base-2-background-color has-background has-global-padding is-layout-constrained wp-container-core-group-is-layout-669513ed wp-block-group-is-layout-constrained\" style=\"margin-top:0;margin-bottom:0;padding-top:var(--wp--preset--spacing--50);padding-right:var(--wp--preset--spacing--50);padding-bottom:var(--wp--preset--spacing--50);padding-left:var(--wp--preset--spacing--50)\">\n<div class=\"wp-block-group is-vertical is-content-justification-center is-layout-flex wp-container-core-group-is-layout-52b864f0 wp-block-group-is-layout-flex\">\n<h2 class=\"wp-block-heading has-text-align-center is-style-asterisk\">Vita<\/h2>\n<\/div>\n\n\n\n<div style=\"margin-top:0;margin-bottom:0;height:var(--wp--preset--spacing--40)\" aria-hidden=\"true\" class=\"wp-block-spacer\"><\/div>\n\n\n\n<div class=\"wp-block-columns alignwide is-layout-flex wp-container-core-columns-is-layout-d0bbbce0 wp-block-columns-is-layout-flex\">\n<div class=\"wp-block-column is-layout-flow wp-container-core-column-is-layout-e3d1c41b wp-block-column-is-layout-flow\">\n<h3 class=\"wp-block-heading has-text-align-left is-style-asterisk has-body-font-family has-medium-font-size\" style=\"font-style:normal;font-weight:600\">NORSK CV<\/h3>\n\n\n\n<div class=\"wp-block-group has-global-padding is-layout-constrained wp-block-group-is-layout-constrained\">\n<div class=\"wp-block-group has-global-padding is-layout-constrained wp-block-group-is-layout-constrained\">\n<div data-wp-interactive=\"core\/file\" class=\"wp-block-file\"><object data-wp-bind--hidden=\"!state.hasPdfPreview\" hidden class=\"wp-block-file__embed\" data=\"https:\/\/victoriaulriksen.no\/wp-content\/uploads\/2026\/04\/Victoria-Ulriksen-CV-Norsk.pdf\" type=\"application\/pdf\" style=\"width:100%;height:200px\" aria-label=\"Innbygging av Victoria Ulriksen - CV Norsk\"><\/object><a id=\"wp-block-file--media-331be3bd-9275-4da5-ae5b-8fc5bf85a11c\" href=\"https:\/\/victoriaulriksen.no\/wp-content\/uploads\/2026\/04\/Victoria-Ulriksen-CV-Norsk.pdf\">Victoria Ulriksen &#8211; CV Norsk<\/a><a href=\"https:\/\/victoriaulriksen.no\/wp-content\/uploads\/2026\/04\/Victoria-Ulriksen-CV-Norsk.pdf\" class=\"wp-block-file__button wp-element-button\" download aria-describedby=\"wp-block-file--media-331be3bd-9275-4da5-ae5b-8fc5bf85a11c\">Last ned<\/a><\/div>\n<\/div>\n<\/div>\n\n\n\n<p><\/p>\n<\/div>\n\n\n\n<div class=\"wp-block-column is-layout-flow wp-container-core-column-is-layout-e3d1c41b wp-block-column-is-layout-flow\">\n<h3 class=\"wp-block-heading has-text-align-left is-style-asterisk has-body-font-family has-medium-font-size\" style=\"font-style:normal;font-weight:700\">ENGLISH CV<\/h3>\n\n\n\n<div class=\"wp-block-group has-global-padding is-layout-constrained wp-block-group-is-layout-constrained\">\n<div class=\"wp-block-group has-global-padding is-layout-constrained wp-block-group-is-layout-constrained\">\n<div data-wp-interactive=\"core\/file\" class=\"wp-block-file\"><object data-wp-bind--hidden=\"!state.hasPdfPreview\" hidden class=\"wp-block-file__embed\" data=\"https:\/\/victoriaulriksen.no\/wp-content\/uploads\/2026\/04\/Victoria-Ulriksen-CV-English.pdf\" type=\"application\/pdf\" style=\"width:100%;height:200px\" aria-label=\"Innbygging av Victoria Ulriksen - CV English\"><\/object><a id=\"wp-block-file--media-392f8fcb-9de0-4ca5-b11e-3ff15966f9ed\" href=\"https:\/\/victoriaulriksen.no\/wp-content\/uploads\/2026\/04\/Victoria-Ulriksen-CV-English.pdf\">Victoria Ulriksen &#8211; CV English<\/a><a href=\"https:\/\/victoriaulriksen.no\/wp-content\/uploads\/2026\/04\/Victoria-Ulriksen-CV-English.pdf\" class=\"wp-block-file__button wp-element-button\" download aria-describedby=\"wp-block-file--media-392f8fcb-9de0-4ca5-b11e-3ff15966f9ed\">Download<\/a><\/div>\n<\/div>\n<\/div>\n\n\n\n<p><\/p>\n<\/div>\n\n\n\n<div class=\"wp-block-column is-layout-flow wp-container-core-column-is-layout-e3d1c41b wp-block-column-is-layout-flow\">\n<h3 class=\"wp-block-heading has-text-align-left is-style-asterisk has-body-font-family has-medium-font-size\" style=\"font-style:normal;font-weight:700\">DEUTCHE CV<\/h3>\n\n\n\n<div class=\"wp-block-columns is-layout-flex wp-container-core-columns-is-layout-28f84493 wp-block-columns-is-layout-flex\">\n<div class=\"wp-block-column is-layout-flow wp-block-column-is-layout-flow\" style=\"flex-basis:100%\">\n<div class=\"wp-block-group has-global-padding is-layout-constrained wp-block-group-is-layout-constrained\">\n<div class=\"wp-block-group has-global-padding is-layout-constrained wp-block-group-is-layout-constrained\">\n<div class=\"wp-block-group has-global-padding is-layout-constrained wp-block-group-is-layout-constrained\">\n<div data-wp-interactive=\"core\/file\" class=\"wp-block-file\"><object data-wp-bind--hidden=\"!state.hasPdfPreview\" hidden class=\"wp-block-file__embed\" data=\"https:\/\/victoriaulriksen.no\/wp-content\/uploads\/2026\/04\/Victoria-Ulriksen-CV-Deutsch.pdf\" type=\"application\/pdf\" style=\"width:100%;height:200px\" aria-label=\"Innbygging av Victoria Ulriksen - CV Deutsch\"><\/object><a id=\"wp-block-file--media-0b5a2a13-83ee-4ba5-80c4-2ea7ff3f636b\" href=\"https:\/\/victoriaulriksen.no\/wp-content\/uploads\/2026\/04\/Victoria-Ulriksen-CV-Deutsch.pdf\">Victoria Ulriksen &#8211; CV Deutsch<\/a><a href=\"https:\/\/victoriaulriksen.no\/wp-content\/uploads\/2026\/04\/Victoria-Ulriksen-CV-Deutsch.pdf\" class=\"wp-block-file__button wp-element-button\" download aria-describedby=\"wp-block-file--media-0b5a2a13-83ee-4ba5-80c4-2ea7ff3f636b\">Herunterladen<\/a><\/div>\n<\/div>\n<\/div>\n<\/div>\n<\/div>\n<\/div>\n\n\n\n<p class=\"has-text-align-left\"><\/p>\n<\/div>\n<\/div>\n\n\n\n<div style=\"height:var(--wp--preset--spacing--20)\" aria-hidden=\"true\" class=\"wp-block-spacer\"><\/div>\n<\/div>\n","protected":false},"excerpt":{"rendered":"<p>Biography NORSK biografi Victoria Ulriksen&nbsp;(f. 2006) studerer ut\u00f8vende orgel p\u00e5 bachelorstudiet ved Hochschule f\u00fcr Musik und Theater Leipzig hos professor Martin Schmeding, parallelt med kirkemusikk p\u00e5 bachelorstudiet ved Norges musikkh\u00f8gskole hos professor K\u00e5re Nordstoga. Hun studerer ogs\u00e5 hammerklaver og moderne klaver hos professor emerita Liv Glaser. Hun har mottatt priser i konkurranser i b\u00e5de inn- [&hellip;]<\/p>\n","protected":false},"author":1,"featured_media":0,"parent":0,"menu_order":0,"comment_status":"closed","ping_status":"closed","template":"page-no-title","meta":{"footnotes":""},"class_list":["post-1044","page","type-page","status-publish","hentry"],"_links":{"self":[{"href":"https:\/\/victoriaulriksen.no\/index.php?rest_route=\/wp\/v2\/pages\/1044","targetHints":{"allow":["GET"]}}],"collection":[{"href":"https:\/\/victoriaulriksen.no\/index.php?rest_route=\/wp\/v2\/pages"}],"about":[{"href":"https:\/\/victoriaulriksen.no\/index.php?rest_route=\/wp\/v2\/types\/page"}],"author":[{"embeddable":true,"href":"https:\/\/victoriaulriksen.no\/index.php?rest_route=\/wp\/v2\/users\/1"}],"replies":[{"embeddable":true,"href":"https:\/\/victoriaulriksen.no\/index.php?rest_route=%2Fwp%2Fv2%2Fcomments&post=1044"}],"version-history":[{"count":21,"href":"https:\/\/victoriaulriksen.no\/index.php?rest_route=\/wp\/v2\/pages\/1044\/revisions"}],"predecessor-version":[{"id":1209,"href":"https:\/\/victoriaulriksen.no\/index.php?rest_route=\/wp\/v2\/pages\/1044\/revisions\/1209"}],"wp:attachment":[{"href":"https:\/\/victoriaulriksen.no\/index.php?rest_route=%2Fwp%2Fv2%2Fmedia&parent=1044"}],"curies":[{"name":"wp","href":"https:\/\/api.w.org\/{rel}","templated":true}]}}